{"id":6710,"date":"2026-04-23T14:24:41","date_gmt":"2026-04-23T12:24:41","guid":{"rendered":"https:\/\/www.comunicacionyescuela.es\/2026\/?post_type=tribe_events&#038;p=6710"},"modified":"2026-04-23T14:24:41","modified_gmt":"2026-04-23T12:24:41","slug":"proyecto-el-foro-en-la-nube-2","status":"publish","type":"tribe_events","link":"https:\/\/www.comunicacionyescuela.es\/2026\/evento\/proyecto-el-foro-en-la-nube-2\/","title":{"rendered":"Proyecto: \u201cEl Foro en la Nube\u201d"},"content":{"rendered":"<p>Las Tecnolog\u00edas de la Informaci\u00f3n y la Comunicaci\u00f3n son de<br \/>\nvital importancia en el \u00e1mbito escolar (competencia digital), no<br \/>\nen vanoformamos parte de esta sociedad, conocida como de<br \/>\nla Informaci\u00f3n y lasNuevas Tecnolog\u00edas. Por otro lado, el hecho<br \/>\nde desarrollar un pensamiento cr\u00edtico en el alumno es uno de los<br \/>\naspectos recogidos en la competencia social y c\u00edvica. A lo que<br \/>\nse a\u00f1ade la competencia de conciencia y expresiones culturales<br \/>\n(expresi\u00f3n, sensibilidad, sentido est\u00e9tico).<br \/>\nLas tres competencias clave mencionadas son los pilares sobre<br \/>\nlos que se sustenta este proyecto, que toma forma final en la<br \/>\npresentaci\u00f3n de dos concursos:<br \/>\nConcurso: \u201cMi visi\u00f3n del Foro\u201d<br \/>\nEste concurso persigue el objetivo de implicar al m\u00e1ximo al<br \/>\nalumnado en el desarrollo de la imagen digital del Foro. Se<br \/>\npretende que nuestros alumnos y alumnas conozcan a fondo<br \/>\ntodas las actividades presentadas no solo en el XVII Foro, sino<br \/>\ntambi\u00e9n en los proyectos predecesores. A trav\u00e9s de la web del<br \/>\nproyecto acceder\u00e1n a la informaci\u00f3n de que aquellas<br \/>\nDESCRIPCI\u00d3N DEL CONCURSO:<br \/>\nLos alumnos de las materias Digitalizaci\u00f3n de 4\u00baESO y TDAI<br \/>\nde 1\u00ba Bachillerato) acceder\u00e1n a toda la informaci\u00f3n del XVIII<br \/>\nForo y de los anteriores a trav\u00e9s de la web, o bien mediante<br \/>\nsu participaci\u00f3n directa. Con esa informaci\u00f3n editar\u00e1n una<br \/>\nimagen digital que responda a su visi\u00f3n personal del Foro<br \/>\nComunicaci\u00f3n y Escuela.<br \/>\nPARTICIPANTES:<br \/>\nPodr\u00e1n participar en este concurso todos los alumnos del<br \/>\nInstituto Elisa y Luis Villamil que cursen la materia Digitalizaci\u00f3n<br \/>\nde 4\u00ba ESO y TDAI de 1\u00ba Bachillerato.<br \/>\nBASES:<br \/>\n\u00bb Cada participante habr\u00e1 de presentar un solo archivo<br \/>\n(imagen), empleando como formato alguno de los m\u00e1s<br \/>\nusuales en este tipo de archivos multimedia: jpg, png.<br \/>\n\u00bb Los profesores\/as del Departamento de Tecnolog\u00eda<br \/>\nasesorar\u00e1n a su alumnado en la creaci\u00f3n de estos archivos<br \/>\ndigitales, indic\u00e1ndoles las posibles aplicaciones a utilizar.<br \/>\n\u00bb El archivo se enviar\u00e1 al correo electr\u00f3nico del departamento<br \/>\nde Tecnolog\u00edas del centro, y se identificar\u00e1 con el nombre del<br \/>\nalumno.<br \/>\n\u00bb Quedar\u00e1 excluido del concurso todo participante que no sea<br \/>\nalumno de la materia mencionada.<br \/>\n\u00bb Asimismo, se excluir\u00e1n todos los archivos que no hayan sido<br \/>\ndebidamente identificados.<br \/>\n\u00bb Se valorar\u00e1 la originalidad y la calidad de la imagen o p\u00f3ster.<br \/>\n\u00bb La organizaci\u00f3n del Foro se reserva el derecho de publicar los<br \/>\narchivos objeto de participaci\u00f3n en el concurso en la p\u00e1gina<br \/>\nweb del proyecto.<br \/>\nCATEGOR\u00cdAS:<br \/>\nSe establecen dos categor\u00edas:<br \/>\n\u00bb Alumnado de 4\u00ba de ESO que cursa la asignatura de<br \/>\nDigitalizaci\u00f3n.<br \/>\n\u00bb Alumnado de 1\u00ba de Bachillerato que cursa la asignatura de<br \/>\nTDAI.<br \/>\nPLAZOS:<br \/>\nEl periodo de participaci\u00f3n se extiende desde el 1 de mayo hasta<br \/>\nel 15 de noviembre de 2026.<br \/>\nSELECCI\u00d3N DE GANADORES:<br \/>\nUn jurado formado por profesores y profesoras del IES Elisa y Luis<br \/>\nVillamil seleccionar\u00e1 la imagen ganadora del XVIII Foro<br \/>\nPREMIOS:<br \/>\nSe establece un premio por categor\u00eda:<br \/>\n\u00bb Mejor imagen editada del XVIII Foro para el alumnado de<br \/>\nDigitalizaci\u00f3n de 4\u00ba ESO.<br \/>\n\u00bb Mejor imagen editada del XVIII Foro para el alumnado de TDAI<br \/>\nde 1\u00ba Bachillerato.<br \/>\nAmbos premios consistir\u00e1n en un vale para comprar diverso<br \/>\nmaterial educativo.<br \/>\nENTREGA DE PREMIOS:<br \/>\nLos premios se entregar\u00e1n en la ceremonia de clausura del XVIII<br \/>\nForo, que se celebrar\u00e1 el 3 de diciembre de 2026. Los alumnos<br \/>\nganadores ser\u00e1n informados de la hora de la ceremonia de<br \/>\nclausura y entrega de premios.<\/p>\n","protected":false},"excerpt":{"rendered":"<p>Las Tecnolog\u00edas de la Informaci\u00f3n y la Comunicaci\u00f3n son de vital importancia en el \u00e1mbito escolar (competencia digital), no en vanoformamos parte de esta sociedad, conocida como de la Informaci\u00f3n &#8230; <a title=\"Proyecto: \u201cEl Foro en la Nube\u201d\" class=\"read-more\" href=\"https:\/\/www.comunicacionyescuela.es\/2026\/evento\/proyecto-el-foro-en-la-nube-2\/\" aria-label=\"Leer m\u00e1s sobre Proyecto: \u201cEl Foro en la Nube\u201d\">Leer m\u00e1s<\/a><\/p>\n","protected":false},"author":2,"featured_media":0,"template":"","meta":{"ngg_post_thumbnail":0,"_tribe_events_status":"","_tribe_events_status_reason":"","footnotes":""},"tags":[],"tribe_events_cat":[],"class_list":["post-6710","tribe_events","type-tribe_events","status-publish","hentry"],"_links":{"self":[{"href":"https:\/\/www.comunicacionyescuela.es\/2026\/wp-json\/wp\/v2\/tribe_events\/6710","targetHints":{"allow":["GET"]}}],"collection":[{"href":"https:\/\/www.comunicacionyescuela.es\/2026\/wp-json\/wp\/v2\/tribe_events"}],"about":[{"href":"https:\/\/www.comunicacionyescuela.es\/2026\/wp-json\/wp\/v2\/types\/tribe_events"}],"author":[{"embeddable":true,"href":"https:\/\/www.comunicacionyescuela.es\/2026\/wp-json\/wp\/v2\/users\/2"}],"version-history":[{"count":1,"href":"https:\/\/www.comunicacionyescuela.es\/2026\/wp-json\/wp\/v2\/tribe_events\/6710\/revisions"}],"predecessor-version":[{"id":6711,"href":"https:\/\/www.comunicacionyescuela.es\/2026\/wp-json\/wp\/v2\/tribe_events\/6710\/revisions\/6711"}],"wp:attachment":[{"href":"https:\/\/www.comunicacionyescuela.es\/2026\/wp-json\/wp\/v2\/media?parent=6710"}],"wp:term":[{"taxonomy":"post_tag","embeddable":true,"href":"https:\/\/www.comunicacionyescuela.es\/2026\/wp-json\/wp\/v2\/tags?post=6710"},{"taxonomy":"tribe_events_cat","embeddable":true,"href":"https:\/\/www.comunicacionyescuela.es\/2026\/wp-json\/wp\/v2\/tribe_events_cat?post=6710"}],"curies":[{"name":"wp","href":"https:\/\/api.w.org\/{rel}","templated":true}]}}