{"id":6704,"date":"2026-04-23T14:12:41","date_gmt":"2026-04-23T12:12:41","guid":{"rendered":"https:\/\/www.comunicacionyescuela.es\/2026\/?post_type=tribe_events&#038;p=6704"},"modified":"2026-04-23T14:13:47","modified_gmt":"2026-04-23T12:13:47","slug":"ciclo-conversaciones-con-la-biblioteca-nacional-de-espana","status":"publish","type":"tribe_events","link":"https:\/\/www.comunicacionyescuela.es\/2026\/evento\/ciclo-conversaciones-con-la-biblioteca-nacional-de-espana\/","title":{"rendered":"Ciclo \u201cConversaciones con la Biblioteca Nacional de Espa\u00f1a"},"content":{"rendered":"<p>En el marco del proyecto de la presente edici\u00f3n del Foro Comunicaci\u00f3n y Escuela con la Biblioteca Nacional de Espa\u00f1a se organizar\u00e1n dos actos, en los meses de octubre y noviembre,<br \/>\npresentados y dirigidos por el periodista, Jes\u00fas Marchamalo, con el fin de generar un espacio de di\u00e1logo con dos relevantes personalidades del mundo de la cultura, en un intento por conectar diversas experiencias creadoras mediante la palabra, en el medio rural.<br \/>\nBiblioteca Popular Circulante Men\u00e9ndez Pelayo. Castropol. 19 horas<br \/>\nCOLABORA:<br \/>\nBiblioteca Popular Circulante Men\u00e9ndez Pelayo<br \/>\nNota: Oportunamente y a trav\u00e9s de la p\u00e1gina web y de las redes sociales del Foro Comunicaci\u00f3n y Escuela se dar\u00e1n a conocer la fecha y el nombre de las personas invitadas<\/p>\n","protected":false},"excerpt":{"rendered":"<p>En el marco del proyecto de la presente edici\u00f3n del Foro Comunicaci\u00f3n y Escuela con la Biblioteca Nacional de Espa\u00f1a se organizar\u00e1n dos actos, en los meses de octubre y &#8230; <a title=\"Ciclo \u201cConversaciones con la Biblioteca Nacional de Espa\u00f1a\" class=\"read-more\" href=\"https:\/\/www.comunicacionyescuela.es\/2026\/evento\/ciclo-conversaciones-con-la-biblioteca-nacional-de-espana\/\" aria-label=\"Leer m\u00e1s sobre Ciclo \u201cConversaciones con la Biblioteca Nacional de Espa\u00f1a\">Leer m\u00e1s<\/a><\/p>\n","protected":false},"author":2,"featured_media":0,"template":"","meta":{"ngg_post_thumbnail":0,"_tribe_events_status":"","_tribe_events_status_reason":"","footnotes":""},"tags":[],"tribe_events_cat":[74],"class_list":["post-6704","tribe_events","type-tribe_events","status-publish","hentry","tribe_events_cat-proyecto-con-la-biblioteca-nacional-de-espana","cat_proyecto-con-la-biblioteca-nacional-de-espana"],"_links":{"self":[{"href":"https:\/\/www.comunicacionyescuela.es\/2026\/wp-json\/wp\/v2\/tribe_events\/6704","targetHints":{"allow":["GET"]}}],"collection":[{"href":"https:\/\/www.comunicacionyescuela.es\/2026\/wp-json\/wp\/v2\/tribe_events"}],"about":[{"href":"https:\/\/www.comunicacionyescuela.es\/2026\/wp-json\/wp\/v2\/types\/tribe_events"}],"author":[{"embeddable":true,"href":"https:\/\/www.comunicacionyescuela.es\/2026\/wp-json\/wp\/v2\/users\/2"}],"version-history":[{"count":1,"href":"https:\/\/www.comunicacionyescuela.es\/2026\/wp-json\/wp\/v2\/tribe_events\/6704\/revisions"}],"predecessor-version":[{"id":6705,"href":"https:\/\/www.comunicacionyescuela.es\/2026\/wp-json\/wp\/v2\/tribe_events\/6704\/revisions\/6705"}],"wp:attachment":[{"href":"https:\/\/www.comunicacionyescuela.es\/2026\/wp-json\/wp\/v2\/media?parent=6704"}],"wp:term":[{"taxonomy":"post_tag","embeddable":true,"href":"https:\/\/www.comunicacionyescuela.es\/2026\/wp-json\/wp\/v2\/tags?post=6704"},{"taxonomy":"tribe_events_cat","embeddable":true,"href":"https:\/\/www.comunicacionyescuela.es\/2026\/wp-json\/wp\/v2\/tribe_events_cat?post=6704"}],"curies":[{"name":"wp","href":"https:\/\/api.w.org\/{rel}","templated":true}]}}