{"id":6673,"date":"2026-04-23T13:23:17","date_gmt":"2026-04-23T11:23:17","guid":{"rendered":"https:\/\/www.comunicacionyescuela.es\/2026\/?post_type=tribe_events&#038;p=6673"},"modified":"2026-04-23T13:23:17","modified_gmt":"2026-04-23T11:23:17","slug":"coloquio-los-valores-de-san-tirso-de-abres","status":"publish","type":"tribe_events","link":"https:\/\/www.comunicacionyescuela.es\/2026\/evento\/coloquio-los-valores-de-san-tirso-de-abres\/","title":{"rendered":"Coloquio: \u201cLos valores de San Tirso de Abres\u201d"},"content":{"rendered":"<p>INTERVIENEN:<br \/>\n<strong>D\u00f1a. Yolanda Alzu Vicarro<\/strong>. Gerente Agroturismo Ama\u00eddo<br \/>\n<strong>D. Yoel Garc\u00eda Gal\u00e1n<\/strong>. Titular de Eo Activo<br \/>\n<strong>D. Pedro Amago L\u00f3pez<\/strong>. Titular de una explotaci\u00f3n de ganader\u00eda ecol\u00f3gica<br \/>\n<strong>D. \u00c1ngel Miranda Gonz\u00e1lez<\/strong>. Ingeniero Agr\u00f3nomo<br \/>\n<strong>D. \u00c1ngel Prieto Souto<\/strong>. Titular de Quercus rural<br \/>\nMODERA:<br \/>\n<strong>Mar\u00eda Jos\u00e9 Iglesias<\/strong>. Directora del Club de Prensa Asturiana de La Nueva Espa\u00f1a<br \/>\nPRESENTA:<br \/>\n<strong>Luis Felipe Fern\u00e1ndez Garc\u00eda<\/strong>. Coordinador del Foro Comunicaci\u00f3n y Escuela<br \/>\nAuditorio de San Tirso de Abres, 18,30 horas<br \/>\nDirigido a toda la comunidad<br \/>\nCOLABORA:<br \/>\nClub de Prensa Asturiana de La Nueva Espa\u00f1a<\/p>\n","protected":false},"excerpt":{"rendered":"<p>INTERVIENEN: D\u00f1a. Yolanda Alzu Vicarro. Gerente Agroturismo Ama\u00eddo D. Yoel Garc\u00eda Gal\u00e1n. Titular de Eo Activo D. Pedro Amago L\u00f3pez. Titular de una explotaci\u00f3n de ganader\u00eda ecol\u00f3gica D. \u00c1ngel Miranda &#8230; <a title=\"Coloquio: \u201cLos valores de San Tirso de Abres\u201d\" class=\"read-more\" href=\"https:\/\/www.comunicacionyescuela.es\/2026\/evento\/coloquio-los-valores-de-san-tirso-de-abres\/\" aria-label=\"Leer m\u00e1s sobre Coloquio: \u201cLos valores de San Tirso de Abres\u201d\">Leer m\u00e1s<\/a><\/p>\n","protected":false},"author":2,"featured_media":0,"template":"","meta":{"ngg_post_thumbnail":0,"_tribe_events_status":"","_tribe_events_status_reason":"","footnotes":""},"tags":[],"tribe_events_cat":[78],"class_list":["post-6673","tribe_events","type-tribe_events","status-publish","hentry","tribe_events_cat-ciclo-los-valores-de-la-comarca-oscos-eo","cat_ciclo-los-valores-de-la-comarca-oscos-eo"],"_links":{"self":[{"href":"https:\/\/www.comunicacionyescuela.es\/2026\/wp-json\/wp\/v2\/tribe_events\/6673","targetHints":{"allow":["GET"]}}],"collection":[{"href":"https:\/\/www.comunicacionyescuela.es\/2026\/wp-json\/wp\/v2\/tribe_events"}],"about":[{"href":"https:\/\/www.comunicacionyescuela.es\/2026\/wp-json\/wp\/v2\/types\/tribe_events"}],"author":[{"embeddable":true,"href":"https:\/\/www.comunicacionyescuela.es\/2026\/wp-json\/wp\/v2\/users\/2"}],"version-history":[{"count":1,"href":"https:\/\/www.comunicacionyescuela.es\/2026\/wp-json\/wp\/v2\/tribe_events\/6673\/revisions"}],"predecessor-version":[{"id":6675,"href":"https:\/\/www.comunicacionyescuela.es\/2026\/wp-json\/wp\/v2\/tribe_events\/6673\/revisions\/6675"}],"wp:attachment":[{"href":"https:\/\/www.comunicacionyescuela.es\/2026\/wp-json\/wp\/v2\/media?parent=6673"}],"wp:term":[{"taxonomy":"post_tag","embeddable":true,"href":"https:\/\/www.comunicacionyescuela.es\/2026\/wp-json\/wp\/v2\/tags?post=6673"},{"taxonomy":"tribe_events_cat","embeddable":true,"href":"https:\/\/www.comunicacionyescuela.es\/2026\/wp-json\/wp\/v2\/tribe_events_cat?post=6673"}],"curies":[{"name":"wp","href":"https:\/\/api.w.org\/{rel}","templated":true}]}}