{"id":6656,"date":"2026-04-23T12:59:48","date_gmt":"2026-04-23T10:59:48","guid":{"rendered":"https:\/\/www.comunicacionyescuela.es\/2026\/?post_type=tribe_events&#038;p=6656"},"modified":"2026-04-23T12:59:48","modified_gmt":"2026-04-23T10:59:48","slug":"situacion-de-aprendizaje-lecturas-que-suenan","status":"publish","type":"tribe_events","link":"https:\/\/www.comunicacionyescuela.es\/2026\/evento\/situacion-de-aprendizaje-lecturas-que-suenan\/","title":{"rendered":"Situaci\u00f3n de aprendizaje: \u201cLecturas que suenan\u201d"},"content":{"rendered":"<p>Esta situaci\u00f3n de aprendizaje tiene como objetivo conocer la Biblioteca Nacional de Espa\u00f1a, as\u00ed como asistir al Concierto Extraordinario de Navidad, que se celebra cada a\u00f1o en la misma, en Madrid.<br \/>\nDirigido al alumnado de 1\u00ba de Bachillerato<br \/>\nPARTICIPA:<br \/>\nInstituto de Educaci\u00f3n Secundaria Elisa y Luis Villamil<\/p>\n","protected":false},"excerpt":{"rendered":"<p>Esta situaci\u00f3n de aprendizaje tiene como objetivo conocer la Biblioteca Nacional de Espa\u00f1a, as\u00ed como asistir al Concierto Extraordinario de Navidad, que se celebra cada a\u00f1o en la misma, en &#8230; <a title=\"Situaci\u00f3n de aprendizaje: \u201cLecturas que suenan\u201d\" class=\"read-more\" href=\"https:\/\/www.comunicacionyescuela.es\/2026\/evento\/situacion-de-aprendizaje-lecturas-que-suenan\/\" aria-label=\"Leer m\u00e1s sobre Situaci\u00f3n de aprendizaje: \u201cLecturas que suenan\u201d\">Leer m\u00e1s<\/a><\/p>\n","protected":false},"author":2,"featured_media":0,"template":"","meta":{"ngg_post_thumbnail":0,"_tribe_events_status":"","_tribe_events_status_reason":"","footnotes":""},"tags":[],"tribe_events_cat":[74],"class_list":["post-6656","tribe_events","type-tribe_events","status-publish","hentry","tribe_events_cat-proyecto-con-la-biblioteca-nacional-de-espana","cat_proyecto-con-la-biblioteca-nacional-de-espana"],"_links":{"self":[{"href":"https:\/\/www.comunicacionyescuela.es\/2026\/wp-json\/wp\/v2\/tribe_events\/6656","targetHints":{"allow":["GET"]}}],"collection":[{"href":"https:\/\/www.comunicacionyescuela.es\/2026\/wp-json\/wp\/v2\/tribe_events"}],"about":[{"href":"https:\/\/www.comunicacionyescuela.es\/2026\/wp-json\/wp\/v2\/types\/tribe_events"}],"author":[{"embeddable":true,"href":"https:\/\/www.comunicacionyescuela.es\/2026\/wp-json\/wp\/v2\/users\/2"}],"version-history":[{"count":1,"href":"https:\/\/www.comunicacionyescuela.es\/2026\/wp-json\/wp\/v2\/tribe_events\/6656\/revisions"}],"predecessor-version":[{"id":6658,"href":"https:\/\/www.comunicacionyescuela.es\/2026\/wp-json\/wp\/v2\/tribe_events\/6656\/revisions\/6658"}],"wp:attachment":[{"href":"https:\/\/www.comunicacionyescuela.es\/2026\/wp-json\/wp\/v2\/media?parent=6656"}],"wp:term":[{"taxonomy":"post_tag","embeddable":true,"href":"https:\/\/www.comunicacionyescuela.es\/2026\/wp-json\/wp\/v2\/tags?post=6656"},{"taxonomy":"tribe_events_cat","embeddable":true,"href":"https:\/\/www.comunicacionyescuela.es\/2026\/wp-json\/wp\/v2\/tribe_events_cat?post=6656"}],"curies":[{"name":"wp","href":"https:\/\/api.w.org\/{rel}","templated":true}]}}