{"id":6654,"date":"2026-04-23T12:55:39","date_gmt":"2026-04-23T10:55:39","guid":{"rendered":"https:\/\/www.comunicacionyescuela.es\/2026\/?post_type=tribe_events&#038;p=6654"},"modified":"2026-04-23T12:55:39","modified_gmt":"2026-04-23T10:55:39","slug":"taller-sonido-en-movimiento","status":"publish","type":"tribe_events","link":"https:\/\/www.comunicacionyescuela.es\/2026\/evento\/taller-sonido-en-movimiento\/","title":{"rendered":"Taller: \u201cSonido en movimiento\u201d"},"content":{"rendered":"<p>Los estudiantes analizar\u00e1n los avances cient\u00edficos y tecnol\u00f3gicos que condujeron a la primera grabaci\u00f3n y reproducci\u00f3n del sonido durante el siglo XIX. A trav\u00e9s de experimentos, reconstrucciones hist\u00f3ricas y reflexi\u00f3n t\u00e9cnica, comprender\u00e1n c\u00f3mo distintos inventores transformaron fen\u00f3menos f\u00edsicos (vibraci\u00f3n, resonancia, ondas mec\u00e1nicas) en registros permanentes capaces de conservar la voz humana. Se realizar\u00e1 una grabaci\u00f3n en un cilindro de cera y fabricar\u00e1n un fon\u00f3grafo casero en grupos.<br \/>\nIMPARTE:<br \/>\nBiblioteca Nacional de Espa\u00f1a<br \/>\nCOORDINA:<br \/>\nDepartamento de Tecnolog\u00eda del IES Elisa y Luis Villamil<br \/>\nDirigido al alumnado de 4\u00ba de Educaci\u00f3n Secundaria<\/p>\n","protected":false},"excerpt":{"rendered":"<p>Los estudiantes analizar\u00e1n los avances cient\u00edficos y tecnol\u00f3gicos que condujeron a la primera grabaci\u00f3n y reproducci\u00f3n del sonido durante el siglo XIX. A trav\u00e9s de experimentos, reconstrucciones hist\u00f3ricas y reflexi\u00f3n &#8230; <a title=\"Taller: \u201cSonido en movimiento\u201d\" class=\"read-more\" href=\"https:\/\/www.comunicacionyescuela.es\/2026\/evento\/taller-sonido-en-movimiento\/\" aria-label=\"Leer m\u00e1s sobre Taller: \u201cSonido en movimiento\u201d\">Leer m\u00e1s<\/a><\/p>\n","protected":false},"author":2,"featured_media":0,"template":"","meta":{"ngg_post_thumbnail":0,"_tribe_events_status":"","_tribe_events_status_reason":"","footnotes":""},"tags":[],"tribe_events_cat":[75],"class_list":["post-6654","tribe_events","type-tribe_events","status-publish","hentry","tribe_events_cat-talleres-con-la-biblioteca-nacional-de-espana-entre-tinta-y-movimiento","cat_talleres-con-la-biblioteca-nacional-de-espana-entre-tinta-y-movimiento"],"_links":{"self":[{"href":"https:\/\/www.comunicacionyescuela.es\/2026\/wp-json\/wp\/v2\/tribe_events\/6654","targetHints":{"allow":["GET"]}}],"collection":[{"href":"https:\/\/www.comunicacionyescuela.es\/2026\/wp-json\/wp\/v2\/tribe_events"}],"about":[{"href":"https:\/\/www.comunicacionyescuela.es\/2026\/wp-json\/wp\/v2\/types\/tribe_events"}],"author":[{"embeddable":true,"href":"https:\/\/www.comunicacionyescuela.es\/2026\/wp-json\/wp\/v2\/users\/2"}],"version-history":[{"count":1,"href":"https:\/\/www.comunicacionyescuela.es\/2026\/wp-json\/wp\/v2\/tribe_events\/6654\/revisions"}],"predecessor-version":[{"id":6655,"href":"https:\/\/www.comunicacionyescuela.es\/2026\/wp-json\/wp\/v2\/tribe_events\/6654\/revisions\/6655"}],"wp:attachment":[{"href":"https:\/\/www.comunicacionyescuela.es\/2026\/wp-json\/wp\/v2\/media?parent=6654"}],"wp:term":[{"taxonomy":"post_tag","embeddable":true,"href":"https:\/\/www.comunicacionyescuela.es\/2026\/wp-json\/wp\/v2\/tags?post=6654"},{"taxonomy":"tribe_events_cat","embeddable":true,"href":"https:\/\/www.comunicacionyescuela.es\/2026\/wp-json\/wp\/v2\/tribe_events_cat?post=6654"}],"curies":[{"name":"wp","href":"https:\/\/api.w.org\/{rel}","templated":true}]}}