{"id":6640,"date":"2026-04-23T12:35:32","date_gmt":"2026-04-23T10:35:32","guid":{"rendered":"https:\/\/www.comunicacionyescuela.es\/2026\/?post_type=tribe_events&#038;p=6640"},"modified":"2026-04-23T12:35:32","modified_gmt":"2026-04-23T10:35:32","slug":"escape-room-rcp-si-quieres-salir-aprende-a-comprimir","status":"publish","type":"tribe_events","link":"https:\/\/www.comunicacionyescuela.es\/2026\/evento\/escape-room-rcp-si-quieres-salir-aprende-a-comprimir\/","title":{"rendered":"\u201cESCAPE ROOM RCP: si quieres salir aprende a comprimir\u201d"},"content":{"rendered":"<p>INTERVIENEN:<br \/>\n<strong>Dr. David Fern\u00e1ndez Gonzalo<\/strong>. M\u00e9dico del Servicio de Asistencia M\u00e9dica Urgente del Principado de Asturias. Coordinador unidad m\u00f3vil de Jarrio.<br \/>\n<strong>Dra. Elba Diez Garc\u00eda<\/strong>. M\u00e9dica del Servicio de Asistencia M\u00e9dica Urgente del Principado de Asturias. Unidad m\u00f3vil de Jarrio.<br \/>\n<strong>D\u00f1a. Susana Cabrejas Agejas<\/strong>. Enfermera del Servicio de Asistencia M\u00e9dica Urgente del Principado de Asturias. Unidad m\u00f3vil de Jarrio.<br \/>\n<strong>D. Felipe Alfonso Carre\u00f1o Moran<\/strong>. Enfermero del Servicio de Asistencia M\u00e9dica Urgente del Principado de Asturias. Unidad m\u00f3vil de Jarrio.<br \/>\n<strong>D\u00f1a. M\u00aa Eugenia D\u00edaz Fern\u00e1ndez<\/strong>. Enfermera del Servicio de Asistencia M\u00e9dica Urgente del Principado de Asturias. Unidad m\u00f3vil de Jarrio.<br \/>\n<strong>D\u00f1a. M\u00aa Soledad Gonz\u00e1lez Mart\u00ednez<\/strong>. Enfermera del Servicio de Asistencia M\u00e9dica Urgente del Principado de Asturias. Unidad m\u00f3vil de Jarrio.<br \/>\n<strong>Dra. Ana Isabel Fente \u00c1lvarez<\/strong>. M\u00e9dica del Servicio de Asistencia M\u00e9dica Urgente del Principado de Asturias &#8211; unidad m\u00f3vil de Oviedo. Coordinadora de la comisi\u00f3n RCP SAMU Asturias.<br \/>\n<strong>Dr. Richard Francis Houghton Garc\u00eda<\/strong>. M\u00e9dico del Servicio de Asistencia M\u00e9dica Urgente del Principado de Asturias &#8211; Coordinador unidad m\u00f3vil de Oviedo. Miembro de la comisi\u00f3n<br \/>\nRCP SAMU Asturias.<br \/>\n<strong>Dra. Mariana \u00c1lvarez Sierra<\/strong>. M\u00e9dica del Servicio de Asistencia M\u00e9dica Urgente del Principado de Asturias. Miembro de la comisi\u00f3n RCP SAMU Asturias.<br \/>\n<strong>D\u00f1a. Rosario Mart\u00edn Page<\/strong>. Enfermera del Servicio de Asistencia M\u00e9dica Urgente del Principado de Asturias. Miembro de la comisi\u00f3n RCP SAMU Asturias.<br \/>\n<strong>D. Camilo Jos\u00e9 V\u00e1zquez Corbeiras<\/strong>. Enfermero del Servicio de Asistencia M\u00e9dica Urgente del Principado de Asturias &#8211; Centro Coordinador de Urgencias.<br \/>\n<strong>Dra. Sara Carnicero Ramos<\/strong>. Servicio de Pediatr\u00eda del Hospital de Jarrio.<br \/>\n<strong>Dr. Andr\u00e9s Fern\u00e1ndez Vilanova<\/strong>. Servicio de Pediatr\u00eda del Hospital de Jarrio.<br \/>\n<strong>Dra. Laura M\u00edguez Mart\u00edn<\/strong>. Servicio de Pediatr\u00eda del Hospital de Jarrio.<br \/>\n<strong>Dra. Marta P\u00e9rez Alba<\/strong>. Servicio de Pediatr\u00eda del Hospital de Jarrio.<br \/>\n<strong>Dra. Ana Gonz\u00e1lez Acero<\/strong>. Servicio de Pediatr\u00eda del Hospital de Jarrio.<br \/>\n<strong>Dr. Jair Alonso Ferrero<\/strong>. Servicio de Pediatr\u00eda. Centro de Salud de Luarca.<br \/>\nPolideportivo del IES Carmen y Severo Ochoa<br \/>\nDirigido al alumnado de 3\u00ba y 4\u00ba de Educaci\u00f3n Secundaria<\/p>\n","protected":false},"excerpt":{"rendered":"<p>INTERVIENEN: Dr. David Fern\u00e1ndez Gonzalo. M\u00e9dico del Servicio de Asistencia M\u00e9dica Urgente del Principado de Asturias. Coordinador unidad m\u00f3vil de Jarrio. Dra. Elba Diez Garc\u00eda. M\u00e9dica del Servicio de Asistencia &#8230; <a title=\"\u201cESCAPE ROOM RCP: si quieres salir aprende a comprimir\u201d\" class=\"read-more\" href=\"https:\/\/www.comunicacionyescuela.es\/2026\/evento\/escape-room-rcp-si-quieres-salir-aprende-a-comprimir\/\" aria-label=\"Leer m\u00e1s sobre \u201cESCAPE ROOM RCP: si quieres salir aprende a comprimir\u201d\">Leer m\u00e1s<\/a><\/p>\n","protected":false},"author":2,"featured_media":0,"template":"","meta":{"ngg_post_thumbnail":0,"_tribe_events_status":"","_tribe_events_status_reason":"","footnotes":""},"tags":[],"tribe_events_cat":[71],"class_list":["post-6640","tribe_events","type-tribe_events","status-publish","hentry","tribe_events_cat-ies-carmen-y-severo-ochoa","cat_ies-carmen-y-severo-ochoa"],"_links":{"self":[{"href":"https:\/\/www.comunicacionyescuela.es\/2026\/wp-json\/wp\/v2\/tribe_events\/6640","targetHints":{"allow":["GET"]}}],"collection":[{"href":"https:\/\/www.comunicacionyescuela.es\/2026\/wp-json\/wp\/v2\/tribe_events"}],"about":[{"href":"https:\/\/www.comunicacionyescuela.es\/2026\/wp-json\/wp\/v2\/types\/tribe_events"}],"author":[{"embeddable":true,"href":"https:\/\/www.comunicacionyescuela.es\/2026\/wp-json\/wp\/v2\/users\/2"}],"version-history":[{"count":1,"href":"https:\/\/www.comunicacionyescuela.es\/2026\/wp-json\/wp\/v2\/tribe_events\/6640\/revisions"}],"predecessor-version":[{"id":6641,"href":"https:\/\/www.comunicacionyescuela.es\/2026\/wp-json\/wp\/v2\/tribe_events\/6640\/revisions\/6641"}],"wp:attachment":[{"href":"https:\/\/www.comunicacionyescuela.es\/2026\/wp-json\/wp\/v2\/media?parent=6640"}],"wp:term":[{"taxonomy":"post_tag","embeddable":true,"href":"https:\/\/www.comunicacionyescuela.es\/2026\/wp-json\/wp\/v2\/tags?post=6640"},{"taxonomy":"tribe_events_cat","embeddable":true,"href":"https:\/\/www.comunicacionyescuela.es\/2026\/wp-json\/wp\/v2\/tribe_events_cat?post=6640"}],"curies":[{"name":"wp","href":"https:\/\/api.w.org\/{rel}","templated":true}]}}