{"id":6606,"date":"2026-04-23T10:32:28","date_gmt":"2026-04-23T08:32:28","guid":{"rendered":"https:\/\/www.comunicacionyescuela.es\/2026\/?post_type=tribe_events&#038;p=6606"},"modified":"2026-04-23T10:32:28","modified_gmt":"2026-04-23T08:32:28","slug":"sofia-rhei","status":"publish","type":"tribe_events","link":"https:\/\/www.comunicacionyescuela.es\/2026\/evento\/sofia-rhei\/","title":{"rendered":"Sof\u00eda Rhei"},"content":{"rendered":"<p><strong>D\u00f1a. Sof\u00eda Rhei<\/strong>. Escritora<br \/>\nAutora del libro El rostro que te di (Ed. Loqueleo, 2023), le\u00eddo por el alumnado de 3\u00ba de Educaci\u00f3n Secundaria<br \/>\nPRESENTA:<br \/>\n<strong>D\u00f1a. Pilar Otero Cabarcos<\/strong>. Jefa del Departamento de Lengua Castellana del IES Elisa y Luis Villamil<br \/>\nSal\u00f3n de Actos.<br \/>\nDirigido al alumnado de 3\u00ba de Educaci\u00f3n Secundaria<\/p>\n","protected":false},"excerpt":{"rendered":"<p>D\u00f1a. Sof\u00eda Rhei. Escritora Autora del libro El rostro que te di (Ed. Loqueleo, 2023), le\u00eddo por el alumnado de 3\u00ba de Educaci\u00f3n Secundaria PRESENTA: D\u00f1a. Pilar Otero Cabarcos. Jefa &#8230; <a title=\"Sof\u00eda Rhei\" class=\"read-more\" href=\"https:\/\/www.comunicacionyescuela.es\/2026\/evento\/sofia-rhei\/\" aria-label=\"Leer m\u00e1s sobre Sof\u00eda Rhei\">Leer m\u00e1s<\/a><\/p>\n","protected":false},"author":2,"featured_media":0,"template":"","meta":{"ngg_post_thumbnail":0,"_tribe_events_status":"","_tribe_events_status_reason":"","footnotes":""},"tags":[],"tribe_events_cat":[66],"class_list":["post-6606","tribe_events","type-tribe_events","status-publish","hentry","tribe_events_cat-jornadas-literarias-mujer-y-literatura","cat_jornadas-literarias-mujer-y-literatura"],"_links":{"self":[{"href":"https:\/\/www.comunicacionyescuela.es\/2026\/wp-json\/wp\/v2\/tribe_events\/6606","targetHints":{"allow":["GET"]}}],"collection":[{"href":"https:\/\/www.comunicacionyescuela.es\/2026\/wp-json\/wp\/v2\/tribe_events"}],"about":[{"href":"https:\/\/www.comunicacionyescuela.es\/2026\/wp-json\/wp\/v2\/types\/tribe_events"}],"author":[{"embeddable":true,"href":"https:\/\/www.comunicacionyescuela.es\/2026\/wp-json\/wp\/v2\/users\/2"}],"version-history":[{"count":1,"href":"https:\/\/www.comunicacionyescuela.es\/2026\/wp-json\/wp\/v2\/tribe_events\/6606\/revisions"}],"predecessor-version":[{"id":6607,"href":"https:\/\/www.comunicacionyescuela.es\/2026\/wp-json\/wp\/v2\/tribe_events\/6606\/revisions\/6607"}],"wp:attachment":[{"href":"https:\/\/www.comunicacionyescuela.es\/2026\/wp-json\/wp\/v2\/media?parent=6606"}],"wp:term":[{"taxonomy":"post_tag","embeddable":true,"href":"https:\/\/www.comunicacionyescuela.es\/2026\/wp-json\/wp\/v2\/tags?post=6606"},{"taxonomy":"tribe_events_cat","embeddable":true,"href":"https:\/\/www.comunicacionyescuela.es\/2026\/wp-json\/wp\/v2\/tribe_events_cat?post=6606"}],"curies":[{"name":"wp","href":"https:\/\/api.w.org\/{rel}","templated":true}]}}