{"id":6576,"date":"2026-04-22T19:51:44","date_gmt":"2026-04-22T17:51:44","guid":{"rendered":"https:\/\/www.comunicacionyescuela.es\/2026\/?post_type=tribe_events&#038;p=6576"},"modified":"2026-04-22T19:51:44","modified_gmt":"2026-04-22T17:51:44","slug":"conferencia-semblanza-de-margarita-salas","status":"publish","type":"tribe_events","link":"https:\/\/www.comunicacionyescuela.es\/2026\/evento\/conferencia-semblanza-de-margarita-salas\/","title":{"rendered":"Conferencia: \u201cSemblanza de Margarita Salas\u201d"},"content":{"rendered":"<p>INTERVIENE:<br \/>\n<strong>D\u00f1a. Marisol Soengas.<\/strong> Cient\u00edfica<br \/>\nPRESENTA:<br \/>\n<strong>D\u00f1a. Manuela \u00c1lvarez Gonz\u00e1lez<\/strong>. Profesora del Colegio Jovellanos<br \/>\nCasa de Cultura de Castropol.<br \/>\nDirigido al alumnado de 6\u00ba de Educaci\u00f3n Primaria del Colegio<br \/>\nJovellanos, Colegio La Paloma, CRA Oscos y CRA R\u00eda del Eo<\/p>\n","protected":false},"excerpt":{"rendered":"<p>INTERVIENE: D\u00f1a. Marisol Soengas. Cient\u00edfica PRESENTA: D\u00f1a. Manuela \u00c1lvarez Gonz\u00e1lez. Profesora del Colegio Jovellanos Casa de Cultura de Castropol. Dirigido al alumnado de 6\u00ba de Educaci\u00f3n Primaria del Colegio Jovellanos, &#8230; <a title=\"Conferencia: \u201cSemblanza de Margarita Salas\u201d\" class=\"read-more\" href=\"https:\/\/www.comunicacionyescuela.es\/2026\/evento\/conferencia-semblanza-de-margarita-salas\/\" aria-label=\"Leer m\u00e1s sobre Conferencia: \u201cSemblanza de Margarita Salas\u201d\">Leer m\u00e1s<\/a><\/p>\n","protected":false},"author":2,"featured_media":0,"template":"","meta":{"ngg_post_thumbnail":0,"_tribe_events_status":"","_tribe_events_status_reason":"","footnotes":""},"tags":[],"tribe_events_cat":[65],"class_list":["post-6576","tribe_events","type-tribe_events","status-publish","hentry","tribe_events_cat-jornada-para-promover-las-vocaciones-cientificas-en-estudiantes-del-medio-rural","cat_jornada-para-promover-las-vocaciones-cientificas-en-estudiantes-del-medio-rural"],"_links":{"self":[{"href":"https:\/\/www.comunicacionyescuela.es\/2026\/wp-json\/wp\/v2\/tribe_events\/6576","targetHints":{"allow":["GET"]}}],"collection":[{"href":"https:\/\/www.comunicacionyescuela.es\/2026\/wp-json\/wp\/v2\/tribe_events"}],"about":[{"href":"https:\/\/www.comunicacionyescuela.es\/2026\/wp-json\/wp\/v2\/types\/tribe_events"}],"author":[{"embeddable":true,"href":"https:\/\/www.comunicacionyescuela.es\/2026\/wp-json\/wp\/v2\/users\/2"}],"version-history":[{"count":1,"href":"https:\/\/www.comunicacionyescuela.es\/2026\/wp-json\/wp\/v2\/tribe_events\/6576\/revisions"}],"predecessor-version":[{"id":6577,"href":"https:\/\/www.comunicacionyescuela.es\/2026\/wp-json\/wp\/v2\/tribe_events\/6576\/revisions\/6577"}],"wp:attachment":[{"href":"https:\/\/www.comunicacionyescuela.es\/2026\/wp-json\/wp\/v2\/media?parent=6576"}],"wp:term":[{"taxonomy":"post_tag","embeddable":true,"href":"https:\/\/www.comunicacionyescuela.es\/2026\/wp-json\/wp\/v2\/tags?post=6576"},{"taxonomy":"tribe_events_cat","embeddable":true,"href":"https:\/\/www.comunicacionyescuela.es\/2026\/wp-json\/wp\/v2\/tribe_events_cat?post=6576"}],"curies":[{"name":"wp","href":"https:\/\/api.w.org\/{rel}","templated":true}]}}