{"id":6544,"date":"2026-04-22T19:14:29","date_gmt":"2026-04-22T17:14:29","guid":{"rendered":"https:\/\/www.comunicacionyescuela.es\/2026\/?post_type=tribe_events&#038;p=6544"},"modified":"2026-04-22T19:14:48","modified_gmt":"2026-04-22T17:14:48","slug":"situacion-de-aprendizaje-pleno-de-estudiantes-de-6o-de-educacion-primaria-y-1o-de-educacion-secundaria-de-la-comarca-oscos-eo-en-la-junta-general-del-principado","status":"publish","type":"tribe_events","link":"https:\/\/www.comunicacionyescuela.es\/2026\/evento\/situacion-de-aprendizaje-pleno-de-estudiantes-de-6o-de-educacion-primaria-y-1o-de-educacion-secundaria-de-la-comarca-oscos-eo-en-la-junta-general-del-principado\/","title":{"rendered":"Situaci\u00f3n de Aprendizaje: \u201cPleno de estudiantes de 6\u00ba de Educaci\u00f3n Primaria y 1\u00ba de Educaci\u00f3n Secundaria de la comarca Oscos-Eo en la Junta General del Principado\u201d"},"content":{"rendered":"<p>Esta actividad tiene como objetivo que j\u00f3venes que cursan 6\u00ba de Educaci\u00f3n Primaria y 1\u00ba de Educaci\u00f3n Secundaria planteen su modelo de Medio Rural, y qu\u00e9 propuestas de futuro defienden para este medio. Se desarrollar\u00e1 un Pleno de estudiantes en la Junta General del Principado en el que el alumnado de los diferentes centros participantes defender\u00e1, a modo de portavoces, proposiciones no de ley que tengan como tema: \u201cLos valores del Medio Rural en Asturias\u201d, las cuales ser\u00e1n sometidas a votaci\u00f3n ante los alumnos\/as que representan a los centros educativos, que actuar\u00e1n a modo de diputados y diputadas.<br \/>\nJunta General del Principado. Oviedo. 10,30 horas<br \/>\nPARTICIPAN:<br \/>\nColegio Rural Agrupado Oscos. Santa Eulalia de Oscos<br \/>\nColegio Rural Agrupado R\u00eda del Eo. Vegadeo<br \/>\nColegio La Paloma. Castropol<br \/>\nColegio Jovellanos. Vegadeo<br \/>\nIES Elisa y Luis Villamil. Vegadeo<\/p>\n","protected":false},"excerpt":{"rendered":"<p>Esta actividad tiene como objetivo que j\u00f3venes que cursan 6\u00ba de Educaci\u00f3n Primaria y 1\u00ba de Educaci\u00f3n Secundaria planteen su modelo de Medio Rural, y qu\u00e9 propuestas de futuro defienden &#8230; <a title=\"Situaci\u00f3n de Aprendizaje: \u201cPleno de estudiantes de 6\u00ba de Educaci\u00f3n Primaria y 1\u00ba de Educaci\u00f3n Secundaria de la comarca Oscos-Eo en la Junta General del Principado\u201d\" class=\"read-more\" href=\"https:\/\/www.comunicacionyescuela.es\/2026\/evento\/situacion-de-aprendizaje-pleno-de-estudiantes-de-6o-de-educacion-primaria-y-1o-de-educacion-secundaria-de-la-comarca-oscos-eo-en-la-junta-general-del-principado\/\" aria-label=\"Leer m\u00e1s sobre Situaci\u00f3n de Aprendizaje: \u201cPleno de estudiantes de 6\u00ba de Educaci\u00f3n Primaria y 1\u00ba de Educaci\u00f3n Secundaria de la comarca Oscos-Eo en la Junta General del Principado\u201d\">Leer m\u00e1s<\/a><\/p>\n","protected":false},"author":2,"featured_media":0,"template":"","meta":{"ngg_post_thumbnail":0,"_tribe_events_status":"","_tribe_events_status_reason":"","footnotes":""},"tags":[],"tribe_events_cat":[61],"class_list":["post-6544","tribe_events","type-tribe_events","status-publish","hentry","tribe_events_cat-jornadas-con-la-junta-general-del-principado","cat_jornadas-con-la-junta-general-del-principado"],"_links":{"self":[{"href":"https:\/\/www.comunicacionyescuela.es\/2026\/wp-json\/wp\/v2\/tribe_events\/6544","targetHints":{"allow":["GET"]}}],"collection":[{"href":"https:\/\/www.comunicacionyescuela.es\/2026\/wp-json\/wp\/v2\/tribe_events"}],"about":[{"href":"https:\/\/www.comunicacionyescuela.es\/2026\/wp-json\/wp\/v2\/types\/tribe_events"}],"author":[{"embeddable":true,"href":"https:\/\/www.comunicacionyescuela.es\/2026\/wp-json\/wp\/v2\/users\/2"}],"version-history":[{"count":1,"href":"https:\/\/www.comunicacionyescuela.es\/2026\/wp-json\/wp\/v2\/tribe_events\/6544\/revisions"}],"predecessor-version":[{"id":6545,"href":"https:\/\/www.comunicacionyescuela.es\/2026\/wp-json\/wp\/v2\/tribe_events\/6544\/revisions\/6545"}],"wp:attachment":[{"href":"https:\/\/www.comunicacionyescuela.es\/2026\/wp-json\/wp\/v2\/media?parent=6544"}],"wp:term":[{"taxonomy":"post_tag","embeddable":true,"href":"https:\/\/www.comunicacionyescuela.es\/2026\/wp-json\/wp\/v2\/tags?post=6544"},{"taxonomy":"tribe_events_cat","embeddable":true,"href":"https:\/\/www.comunicacionyescuela.es\/2026\/wp-json\/wp\/v2\/tribe_events_cat?post=6544"}],"curies":[{"name":"wp","href":"https:\/\/api.w.org\/{rel}","templated":true}]}}