{"id":6523,"date":"2026-04-22T18:44:35","date_gmt":"2026-04-22T16:44:35","guid":{"rendered":"https:\/\/www.comunicacionyescuela.es\/2026\/?post_type=tribe_events&#038;p=6523"},"modified":"2026-04-22T18:44:35","modified_gmt":"2026-04-22T16:44:35","slug":"situacion-de-aprendizaje-aprender-para-el-futuro-formacion-integral-y-ciudadania-en-la-escuela-naval-militar","status":"publish","type":"tribe_events","link":"https:\/\/www.comunicacionyescuela.es\/2026\/evento\/situacion-de-aprendizaje-aprender-para-el-futuro-formacion-integral-y-ciudadania-en-la-escuela-naval-militar\/","title":{"rendered":"Situaci\u00f3n de aprendizaje: \u201cAprender para el futuro: formaci\u00f3n integral y ciudadan\u00eda en la Escuela Naval Militar\u201d"},"content":{"rendered":"<p>Este itinerario did\u00e1ctico que tendr\u00e1 lugar en Mar\u00edn (Pontevedra) pretende acercar al alumnado al conocimiento de las Fuerzas Armadas, as\u00ed como ofrecerles posibles salidas profesionales en el futuro. Durante la visita a la ENM, podr\u00e1n conocer las instalaciones donde se forman los futuros oficiales de la Armada, destacando los simuladores de navegaci\u00f3n, aulas t\u00e9cnicas, etc. Si las condiciones meteorol\u00f3gicas lo permiten, se realizar\u00e1 una salida, a modo de bautismo de mar, en algunos de los buques que sirven de adiestramiento del alumnado de la Escuela Naval Militar.<br \/>\nDirigido al alumnado de 1\u00ba de Bachillerato<br \/>\nCOLABORA:<br \/>\nEscuela Naval Militar<br \/>\nPARTICIPA:<br \/>\nIES Elisa y Luis Villamil. Vegadeo<\/p>\n","protected":false},"excerpt":{"rendered":"<p>Este itinerario did\u00e1ctico que tendr\u00e1 lugar en Mar\u00edn (Pontevedra) pretende acercar al alumnado al conocimiento de las Fuerzas Armadas, as\u00ed como ofrecerles posibles salidas profesionales en el futuro. Durante la &#8230; <a title=\"Situaci\u00f3n de aprendizaje: \u201cAprender para el futuro: formaci\u00f3n integral y ciudadan\u00eda en la Escuela Naval Militar\u201d\" class=\"read-more\" href=\"https:\/\/www.comunicacionyescuela.es\/2026\/evento\/situacion-de-aprendizaje-aprender-para-el-futuro-formacion-integral-y-ciudadania-en-la-escuela-naval-militar\/\" aria-label=\"Leer m\u00e1s sobre Situaci\u00f3n de aprendizaje: \u201cAprender para el futuro: formaci\u00f3n integral y ciudadan\u00eda en la Escuela Naval Militar\u201d\">Leer m\u00e1s<\/a><\/p>\n","protected":false},"author":2,"featured_media":0,"template":"","meta":{"ngg_post_thumbnail":0,"_tribe_events_status":"","_tribe_events_status_reason":"","footnotes":""},"tags":[],"tribe_events_cat":[51],"class_list":["post-6523","tribe_events","type-tribe_events","status-publish","hentry","tribe_events_cat-los-valores-del-medio-rural","cat_los-valores-del-medio-rural"],"_links":{"self":[{"href":"https:\/\/www.comunicacionyescuela.es\/2026\/wp-json\/wp\/v2\/tribe_events\/6523","targetHints":{"allow":["GET"]}}],"collection":[{"href":"https:\/\/www.comunicacionyescuela.es\/2026\/wp-json\/wp\/v2\/tribe_events"}],"about":[{"href":"https:\/\/www.comunicacionyescuela.es\/2026\/wp-json\/wp\/v2\/types\/tribe_events"}],"author":[{"embeddable":true,"href":"https:\/\/www.comunicacionyescuela.es\/2026\/wp-json\/wp\/v2\/users\/2"}],"version-history":[{"count":1,"href":"https:\/\/www.comunicacionyescuela.es\/2026\/wp-json\/wp\/v2\/tribe_events\/6523\/revisions"}],"predecessor-version":[{"id":6524,"href":"https:\/\/www.comunicacionyescuela.es\/2026\/wp-json\/wp\/v2\/tribe_events\/6523\/revisions\/6524"}],"wp:attachment":[{"href":"https:\/\/www.comunicacionyescuela.es\/2026\/wp-json\/wp\/v2\/media?parent=6523"}],"wp:term":[{"taxonomy":"post_tag","embeddable":true,"href":"https:\/\/www.comunicacionyescuela.es\/2026\/wp-json\/wp\/v2\/tags?post=6523"},{"taxonomy":"tribe_events_cat","embeddable":true,"href":"https:\/\/www.comunicacionyescuela.es\/2026\/wp-json\/wp\/v2\/tribe_events_cat?post=6523"}],"curies":[{"name":"wp","href":"https:\/\/api.w.org\/{rel}","templated":true}]}}