{"id":6521,"date":"2026-04-22T18:43:06","date_gmt":"2026-04-22T16:43:06","guid":{"rendered":"https:\/\/www.comunicacionyescuela.es\/2026\/?post_type=tribe_events&#038;p=6521"},"modified":"2026-04-22T18:43:06","modified_gmt":"2026-04-22T16:43:06","slug":"situacion-de-aprendizaje-gran-jornada-dedicada-a-las-fuerzas-de-seguridad-y-a-las-emergencias","status":"publish","type":"tribe_events","link":"https:\/\/www.comunicacionyescuela.es\/2026\/evento\/situacion-de-aprendizaje-gran-jornada-dedicada-a-las-fuerzas-de-seguridad-y-a-las-emergencias\/","title":{"rendered":"Situaci\u00f3n de aprendizaje: \u201cGran jornada dedicada a las Fuerzas de Seguridad y a las emergencias\u201d"},"content":{"rendered":"<p>Se desarrollar\u00e1 en el Recinto Ferial y en la explanada del Recinto Ferial de una extraordinaria jornada en la que se podr\u00e1 contemplar, entre otras, una extraordinaria exhibici\u00f3n de especialidades de la Guardia Civil. Posteriormente, tendr\u00e1 lugar un simulacro de actuaci\u00f3n ante una emergencia y en el que intervendr\u00e1n todas las entidades que deben actuar ante una situaci\u00f3n cr\u00edtica.<br \/>\nDirigido al alumnado del Colegio Jovellanos, CRA Oscos, Colegio La Paloma, IES Elisa y Luis Villamil, otros centros educativos y a toda la comunidad<br \/>\nCOLABORAN:<br \/>\nGuardia Civil, Servicio de Emergencias Principado de Asturias, \u00c1rea Sanitaria I, TRANSINSA Ambulancias de Asturias<br \/>\nNota: Oportunamente, se dar\u00e1 a conocer a trav\u00e9s de la p\u00e1gina web y de las redes sociales del Foro Comunicaci\u00f3n y Escuela la programaci\u00f3n \u00edntegra de esta jornada.<\/p>\n","protected":false},"excerpt":{"rendered":"<p>Se desarrollar\u00e1 en el Recinto Ferial y en la explanada del Recinto Ferial de una extraordinaria jornada en la que se podr\u00e1 contemplar, entre otras, una extraordinaria exhibici\u00f3n de especialidades &#8230; <a title=\"Situaci\u00f3n de aprendizaje: \u201cGran jornada dedicada a las Fuerzas de Seguridad y a las emergencias\u201d\" class=\"read-more\" href=\"https:\/\/www.comunicacionyescuela.es\/2026\/evento\/situacion-de-aprendizaje-gran-jornada-dedicada-a-las-fuerzas-de-seguridad-y-a-las-emergencias\/\" aria-label=\"Leer m\u00e1s sobre Situaci\u00f3n de aprendizaje: \u201cGran jornada dedicada a las Fuerzas de Seguridad y a las emergencias\u201d\">Leer m\u00e1s<\/a><\/p>\n","protected":false},"author":2,"featured_media":0,"template":"","meta":{"ngg_post_thumbnail":0,"_tribe_events_status":"","_tribe_events_status_reason":"","footnotes":""},"tags":[],"tribe_events_cat":[51],"class_list":["post-6521","tribe_events","type-tribe_events","status-publish","hentry","tribe_events_cat-los-valores-del-medio-rural","cat_los-valores-del-medio-rural"],"_links":{"self":[{"href":"https:\/\/www.comunicacionyescuela.es\/2026\/wp-json\/wp\/v2\/tribe_events\/6521","targetHints":{"allow":["GET"]}}],"collection":[{"href":"https:\/\/www.comunicacionyescuela.es\/2026\/wp-json\/wp\/v2\/tribe_events"}],"about":[{"href":"https:\/\/www.comunicacionyescuela.es\/2026\/wp-json\/wp\/v2\/types\/tribe_events"}],"author":[{"embeddable":true,"href":"https:\/\/www.comunicacionyescuela.es\/2026\/wp-json\/wp\/v2\/users\/2"}],"version-history":[{"count":1,"href":"https:\/\/www.comunicacionyescuela.es\/2026\/wp-json\/wp\/v2\/tribe_events\/6521\/revisions"}],"predecessor-version":[{"id":6522,"href":"https:\/\/www.comunicacionyescuela.es\/2026\/wp-json\/wp\/v2\/tribe_events\/6521\/revisions\/6522"}],"wp:attachment":[{"href":"https:\/\/www.comunicacionyescuela.es\/2026\/wp-json\/wp\/v2\/media?parent=6521"}],"wp:term":[{"taxonomy":"post_tag","embeddable":true,"href":"https:\/\/www.comunicacionyescuela.es\/2026\/wp-json\/wp\/v2\/tags?post=6521"},{"taxonomy":"tribe_events_cat","embeddable":true,"href":"https:\/\/www.comunicacionyescuela.es\/2026\/wp-json\/wp\/v2\/tribe_events_cat?post=6521"}],"curies":[{"name":"wp","href":"https:\/\/api.w.org\/{rel}","templated":true}]}}