{"id":6511,"date":"2026-04-22T18:30:38","date_gmt":"2026-04-22T16:30:38","guid":{"rendered":"https:\/\/www.comunicacionyescuela.es\/2026\/?post_type=tribe_events&#038;p=6511"},"modified":"2026-04-22T18:37:46","modified_gmt":"2026-04-22T16:37:46","slug":"situacion-de-aprendizaje-conociendo-el-camino-de-santiago-punto-de-union-entre-asturias-y-galicia","status":"publish","type":"tribe_events","link":"https:\/\/www.comunicacionyescuela.es\/2026\/evento\/situacion-de-aprendizaje-conociendo-el-camino-de-santiago-punto-de-union-entre-asturias-y-galicia\/","title":{"rendered":"Situaci\u00f3n de aprendizaje: \u201cConociendo el Camino de Santiago, punto de uni\u00f3n entre Asturias y Galicia\u201d"},"content":{"rendered":"<p>Itinerario did\u00e1ctico, de dos d\u00edas de duraci\u00f3n, que comprende la realizaci\u00f3n a pie del tramo del Camino de Santiago que discurre por el concejo de Vegadeo hasta Abres. Se visitar\u00e1, igualmente, la catedral de Mondo\u00f1edo. Este itinerario incluye, asimismo, el recorrido andando del \u00faltimo tramo entre el Monte do Gozo y la catedral de Santiago de Compostela. En esta situaci\u00f3n de aprendizaje en Santiago participar\u00e1n los presidentes de los Parlamentos Auton\u00f3micos de Asturias y Galicia y se llevar\u00e1 a cabo una recepci\u00f3n en la sede del Parlamento de Galicia.<br \/>\nDirigido al alumnado de 6\u00ba de Educaci\u00f3n Primaria del Colegio<br \/>\nJovellanos, CRA R\u00eda del Eo<br \/>\nCOLABORAN:<br \/>\nXacobeo-Xunta de Galicia, Parlamento de Galicia<br \/>\nNota: Oportunamente, se dar\u00e1 a conocer a trav\u00e9s de la p\u00e1gina<br \/>\nweb y de las redes sociales del Foro Comunicaci\u00f3n y Escuela la<br \/>\nprogramaci\u00f3n \u00edntegra de este itinerario did\u00e1ctico.<\/p>\n","protected":false},"excerpt":{"rendered":"<p>Itinerario did\u00e1ctico, de dos d\u00edas de duraci\u00f3n, que comprende la realizaci\u00f3n a pie del tramo del Camino de Santiago que discurre por el concejo de Vegadeo hasta Abres. Se visitar\u00e1, &#8230; <a title=\"Situaci\u00f3n de aprendizaje: \u201cConociendo el Camino de Santiago, punto de uni\u00f3n entre Asturias y Galicia\u201d\" class=\"read-more\" href=\"https:\/\/www.comunicacionyescuela.es\/2026\/evento\/situacion-de-aprendizaje-conociendo-el-camino-de-santiago-punto-de-union-entre-asturias-y-galicia\/\" aria-label=\"Leer m\u00e1s sobre Situaci\u00f3n de aprendizaje: \u201cConociendo el Camino de Santiago, punto de uni\u00f3n entre Asturias y Galicia\u201d\">Leer m\u00e1s<\/a><\/p>\n","protected":false},"author":2,"featured_media":0,"template":"","meta":{"ngg_post_thumbnail":0,"_tribe_events_status":"","_tribe_events_status_reason":"","footnotes":""},"tags":[],"tribe_events_cat":[55],"class_list":["post-6511","tribe_events","type-tribe_events","status-publish","hentry","tribe_events_cat-situacion-de-aprendizaje-proyecto-exploradores-del-camino","cat_situacion-de-aprendizaje-proyecto-exploradores-del-camino"],"_links":{"self":[{"href":"https:\/\/www.comunicacionyescuela.es\/2026\/wp-json\/wp\/v2\/tribe_events\/6511","targetHints":{"allow":["GET"]}}],"collection":[{"href":"https:\/\/www.comunicacionyescuela.es\/2026\/wp-json\/wp\/v2\/tribe_events"}],"about":[{"href":"https:\/\/www.comunicacionyescuela.es\/2026\/wp-json\/wp\/v2\/types\/tribe_events"}],"author":[{"embeddable":true,"href":"https:\/\/www.comunicacionyescuela.es\/2026\/wp-json\/wp\/v2\/users\/2"}],"version-history":[{"count":1,"href":"https:\/\/www.comunicacionyescuela.es\/2026\/wp-json\/wp\/v2\/tribe_events\/6511\/revisions"}],"predecessor-version":[{"id":6512,"href":"https:\/\/www.comunicacionyescuela.es\/2026\/wp-json\/wp\/v2\/tribe_events\/6511\/revisions\/6512"}],"wp:attachment":[{"href":"https:\/\/www.comunicacionyescuela.es\/2026\/wp-json\/wp\/v2\/media?parent=6511"}],"wp:term":[{"taxonomy":"post_tag","embeddable":true,"href":"https:\/\/www.comunicacionyescuela.es\/2026\/wp-json\/wp\/v2\/tags?post=6511"},{"taxonomy":"tribe_events_cat","embeddable":true,"href":"https:\/\/www.comunicacionyescuela.es\/2026\/wp-json\/wp\/v2\/tribe_events_cat?post=6511"}],"curies":[{"name":"wp","href":"https:\/\/api.w.org\/{rel}","templated":true}]}}