{"id":6507,"date":"2026-04-22T18:26:48","date_gmt":"2026-04-22T16:26:48","guid":{"rendered":"https:\/\/www.comunicacionyescuela.es\/2026\/?post_type=tribe_events&#038;p=6507"},"modified":"2026-04-22T18:36:12","modified_gmt":"2026-04-22T16:36:12","slug":"situacion-de-aprendizaje-floreziendo-muniellos-una-iniciativa-innovadora-de-desarrollo-rural-a-traves-de-la-aprovechamiento-apicola-en-ibias","status":"publish","type":"tribe_events","link":"https:\/\/www.comunicacionyescuela.es\/2026\/evento\/situacion-de-aprendizaje-floreziendo-muniellos-una-iniciativa-innovadora-de-desarrollo-rural-a-traves-de-la-aprovechamiento-apicola-en-ibias\/","title":{"rendered":"Situaci\u00f3n de aprendizaje: \u201cFloreziendo Muniellos, una iniciativa innovadora de desarrollo rural a trav\u00e9s de la aprovechamiento ap\u00edcola, en Ibias\u201d"},"content":{"rendered":"<p>Itinerario did\u00e1ctico, de un d\u00eda de duraci\u00f3n, en la localidad de Valdebois (Ibias) en el alumnado adem\u00e1s de entrar en contacto con la naturaleza en pleno territorio de la Reserva de Muniellos, se acercar\u00e1n a una experiencia innovadora de desarrollo rural que pone en valor y aprovecha un recurso propio como es la apicultura, contribuyendo con ello al desarrollo econ\u00f3mico de un \u00e1mbito rural aislado geogr\u00e1ficamente.<br \/>\nDirigido al alumnado de 6\u00ba de Educaci\u00f3n Primaria del Colegio La<br \/>\nPaloma, CPEB Carlos Bouso\u00f1o, CRA Oscos<br \/>\nCOLABORA:<br \/>\nFloreziendo Muniellos<\/p>\n","protected":false},"excerpt":{"rendered":"<p>Itinerario did\u00e1ctico, de un d\u00eda de duraci\u00f3n, en la localidad de Valdebois (Ibias) en el alumnado adem\u00e1s de entrar en contacto con la naturaleza en pleno territorio de la Reserva &#8230; <a title=\"Situaci\u00f3n de aprendizaje: \u201cFloreziendo Muniellos, una iniciativa innovadora de desarrollo rural a trav\u00e9s de la aprovechamiento ap\u00edcola, en Ibias\u201d\" class=\"read-more\" href=\"https:\/\/www.comunicacionyescuela.es\/2026\/evento\/situacion-de-aprendizaje-floreziendo-muniellos-una-iniciativa-innovadora-de-desarrollo-rural-a-traves-de-la-aprovechamiento-apicola-en-ibias\/\" aria-label=\"Leer m\u00e1s sobre Situaci\u00f3n de aprendizaje: \u201cFloreziendo Muniellos, una iniciativa innovadora de desarrollo rural a trav\u00e9s de la aprovechamiento ap\u00edcola, en Ibias\u201d\">Leer m\u00e1s<\/a><\/p>\n","protected":false},"author":2,"featured_media":0,"template":"","meta":{"ngg_post_thumbnail":0,"_tribe_events_status":"","_tribe_events_status_reason":"","footnotes":""},"tags":[],"tribe_events_cat":[54],"class_list":["post-6507","tribe_events","type-tribe_events","status-publish","hentry","tribe_events_cat-situacion-de-aprendizaje-proyecto-la-apicultura-en-el-occidente-de-asturias","cat_situacion-de-aprendizaje-proyecto-la-apicultura-en-el-occidente-de-asturias"],"_links":{"self":[{"href":"https:\/\/www.comunicacionyescuela.es\/2026\/wp-json\/wp\/v2\/tribe_events\/6507","targetHints":{"allow":["GET"]}}],"collection":[{"href":"https:\/\/www.comunicacionyescuela.es\/2026\/wp-json\/wp\/v2\/tribe_events"}],"about":[{"href":"https:\/\/www.comunicacionyescuela.es\/2026\/wp-json\/wp\/v2\/types\/tribe_events"}],"author":[{"embeddable":true,"href":"https:\/\/www.comunicacionyescuela.es\/2026\/wp-json\/wp\/v2\/users\/2"}],"version-history":[{"count":1,"href":"https:\/\/www.comunicacionyescuela.es\/2026\/wp-json\/wp\/v2\/tribe_events\/6507\/revisions"}],"predecessor-version":[{"id":6508,"href":"https:\/\/www.comunicacionyescuela.es\/2026\/wp-json\/wp\/v2\/tribe_events\/6507\/revisions\/6508"}],"wp:attachment":[{"href":"https:\/\/www.comunicacionyescuela.es\/2026\/wp-json\/wp\/v2\/media?parent=6507"}],"wp:term":[{"taxonomy":"post_tag","embeddable":true,"href":"https:\/\/www.comunicacionyescuela.es\/2026\/wp-json\/wp\/v2\/tags?post=6507"},{"taxonomy":"tribe_events_cat","embeddable":true,"href":"https:\/\/www.comunicacionyescuela.es\/2026\/wp-json\/wp\/v2\/tribe_events_cat?post=6507"}],"curies":[{"name":"wp","href":"https:\/\/api.w.org\/{rel}","templated":true}]}}