{"id":410,"date":"2024-04-03T09:51:44","date_gmt":"2024-04-03T07:51:44","guid":{"rendered":"https:\/\/www.comunicacionyescuela.es\/2024\/?page_id=410"},"modified":"2024-04-03T10:10:36","modified_gmt":"2024-04-03T08:10:36","slug":"proyectos","status":"publish","type":"page","link":"https:\/\/www.comunicacionyescuela.es\/2026\/proyectos\/","title":{"rendered":"Proyectos"},"content":{"rendered":"\n<div class=\"wp-block-columns is-layout-flex wp-container-core-columns-is-layout-9d6595d7 wp-block-columns-is-layout-flex\">\n<div class=\"wp-block-column is-layout-flow wp-block-column-is-layout-flow\">\n<h2 class=\"wp-block-heading has-medium-font-size\">01<\/h2>\n\n\n\n<h3 class=\"wp-block-heading\"><a href=\"https:\/\/www.comunicacionyescuela.es\/2026\/eventos\/categoria\/proyecto-comunicacion-y-medio-rural\/\">Proyecto Comunicaci\u00f3n y Medio Rural<\/a><\/h3>\n<\/div>\n\n\n\n<div class=\"wp-block-column is-layout-flow wp-block-column-is-layout-flow\">\n<h2 class=\"wp-block-heading has-medium-font-size\">02<\/h2>\n\n\n\n<h3 class=\"wp-block-heading\"><a href=\"https:\/\/www.comunicacionyescuela.es\/2026\/eventos\/categoria\/ciclo-medios-de-comunicacion-y-escuela\/\">Ciclo Medios de Comunicaci\u00f3n y Escuela<\/a><\/h3>\n<\/div>\n\n\n\n<div class=\"wp-block-column is-layout-flow wp-block-column-is-layout-flow\">\n<h2 class=\"wp-block-heading has-medium-font-size\">03<\/h2>\n\n\n\n<h3 class=\"wp-block-heading\"><a href=\"https:\/\/www.comunicacionyescuela.es\/2026\/eventos\/categoria\/foro-e-intergeneracionalidad\/\">Foro e Intergeneracionalidad<\/a><\/h3>\n<\/div>\n<\/div>\n\n\n\n<div class=\"wp-block-columns is-layout-flex wp-container-core-columns-is-layout-9d6595d7 wp-block-columns-is-layout-flex\">\n<div class=\"wp-block-column is-layout-flow wp-block-column-is-layout-flow\">\n<h2 class=\"wp-block-heading has-medium-font-size\">04<\/h2>\n\n\n\n<h3 class=\"wp-block-heading\"><a href=\"https:\/\/www.comunicacionyescuela.es\/2026\/eventos\/categoria\/proyecto-aula-literaria\/\">Proyecto: Aula Literaria<\/a><\/h3>\n<\/div>\n\n\n\n<div class=\"wp-block-column is-layout-flow wp-block-column-is-layout-flow\">\n<h2 class=\"wp-block-heading has-medium-font-size\">05<\/h2>\n\n\n\n<h3 class=\"wp-block-heading\"><a href=\"https:\/\/www.comunicacionyescuela.es\/2026\/eventos\/categoria\/proyecto-escuela-y-salud-oscos-eo-comarca-educativa-cardioprotegida\/\">Proyecto Escuela y Salud. Oscos-Eo, Comarca Educativa Cardioprotegida<\/a><\/h3>\n<\/div>\n\n\n\n<div class=\"wp-block-column is-layout-flow wp-block-column-is-layout-flow\">\n<h2 class=\"wp-block-heading has-medium-font-size\">06<\/h2>\n\n\n\n<h3 class=\"wp-block-heading\"><a href=\"https:\/\/www.comunicacionyescuela.es\/2026\/eventos\/categoria\/25-aniversario-de-la-vinculacion-avila-asturias-a-traves-de-la-educacion-1999-2024\/\">25 aniversario de la vinculaci\u00f3n \u00c1vila-Asturias a trav\u00e9s de la educaci\u00f3n (1999-2024)<\/a><\/h3>\n<\/div>\n<\/div>\n\n\n\n<div class=\"wp-block-columns is-layout-flex wp-container-core-columns-is-layout-9d6595d7 wp-block-columns-is-layout-flex\">\n<div class=\"wp-block-column is-layout-flow wp-block-column-is-layout-flow\">\n<h2 class=\"wp-block-heading has-medium-font-size\">07<\/h2>\n\n\n\n<h3 class=\"wp-block-heading\"><a href=\"https:\/\/www.comunicacionyescuela.es\/2026\/eventos\/categoria\/proyecto-comunicacion-y-medio-rural-2\/\">Proyecto \u00abComunicaci\u00f3n y Medio Rural\u00bb<\/a><\/h3>\n<\/div>\n\n\n\n<div class=\"wp-block-column is-layout-flow wp-block-column-is-layout-flow\">\n<h2 class=\"wp-block-heading has-medium-font-size\">08<\/h2>\n\n\n\n<h3 class=\"wp-block-heading\"><a href=\"https:\/\/www.comunicacionyescuela.es\/2026\/eventos\/categoria\/proyecto-el-foro-en-la-nube\/\">Proyecto: El Foro en la \u00abNube\u00bb<\/a><\/h3>\n<\/div>\n\n\n\n<div class=\"wp-block-column is-layout-flow wp-block-column-is-layout-flow\"><\/div>\n<\/div>\n","protected":false},"excerpt":{"rendered":"<p>01 Proyecto Comunicaci\u00f3n y Medio Rural 02 Ciclo Medios de Comunicaci\u00f3n y Escuela 03 Foro e Intergeneracionalidad 04 Proyecto: Aula Literaria 05 Proyecto Escuela y Salud. Oscos-Eo, Comarca Educativa Cardioprotegida &#8230; <a title=\"Proyectos\" class=\"read-more\" href=\"https:\/\/www.comunicacionyescuela.es\/2026\/proyectos\/\" aria-label=\"Leer m\u00e1s sobre Proyectos\">Leer m\u00e1s<\/a><\/p>\n","protected":false},"author":1,"featured_media":0,"parent":0,"menu_order":0,"comment_status":"closed","ping_status":"closed","template":"","meta":{"ngg_post_thumbnail":0,"footnotes":""},"class_list":["post-410","page","type-page","status-publish"],"_links":{"self":[{"href":"https:\/\/www.comunicacionyescuela.es\/2026\/wp-json\/wp\/v2\/pages\/410","targetHints":{"allow":["GET"]}}],"collection":[{"href":"https:\/\/www.comunicacionyescuela.es\/2026\/wp-json\/wp\/v2\/pages"}],"about":[{"href":"https:\/\/www.comunicacionyescuela.es\/2026\/wp-json\/wp\/v2\/types\/page"}],"author":[{"embeddable":true,"href":"https:\/\/www.comunicacionyescuela.es\/2026\/wp-json\/wp\/v2\/users\/1"}],"replies":[{"embeddable":true,"href":"https:\/\/www.comunicacionyescuela.es\/2026\/wp-json\/wp\/v2\/comments?post=410"}],"version-history":[{"count":4,"href":"https:\/\/www.comunicacionyescuela.es\/2026\/wp-json\/wp\/v2\/pages\/410\/revisions"}],"predecessor-version":[{"id":418,"href":"https:\/\/www.comunicacionyescuela.es\/2026\/wp-json\/wp\/v2\/pages\/410\/revisions\/418"}],"wp:attachment":[{"href":"https:\/\/www.comunicacionyescuela.es\/2026\/wp-json\/wp\/v2\/media?parent=410"}],"curies":[{"name":"wp","href":"https:\/\/api.w.org\/{rel}","templated":true}]}}