{"id":11,"date":"2024-01-18T09:06:13","date_gmt":"2024-01-18T09:06:13","guid":{"rendered":"https:\/\/www.comunicacionyescuela.es\/2024\/?page_id=11"},"modified":"2026-03-19T10:44:55","modified_gmt":"2026-03-19T09:44:55","slug":"portada","status":"publish","type":"page","link":"https:\/\/www.comunicacionyescuela.es\/2026\/","title":{"rendered":"Portada"},"content":{"rendered":"<div class='pt-cv-wrapper'> <h3 class='pt-cv-heading-container heading4' data-blockid='7dr8k85x'><span class='pt-cv-heading'> Actualidad del foro <\/span><\/h3><div class=\"pt-cv-view pt-cv-blockgrid iscvblock iscvreal grid1 layout1\" id=\"pt-cv-view-7dr8k85x\"><div data-id=\"pt-cv-page-1\" class=\"pt-cv-page\" data-cvc=\"3\"><div class=\" pt-cv-content-item pt-cv-1-col\" ><div class=\"pt-cv-thumb-wrapper  \"><a href=\"https:\/\/www.comunicacionyescuela.es\/2026\/una-clase-de-altura-en-el-aeropuerto-de-asturias\/\" class=\"_self pt-cv-href-thumbnail pt-cv-thumb-default\" target=\"_self\" ><img loading=\"lazy\" decoding=\"async\" width=\"600\" height=\"450\" src=\"https:\/\/www.comunicacionyescuela.es\/2026\/wp-content\/uploads\/2026\/04\/20260421_142749.jpg\" class=\"pt-cv-thumbnail\" alt=\"\" \/><\/a><\/div>\n<h4 class=\"pt-cv-title\"><a href=\"https:\/\/www.comunicacionyescuela.es\/2026\/una-clase-de-altura-en-el-aeropuerto-de-asturias\/\" class=\"_self\" target=\"_self\" >Una clase de altura en el Aeropuerto de Asturias<\/a><\/h4>\n<div class=\"pt-cv-content\">Los alumnos y alumnas de Bachillerato que cursan las asignaturas optativas de Tecnolog\u00eda asisten a una aut\u00e9ntica clase sobre la navegaci\u00f3n a\u00e9rea en el mismo Aeropuerto de Asturias que fue impartida por el jefe de Operaciones, Jos\u00e9 Antonio Leiva. Posteriormente, realizaron\u00a0 una visita a la torre de control en la &#8230;<\/div>\n<div class=\"pt-cv-rmwrap\"><a href=\"https:\/\/www.comunicacionyescuela.es\/2026\/una-clase-de-altura-en-el-aeropuerto-de-asturias\/\" class=\"_self pt-cv-readmore btn btn-success\" target=\"_self\" >Leer M\u00e1s<\/a><\/div>\n<div class=\"pt-cv-meta-fields\"><span class=\"entry-date\"> <time datetime=\"2026-04-24T12:53:21+02:00\">24 de abril de 2026<\/time><\/span><\/div><\/div>\n<div class=\" pt-cv-content-item pt-cv-1-col\" ><div class=\"pt-cv-thumb-wrapper  \"><a href=\"https:\/\/www.comunicacionyescuela.es\/2026\/estudiantes-de-bachillerato-se-acercan-a-la-navegacion-aerea\/\" class=\"_self pt-cv-href-thumbnail pt-cv-thumb-default\" target=\"_self\" ><img loading=\"lazy\" decoding=\"async\" width=\"405\" height=\"502\" src=\"https:\/\/www.comunicacionyescuela.es\/2026\/wp-content\/uploads\/2026\/04\/IMG-20260420-WA0002.jpg\" class=\"pt-cv-thumbnail\" alt=\"\" \/><\/a><\/div>\n<h4 class=\"pt-cv-title\"><a href=\"https:\/\/www.comunicacionyescuela.es\/2026\/estudiantes-de-bachillerato-se-acercan-a-la-navegacion-aerea\/\" class=\"_self\" target=\"_self\" >Estudiantes de Bachillerato se acercan a la navegaci\u00f3n a\u00e9rea<\/a><\/h4>\n<div class=\"pt-cv-content\">El alumnado que cursa las optativas de Tecnolog\u00eda de 1\u00b0 y 2\u00b0 de Bachillerato viajar\u00e1n al Aeropuerto de Asturias para asistir a una conferencia a cargo de su director, Pedro Cotilla, y del jefe de Operaciones, Jos\u00e9 Antonio Leiva. Posteriormente, tendr\u00e1n la oportunidad de conocer la torre de control y &#8230;<\/div>\n<div class=\"pt-cv-rmwrap\"><a href=\"https:\/\/www.comunicacionyescuela.es\/2026\/estudiantes-de-bachillerato-se-acercan-a-la-navegacion-aerea\/\" class=\"_self pt-cv-readmore btn btn-success\" target=\"_self\" >Leer M\u00e1s<\/a><\/div>\n<div class=\"pt-cv-meta-fields\"><span class=\"entry-date\"> <time datetime=\"2026-04-24T12:51:39+02:00\">24 de abril de 2026<\/time><\/span><\/div><\/div>\n<div class=\" pt-cv-content-item pt-cv-1-col\" ><div class=\"pt-cv-thumb-wrapper  \"><a href=\"https:\/\/www.comunicacionyescuela.es\/2026\/francina-armengol-la-educacion-es-el-arma-mas-poderosa-para-la-igualdad-de-oportunidades\/\" class=\"_self pt-cv-href-thumbnail pt-cv-thumb-default\" target=\"_self\" ><img loading=\"lazy\" decoding=\"async\" width=\"600\" height=\"450\" src=\"https:\/\/www.comunicacionyescuela.es\/2026\/wp-content\/uploads\/2026\/04\/IMG-20260417-WA0231.jpg\" class=\"pt-cv-thumbnail\" alt=\"\" \/><\/a><\/div>\n<h4 class=\"pt-cv-title\"><a href=\"https:\/\/www.comunicacionyescuela.es\/2026\/francina-armengol-la-educacion-es-el-arma-mas-poderosa-para-la-igualdad-de-oportunidades\/\" class=\"_self\" target=\"_self\" >Francina Armengol: \u201cLa educaci\u00f3n es el arma m\u00e1s poderosa para la igualdad de oportunidades\u201d<\/a><\/h4>\n<div class=\"pt-cv-content\">La presidenta del Congreso de los Diputados, Francina Armengol, anim\u00f3 a los estudiantes de Vegadeo a que participen en las instituciones democr\u00e1ticas en el futuro y defini\u00f3 al Congreso de los Diputados como el coraz\u00f3n de la democracia en Espa\u00f1a, ya que su composici\u00f3n emana directamente de lo que los &#8230;<\/div>\n<div class=\"pt-cv-rmwrap\"><a href=\"https:\/\/www.comunicacionyescuela.es\/2026\/francina-armengol-la-educacion-es-el-arma-mas-poderosa-para-la-igualdad-de-oportunidades\/\" class=\"_self pt-cv-readmore btn btn-success\" target=\"_self\" >Leer M\u00e1s<\/a><\/div>\n<div class=\"pt-cv-meta-fields\"><span class=\"entry-date\"> <time datetime=\"2026-04-24T12:49:44+02:00\">24 de abril de 2026<\/time><\/span><\/div><\/div>\n<div class=\" pt-cv-content-item pt-cv-1-col\" ><div class=\"pt-cv-thumb-wrapper  \"><a href=\"https:\/\/www.comunicacionyescuela.es\/2026\/la-presidenta-del-congreso-de-los-diputados-pronunciara-la-primera-conferencia-del-18-foro\/\" class=\"_self pt-cv-href-thumbnail pt-cv-thumb-default\" target=\"_self\" ><img loading=\"lazy\" decoding=\"async\" width=\"405\" height=\"502\" src=\"https:\/\/www.comunicacionyescuela.es\/2026\/wp-content\/uploads\/2026\/04\/IMG-20260415-WA0009.jpg\" class=\"pt-cv-thumbnail\" alt=\"\" \/><\/a><\/div>\n<h4 class=\"pt-cv-title\"><a href=\"https:\/\/www.comunicacionyescuela.es\/2026\/la-presidenta-del-congreso-de-los-diputados-pronunciara-la-primera-conferencia-del-18-foro\/\" class=\"_self\" target=\"_self\" >La presidenta del Congreso de los Diputados pronunciar\u00e1 la primera conferencia del 18 Foro<\/a><\/h4>\n<div class=\"pt-cv-content\">La presidenta del Congreso de los Diputados, Francina Armengol, visitar\u00e1 el IES Elisa y Luis Villamil para impartir la conferencia inaugural del 18 Foro Comunicaci\u00f3n y Escuela.\u00a0 La que es la tercera autoridad de Espa\u00f1a disertar\u00e1 ante los alumnos y alumnas de Bachillerato sobre \u201cEl papel del Parlamento en el &#8230;<\/div>\n<div class=\"pt-cv-rmwrap\"><a href=\"https:\/\/www.comunicacionyescuela.es\/2026\/la-presidenta-del-congreso-de-los-diputados-pronunciara-la-primera-conferencia-del-18-foro\/\" class=\"_self pt-cv-readmore btn btn-success\" target=\"_self\" >Leer M\u00e1s<\/a><\/div>\n<div class=\"pt-cv-meta-fields\"><span class=\"entry-date\"> <time datetime=\"2026-04-24T12:47:45+02:00\">24 de abril de 2026<\/time><\/span><\/div><\/div>\n<div class=\" pt-cv-content-item pt-cv-1-col\" ><div class=\"pt-cv-thumb-wrapper  \"><a href=\"https:\/\/www.comunicacionyescuela.es\/2026\/impresionante-exposicion-literaria-en-el-paseo-fluvial-del-rio-suaron\/\" class=\"_self pt-cv-href-thumbnail pt-cv-thumb-default\" target=\"_self\" ><img loading=\"lazy\" decoding=\"async\" width=\"600\" height=\"450\" src=\"https:\/\/www.comunicacionyescuela.es\/2026\/wp-content\/uploads\/2026\/04\/20260416_133603.jpg\" class=\"pt-cv-thumbnail\" alt=\"\" \/><\/a><\/div>\n<h4 class=\"pt-cv-title\"><a href=\"https:\/\/www.comunicacionyescuela.es\/2026\/impresionante-exposicion-literaria-en-el-paseo-fluvial-del-rio-suaron\/\" class=\"_self\" target=\"_self\" >Impresionante exposici\u00f3n literaria en el paseo fluvial del R\u00edo Suar\u00f3n<\/a><\/h4>\n<div class=\"pt-cv-content\">Una espectacular exposici\u00f3n literaria con paneles que recogen fragmentos de libros de todas las autoras que participaron en las dos jornadas\u00a0 \u201cMujer y literatura\u201d fue inaugurada en el paseo fluvial que discurre paralelo al curso del R\u00edo Suar\u00f3n. Durante un recorrido de m\u00e1s de 500 metros se puede visitar este &#8230;<\/div>\n<div class=\"pt-cv-rmwrap\"><a href=\"https:\/\/www.comunicacionyescuela.es\/2026\/impresionante-exposicion-literaria-en-el-paseo-fluvial-del-rio-suaron\/\" class=\"_self pt-cv-readmore btn btn-success\" target=\"_self\" >Leer M\u00e1s<\/a><\/div>\n<div class=\"pt-cv-meta-fields\"><span class=\"entry-date\"> <time datetime=\"2026-04-24T12:46:12+02:00\">24 de abril de 2026<\/time><\/span><\/div><\/div>\n<div class=\" pt-cv-content-item pt-cv-1-col\" ><div class=\"pt-cv-thumb-wrapper  \"><a href=\"https:\/\/www.comunicacionyescuela.es\/2026\/los-centros-educativos-de-oscos-eo-se-llenan-de-mujeres-escritoras\/\" class=\"_self pt-cv-href-thumbnail pt-cv-thumb-default\" target=\"_self\" ><img loading=\"lazy\" decoding=\"async\" width=\"600\" height=\"450\" src=\"https:\/\/www.comunicacionyescuela.es\/2026\/wp-content\/uploads\/2026\/04\/IMG-20260416-WA0137.jpg\" class=\"pt-cv-thumbnail\" alt=\"\" \/><\/a><\/div>\n<h4 class=\"pt-cv-title\"><a href=\"https:\/\/www.comunicacionyescuela.es\/2026\/los-centros-educativos-de-oscos-eo-se-llenan-de-mujeres-escritoras\/\" class=\"_self\" target=\"_self\" >Los centros educativos de Oscos-Eo se llenan de mujeres escritoras<\/a><\/h4>\n<div class=\"pt-cv-content\">Una aut\u00e9ntica fiesta de la literatura con autoras venidas desde diferentes lugares de Espa\u00f1a y con la participaci\u00f3n de estudiantes del Colegio Jovellanos, Colegio La Paloma, CRA R\u00eda del Eo, CRA Oscos e IES Elisa y Luis Villamil. Nuestra gratitud a Beatriz Os\u00e9s, Isabel Molina, Mar\u00eda Teresa \u00c1lvarez, Chiqui Fabregat, &#8230;<\/div>\n<div class=\"pt-cv-rmwrap\"><a href=\"https:\/\/www.comunicacionyescuela.es\/2026\/los-centros-educativos-de-oscos-eo-se-llenan-de-mujeres-escritoras\/\" class=\"_self pt-cv-readmore btn btn-success\" target=\"_self\" >Leer M\u00e1s<\/a><\/div>\n<div class=\"pt-cv-meta-fields\"><span class=\"entry-date\"> <time datetime=\"2026-04-24T12:44:25+02:00\">24 de abril de 2026<\/time><\/span><\/div><\/div>\n<div class=\" pt-cv-content-item pt-cv-1-col\" ><div class=\"pt-cv-thumb-wrapper  \"><a href=\"https:\/\/www.comunicacionyescuela.es\/2026\/un-repaso-al-papel-de-la-mujer-en-la-literatura-con-dos-autoras-de-altura\/\" class=\"_self pt-cv-href-thumbnail pt-cv-thumb-default\" target=\"_self\" ><img loading=\"lazy\" decoding=\"async\" width=\"600\" height=\"450\" src=\"https:\/\/www.comunicacionyescuela.es\/2026\/wp-content\/uploads\/2026\/04\/20260415_201414.jpg\" class=\"pt-cv-thumbnail\" alt=\"\" \/><\/a><\/div>\n<h4 class=\"pt-cv-title\"><a href=\"https:\/\/www.comunicacionyescuela.es\/2026\/un-repaso-al-papel-de-la-mujer-en-la-literatura-con-dos-autoras-de-altura\/\" class=\"_self\" target=\"_self\" >Un repaso al papel de la mujer en la literatura con dos autoras de altura<\/a><\/h4>\n<div class=\"pt-cv-content\">Las escritoras Mar\u00eda Teresa \u00c1lvarez y Maite Uceda\u00a0 hicieron notar su genialidad literaria en el coloquio que tuvo lugar en la Biblioteca Men\u00e9ndez Pelayo de Castropol. Durante su intervenci\u00f3n, ambas autoras, profundizaron en el significado de su obra creadora, as\u00ed como en su visi\u00f3n sobre el papel que la mujer &#8230;<\/div>\n<div class=\"pt-cv-rmwrap\"><a href=\"https:\/\/www.comunicacionyescuela.es\/2026\/un-repaso-al-papel-de-la-mujer-en-la-literatura-con-dos-autoras-de-altura\/\" class=\"_self pt-cv-readmore btn btn-success\" target=\"_self\" >Leer M\u00e1s<\/a><\/div>\n<div class=\"pt-cv-meta-fields\"><span class=\"entry-date\"> <time datetime=\"2026-04-24T12:42:58+02:00\">24 de abril de 2026<\/time><\/span><\/div><\/div>\n<div class=\" pt-cv-content-item pt-cv-1-col\" ><div class=\"pt-cv-thumb-wrapper  \"><a href=\"https:\/\/www.comunicacionyescuela.es\/2026\/la-academica-y-escritora-carme-riera-magistral-en-vegadeo\/\" class=\"_self pt-cv-href-thumbnail pt-cv-thumb-default\" target=\"_self\" ><img loading=\"lazy\" decoding=\"async\" width=\"600\" height=\"450\" src=\"https:\/\/www.comunicacionyescuela.es\/2026\/wp-content\/uploads\/2026\/04\/IMG-20260415-WA0073.jpg\" class=\"pt-cv-thumbnail\" alt=\"\" \/><\/a><\/div>\n<h4 class=\"pt-cv-title\"><a href=\"https:\/\/www.comunicacionyescuela.es\/2026\/la-academica-y-escritora-carme-riera-magistral-en-vegadeo\/\" class=\"_self\" target=\"_self\" >La acad\u00e9mica y escritora, Carme Riera, magistral en Vegadeo<\/a><\/h4>\n<div class=\"pt-cv-content\">En el primer d\u00eda de la jornada \u00abMujer y literatura\u00bb, la escritora, catedr\u00e1tica y acad\u00e9mica de la RAE, Carme Riera, imparti\u00f3 una magistral conferencia al alumnado de 2\u00b0 de Bachillerato del IES Elisa y Luis Villamil. Durante su intervenci\u00f3n hizo alusi\u00f3n a la importancia de que los j\u00f3venes se eduquen &#8230;<\/div>\n<div class=\"pt-cv-rmwrap\"><a href=\"https:\/\/www.comunicacionyescuela.es\/2026\/la-academica-y-escritora-carme-riera-magistral-en-vegadeo\/\" class=\"_self pt-cv-readmore btn btn-success\" target=\"_self\" >Leer M\u00e1s<\/a><\/div>\n<div class=\"pt-cv-meta-fields\"><span class=\"entry-date\"> <time datetime=\"2026-04-24T12:41:19+02:00\">24 de abril de 2026<\/time><\/span><\/div><\/div>\n<div class=\" pt-cv-content-item pt-cv-1-col\" ><div class=\"pt-cv-thumb-wrapper  \"><a href=\"https:\/\/www.comunicacionyescuela.es\/2026\/comienzan-las-jornadas-mujer-y-literatura\/\" class=\"_self pt-cv-href-thumbnail pt-cv-thumb-default\" target=\"_self\" ><img loading=\"lazy\" decoding=\"async\" width=\"405\" height=\"502\" src=\"https:\/\/www.comunicacionyescuela.es\/2026\/wp-content\/uploads\/2026\/04\/IMG-20260414-WA0004.jpg\" class=\"pt-cv-thumbnail\" alt=\"\" \/><\/a><\/div>\n<h4 class=\"pt-cv-title\"><a href=\"https:\/\/www.comunicacionyescuela.es\/2026\/comienzan-las-jornadas-mujer-y-literatura\/\" class=\"_self\" target=\"_self\" >Comienzan las jornadas \u201cMujer y literatura\u201d<\/a><\/h4>\n<div class=\"pt-cv-content\">Comienzan dos d\u00edas de gran intensidad literaria con las jornadas \u00abMujer y literatura\u00bb: 15 de abril: Durante ma\u00f1ana la escritora M\u00f3nica Rodr\u00edguez estar\u00e1 con los alumnos\/as del CR A Oscos y del CRA R\u00eda del Eo. La escritora y catedr\u00e1tica catalana y miembro de la Real Academia Espa\u00f1ola, Carme Riera, &#8230;<\/div>\n<div class=\"pt-cv-rmwrap\"><a href=\"https:\/\/www.comunicacionyescuela.es\/2026\/comienzan-las-jornadas-mujer-y-literatura\/\" class=\"_self pt-cv-readmore btn btn-success\" target=\"_self\" >Leer M\u00e1s<\/a><\/div>\n<div class=\"pt-cv-meta-fields\"><span class=\"entry-date\"> <time datetime=\"2026-04-24T12:39:07+02:00\">24 de abril de 2026<\/time><\/span><\/div><\/div>\n<div class=\" pt-cv-content-item pt-cv-1-col\" ><div class=\"pt-cv-thumb-wrapper  \"><a href=\"https:\/\/www.comunicacionyescuela.es\/2026\/presentada-la-programacion-del-18-foro-comunicacion-y-escuela\/\" class=\"_self pt-cv-href-thumbnail pt-cv-thumb-default\" target=\"_self\" ><img loading=\"lazy\" decoding=\"async\" width=\"600\" height=\"400\" src=\"https:\/\/www.comunicacionyescuela.es\/2026\/wp-content\/uploads\/2026\/04\/IMG-20260409-WA0145.jpg\" class=\"pt-cv-thumbnail\" alt=\"\" \/><\/a><\/div>\n<h4 class=\"pt-cv-title\"><a href=\"https:\/\/www.comunicacionyescuela.es\/2026\/presentada-la-programacion-del-18-foro-comunicacion-y-escuela\/\" class=\"_self\" target=\"_self\" >Presentada la programaci\u00f3n del 18 Foro Comunicaci\u00f3n y Escuela<\/a><\/h4>\n<div class=\"pt-cv-content\">Hemos presentado la programaci\u00f3n del 18 Foro Comunicaci\u00f3n y Escuela en un emotivo acto desarrollado en la Escuela Rural de San Juan de Moldes. Durante el acto: Se rindi\u00f3 homenaje a 23 antiguos alumnos\/as de las diferentes generaciones que estudiaron en ese centro educativo de un siglo de vida; y &#8230;<\/div>\n<div class=\"pt-cv-rmwrap\"><a href=\"https:\/\/www.comunicacionyescuela.es\/2026\/presentada-la-programacion-del-18-foro-comunicacion-y-escuela\/\" class=\"_self pt-cv-readmore btn btn-success\" target=\"_self\" >Leer M\u00e1s<\/a><\/div>\n<div class=\"pt-cv-meta-fields\"><span class=\"entry-date\"> <time datetime=\"2026-04-24T12:36:44+02:00\">24 de abril de 2026<\/time><\/span><\/div><\/div>\n<div class=\" pt-cv-content-item pt-cv-1-col\" ><div class=\"pt-cv-thumb-wrapper  \"><a href=\"https:\/\/www.comunicacionyescuela.es\/2026\/el-alumno-mario-fernandez-gonzalez-disena-el-cartel-del-18-foro\/\" class=\"_self pt-cv-href-thumbnail pt-cv-thumb-default\" target=\"_self\" ><img loading=\"lazy\" decoding=\"async\" width=\"405\" height=\"565\" src=\"https:\/\/www.comunicacionyescuela.es\/2026\/wp-content\/uploads\/2026\/04\/IMG-20260327-WA0014-1.jpg\" class=\"pt-cv-thumbnail\" alt=\"\" \/><\/a><\/div>\n<h4 class=\"pt-cv-title\"><a href=\"https:\/\/www.comunicacionyescuela.es\/2026\/el-alumno-mario-fernandez-gonzalez-disena-el-cartel-del-18-foro\/\" class=\"_self\" target=\"_self\" >El alumno Mario Fern\u00e1ndez Gonz\u00e1lez dise\u00f1a el cartel del 18 Foro<\/a><\/h4>\n<div class=\"pt-cv-content\">El alumno de 3\u00ba de Educaci\u00f3n Secundaria del IES Elisa y Luis Villamil es el autor del dise\u00f1o del cartel oficial de esta edici\u00f3n del Foro. Mario Fern\u00e1ndez practica la pintura desde ni\u00f1o y este verano expuso algunas de sus obras en la Biblioteca Men\u00e9ndez Pelayo de Castropol. Es la &#8230;<\/div>\n<div class=\"pt-cv-rmwrap\"><a href=\"https:\/\/www.comunicacionyescuela.es\/2026\/el-alumno-mario-fernandez-gonzalez-disena-el-cartel-del-18-foro\/\" class=\"_self pt-cv-readmore btn btn-success\" target=\"_self\" >Leer M\u00e1s<\/a><\/div>\n<div class=\"pt-cv-meta-fields\"><span class=\"entry-date\"> <time datetime=\"2026-04-24T12:31:31+02:00\">24 de abril de 2026<\/time><\/span><\/div><\/div>\n<div class=\" pt-cv-content-item pt-cv-1-col\" ><div class=\"pt-cv-thumb-wrapper  \"><a href=\"https:\/\/www.comunicacionyescuela.es\/2026\/presentacion-del-18-foro-comunicacion-y-escuela\/\" class=\"_self pt-cv-href-thumbnail pt-cv-thumb-default\" target=\"_self\" ><img loading=\"lazy\" decoding=\"async\" width=\"405\" height=\"502\" src=\"https:\/\/www.comunicacionyescuela.es\/2026\/wp-content\/uploads\/2026\/04\/IMG-20260401-WA0001-1.jpg\" class=\"pt-cv-thumbnail\" alt=\"\" \/><\/a><\/div>\n<h4 class=\"pt-cv-title\"><a href=\"https:\/\/www.comunicacionyescuela.es\/2026\/presentacion-del-18-foro-comunicacion-y-escuela\/\" class=\"_self\" target=\"_self\" >Presentaci\u00f3n del 18 Foro Comunicaci\u00f3n y Escuela<\/a><\/h4>\n<div class=\"pt-cv-content\">Comenzamos el 18 Foro Comunicaci\u00f3n y Escuela, una edici\u00f3n con la que alcanzamos la mayor\u00eda de edad. Y, precisamente por ello, queremos significar el aut\u00e9ntico valor del medio rural eligiendo como lema: \u00abLos valores del medio rural: los valores de Asturias\u00bb. Haremos la presentaci\u00f3n en un lugar emblem\u00e1tico como es &#8230;<\/div>\n<div class=\"pt-cv-rmwrap\"><a href=\"https:\/\/www.comunicacionyescuela.es\/2026\/presentacion-del-18-foro-comunicacion-y-escuela\/\" class=\"_self pt-cv-readmore btn btn-success\" target=\"_self\" >Leer M\u00e1s<\/a><\/div>\n<div class=\"pt-cv-meta-fields\"><span class=\"entry-date\"> <time datetime=\"2026-04-24T12:20:52+02:00\">24 de abril de 2026<\/time><\/span><\/div><\/div><\/div><\/div> <\/div> <style>\n\n#pt-cv-view-7dr8k85x .pt-cv-content-item { background-color: var(--base-2);border-style: none;padding: 0px 0px 0px 0px;border-radius: 15px 15px 15px 15px;box-shadow: 1px 1px 20px 0px #0000000f; }#pt-cv-view-7dr8k85x .pt-cv-meta-fields { margin: 0px 0px 35px 25px; }#pt-cv-view-7dr8k85x .pt-cv-meta-fields * { font-size: 13px; }.pt-cv-heading-container[data-blockid=\"7dr8k85x\"] {  }.pt-cv-heading-container[data-blockid=\"7dr8k85x\"] * { font-weight: 100;font-size: 40px; }#pt-cv-view-7dr8k85x .pt-cv-thumb-wrapper:not(.miniwrap) {  }#pt-cv-view-7dr8k85x .pt-cv-thumbnail:not(.pt-cv-thumbnailsm) { height: 300px; }#pt-cv-view-7dr8k85x .pt-cv-thumb-wrapper {  }#pt-cv-view-7dr8k85x[class*=\"cveffect\"] .pt-cv-thumb-wrapper, #pt-cv-view-7dr8k85x:not([class*=\"cveffect\"]) .pt-cv-thumbnail { border-radius: 15px 15px 0px 0px; }#pt-cv-view-7dr8k85x .pt-cv-thumbnail {  }#pt-cv-view-7dr8k85x .pt-cv-title a { display: block;color: var(--global-color-8);padding: 25px 25px 5px 25px; }#pt-cv-view-7dr8k85x .pt-cv-title:not(.pt-cv-titlesm) a { font-weight: 300;text-decoration: none;font-size: 28px; }#pt-cv-view-7dr8k85x .pt-cv-titlesm a { font-weight: 600;font-size: 18px; }#pt-cv-view-7dr8k85x .pt-cv-content { font-size: 15px;padding: 0px 25px 0px 25px; }#pt-cv-view-7dr8k85x .pt-cv-rmwrap {  }#pt-cv-view-7dr8k85x .pt-cv-readmore { color: var(--global-color-8);background-color: var(--global-color-9);font-size: 14px;margin: 12px 0px 0px 25px; }#pt-cv-view-7dr8k85x .pt-cv-taxoterm {  }#pt-cv-view-7dr8k85x .pt-cv-taxoterm * { color: #222;background-color: #fff6f6;font-size: 14px; }#pt-cv-view-7dr8k85x + .pt-cv-pagination-wrapper {  }#pt-cv-view-7dr8k85x + .pt-cv-pagination-wrapper a { font-size: 14px; }#pt-cv-view-7dr8k85x > .pt-cv-page {grid-template-columns: repeat(3, 1fr);grid-gap: 40px;}#pt-cv-view-7dr8k85x .pt-cv-title a:hover { color: var(--accent); }#pt-cv-view-7dr8k85x .pt-cv-title:not(.pt-cv-titlesm) a:hover {  }#pt-cv-view-7dr8k85x .pt-cv-rmwrap:hover {  }#pt-cv-view-7dr8k85x .pt-cv-readmore:hover { color: var(--global-color-9);background-color: var(--accent); }\n@media all and (max-width: 1024px) { \n#pt-cv-view-7dr8k85x > .pt-cv-page {grid-template-columns: repeat(2, 1fr);}\n} \n@media all and (max-width: 767px) { \n#pt-cv-view-7dr8k85x > .pt-cv-page {grid-template-columns: repeat(1, 1fr);}\n} <\/style>","protected":false},"excerpt":{"rendered":"","protected":false},"author":1,"featured_media":0,"parent":0,"menu_order":0,"comment_status":"closed","ping_status":"closed","template":"","meta":{"ngg_post_thumbnail":0,"footnotes":""},"class_list":["post-11","page","type-page","status-publish"],"_links":{"self":[{"href":"https:\/\/www.comunicacionyescuela.es\/2026\/wp-json\/wp\/v2\/pages\/11","targetHints":{"allow":["GET"]}}],"collection":[{"href":"https:\/\/www.comunicacionyescuela.es\/2026\/wp-json\/wp\/v2\/pages"}],"about":[{"href":"https:\/\/www.comunicacionyescuela.es\/2026\/wp-json\/wp\/v2\/types\/page"}],"author":[{"embeddable":true,"href":"https:\/\/www.comunicacionyescuela.es\/2026\/wp-json\/wp\/v2\/users\/1"}],"replies":[{"embeddable":true,"href":"https:\/\/www.comunicacionyescuela.es\/2026\/wp-json\/wp\/v2\/comments?post=11"}],"version-history":[{"count":13,"href":"https:\/\/www.comunicacionyescuela.es\/2026\/wp-json\/wp\/v2\/pages\/11\/revisions"}],"predecessor-version":[{"id":6455,"href":"https:\/\/www.comunicacionyescuela.es\/2026\/wp-json\/wp\/v2\/pages\/11\/revisions\/6455"}],"wp:attachment":[{"href":"https:\/\/www.comunicacionyescuela.es\/2026\/wp-json\/wp\/v2\/media?parent=11"}],"curies":[{"name":"wp","href":"https:\/\/api.w.org\/{rel}","templated":true}]}}