{"id":443,"date":"2021-04-02T17:14:09","date_gmt":"2021-04-02T15:14:09","guid":{"rendered":"https:\/\/comunicacionyescuela.es\/2021\/?post_type=tribe_events&#038;p=443"},"modified":"2021-04-02T17:14:09","modified_gmt":"2021-04-02T15:14:09","slug":"el-foro-en-la-nube","status":"publish","type":"tribe_events","link":"https:\/\/www.comunicacionyescuela.es\/2021\/event\/el-foro-en-la-nube\/","title":{"rendered":"El Foro en la \u201cNube\u201d"},"content":{"rendered":"<p>Las Tecnolog\u00edas de la Informaci\u00f3n y la Comunicaci\u00f3n son de<br \/>\nvital importancia en el \u00e1mbito escolar (competencia digital). No<br \/>\nen vano formamos parte de esta sociedad, conocida como de<br \/>\nla Informaci\u00f3n y las Nuevas Tecnolog\u00edas. Por otro lado, el hecho<br \/>\nde desarrollar un pensamiento cr\u00edtico en el alumno es uno de los<br \/>\naspectos recogidos en la competencia social y c\u00edvica. A lo que<br \/>\nse a\u00f1ade la competencia de conciencia y expresiones culturales<br \/>\n(expresi\u00f3n, sensibilidad, sentido est\u00e9tico).<br \/>\nLas tres competencias clave mencionadas son los pilares sobre<br \/>\nlos que se sustenta este proyecto, que toma forma final en la<br \/>\npresentaci\u00f3n de dos concursos:<br \/>\nConcurso \u201cPienso, luego comento\u201d.<br \/>\nEl presente concurso, organizado en el marco de las actividades<br \/>\ndel XIII Foro Comunicaci\u00f3n y Escuela, tiene como finalidad<br \/>\nprincipal potenciar y fomentar la participaci\u00f3n de los alumnos en la<br \/>\nweb del Foro. Es decir, se pretende que el alumnado del IES Elisa<br \/>\ny Luis Villamil y los dem\u00e1s centros educativos participantes en la<br \/>\npresente edici\u00f3n del Foro Comunicaci\u00f3n y Escuela conozca la<br \/>\nidentidad digital del proyecto y consulte la informaci\u00f3n disponible<br \/>\nal respecto en la red.<br \/>\n<strong>DESCRIPCI\u00d3N DEL CONCURSO:<\/strong><br \/>\nSe trata de consultar la web del Foro y participar en la misma a<br \/>\ntrav\u00e9s de comentarios de los distintos art\u00edculos publicados.<br \/>\n<strong>PARTICIPANTES:<\/strong><br \/>\nPodr\u00e1n participar en este concurso todos los alumnos del instituto<br \/>\nElisa y Luis Villamil, as\u00ed como los de los centros de Educaci\u00f3n<br \/>\nPrimaria y Secundaria que participan en alguna de las actividades<br \/>\nde la presente edici\u00f3n del Foro Comunicaci\u00f3n y Escuela.<br \/>\n<strong>BASES:<\/strong><br \/>\nCada participante podr\u00e1 presentar tantos comentarios como<br \/>\ndesee. Dichos comentarios ir\u00e1n acompa\u00f1ados del nombre,<br \/>\napellidos, centro al que pertenece el alumno y nivel que cursa.<br \/>\nLos comentarios ser\u00e1n objeto de moderaci\u00f3n por los<br \/>\nresponsables de la p\u00e1gina web, no siendo publicados aquellos<br \/>\nque resulten ofensivos o irrespetuosos.<br \/>\nQuedar\u00e1 excluido del concurso todo participante que no sea<br \/>\nalumno de los centros de ense\u00f1anza mencionados.<br \/>\nAsimismo, se excluir\u00e1n todos los comentarios que no hayan sido<br \/>\ndebidamente identificados.<br \/>\nSe valorar\u00e1n los comentarios que muestren opiniones bien<br \/>\nfundamentadas y que resulten originales.<br \/>\n<strong>CATEGOR\u00cdAS:<\/strong><br \/>\nSe establecen dos categor\u00edas:<br \/>\nAlumnado de Educaci\u00f3n Primaria.<br \/>\nAlumnado de Educaci\u00f3n Secundaria Obligatoria y Bachillerato.<br \/>\n<strong>PLAZOS:<\/strong><br \/>\nEl periodo de participaci\u00f3n se extiende desde el 12 de abril hasta<br \/>\nel 31 de octubre de 2021.<br \/>\n<strong>SELECCI\u00d3N DE LOS GANADORES:<\/strong><br \/>\nLa organizaci\u00f3n realizar\u00e1 una primera selecci\u00f3n de los mejores<br \/>\ncomentarios por categor\u00edas. Posteriormente, un jurado formado<br \/>\npor profesorado del centro ser\u00e1 qui\u00e9n elija el comentario ganador<br \/>\n(que se presentar\u00e1 de manera an\u00f3nima para dicha elecci\u00f3n) para<br \/>\ncada una de las categor\u00edas.<br \/>\n<strong>PREMIOS:<\/strong><br \/>\nSe establece un premio por categor\u00eda:<br \/>\nMejor comentario de un alumno de E.P.<br \/>\nMejor comentario de un alumno de E.S.O y\/o Bachillerato<br \/>\nEl premio consistir\u00e1 en un vale para comprar dispositivos<br \/>\nrelacionados con las nuevas tecnolog\u00edas.<br \/>\n<strong>ENTREGA DE PREMIOS:<\/strong><br \/>\nLos premios se entregar\u00e1n en la ceremonia de clausura del<br \/>\nXIII Foro, que se celebrar\u00e1 el 19 de noviembre de 2021, y que<br \/>\ndepender\u00e1 de la situaci\u00f3n sanitaria de este momento.<br \/>\nConcurso \u201cMi visi\u00f3n del Foro\u201d.<br \/>\nEste concurso persigue el objetivo de implicar al m\u00e1ximo al<br \/>\nalumnado en el desarrollo de la imagen digital del Foro. Se<br \/>\npretende que nuestros alumnos y alumnas conozcan a fondo<br \/>\ntodas las actividades presentadas no solo en el XIII Foro, sino<br \/>\ntambi\u00e9n en los proyectos predecesores. A trav\u00e9s de la web del<br \/>\nproyecto acceder\u00e1n a la informaci\u00f3n de que aquellas propuestas<br \/>\nen las que no han participado directamente.<br \/>\n<strong>DESCRIPCI\u00d3N DEL CONCURSO:<\/strong><br \/>\nLos alumnos de las materias TIC (4\u00baESO y 1\u00ba Bachillerato)<br \/>\nacceder\u00e1n a toda la informaci\u00f3n del XIII Foro y de los anteriores a<br \/>\ntrav\u00e9s de la web, o bien mediante su participaci\u00f3n directa.<br \/>\nLos alumnos\/as de la materia de Tecnolog\u00edas de la Informaci\u00f3n y<br \/>\nla Comunicaci\u00f3n de 4\u00ba ESO Y 1\u00ba de Bachillerato presentar\u00e1n una<br \/>\nimagen digital editada que responda a su visi\u00f3n personal del Foro<br \/>\nComunicaci\u00f3n y Escuela.<br \/>\n<strong>PARTICIPANTES:<\/strong><br \/>\nPodr\u00e1n participar en este concurso todos los alumnos del instituto<br \/>\nElisa y Luis Villamil que cursen la materia TIC tanto en 4\u00ba ESO<br \/>\ncomo en 1\u00ba Bachillerato.<br \/>\n<strong>BASES:<\/strong><br \/>\nCada participante habr\u00e1 de presentar un solo archivo (imagen),<br \/>\nempleando como formato alguno de los m\u00e1s usuales en este tipo<br \/>\nde archivos multimedia: jpg, png.<br \/>\nLos profesores\/as del Departamento de Tecnolog\u00eda asesorar\u00e1n<br \/>\na su alumnado en la creaci\u00f3n de estos archivos digitales,<br \/>\nindic\u00e1ndoles las posibles aplicaciones a utilizar.<br \/>\nEl archivo se enviar\u00e1 al correo electr\u00f3nico del departamento de<br \/>\nTecnolog\u00edas del centro, y se identificar\u00e1 con el nombre del alumno.<br \/>\nQuedar\u00e1 excluido del concurso todo participante que no sea<br \/>\nalumno de la materia mencionada.<br \/>\nAsimismo, se excluir\u00e1n todos los archivos que no hayan sido<br \/>\ndebidamente identificados.<br \/>\nSe valorar\u00e1 la originalidad y la calidad de la imagen o p\u00f3ster.<br \/>\nLa organizaci\u00f3n del Foro se reserva el derecho de publicar los<br \/>\narchivos objeto de participaci\u00f3n en el concurso en la p\u00e1gina web<br \/>\ndel proyecto.<br \/>\n<strong>CATEGOR\u00cdAS:<\/strong><br \/>\nSe establecen dos categor\u00edas:<br \/>\nAlumnado de 4\u00ba de ESO que cursa la asignatura de TIC.<br \/>\nAlumnado de 1\u00ba de Bachillerato que cursa la asignatura de TIC. .<br \/>\n<strong>PLAZOS:<\/strong><br \/>\nEl periodo de participaci\u00f3n se extiende desde el 12 de abril hasta<br \/>\nel 30 de octubre de 2021.<br \/>\n<strong>SELECCI\u00d3N DE LOS GANADORES:<\/strong><br \/>\nLa organizaci\u00f3n seleccionar\u00e1 la imagen ganadora del XIII Foro<br \/>\nComunicaci\u00f3n y Escuela<br \/>\n<strong>PREMIOS:<\/strong><br \/>\nSe establece un premio por categor\u00eda:<br \/>\nMejor imagen editada del XIII Foro para el alumnado de TIC 4\u00ba<br \/>\nESO. Mejor imagen editada del XIII Foro para el alumnado de TIC<br \/>\n1\u00ba Bachillerato.<br \/>\nAmbos premios consistir\u00e1n en un vale para comprar dispositivos<br \/>\nrelacionados con las nuevas tecnolog\u00edas.<\/p>\n","protected":false},"excerpt":{"rendered":"<p>Las Tecnolog\u00edas de la Informaci\u00f3n y la Comunicaci\u00f3n son de vital importancia en el \u00e1mbito escolar (competencia digital). No en vano formamos parte de esta sociedad, conocida como de la &#8230; <a title=\"El Foro en la \u201cNube\u201d\" class=\"read-more\" href=\"https:\/\/www.comunicacionyescuela.es\/2021\/event\/el-foro-en-la-nube\/\" aria-label=\"Leer m\u00e1s sobre El Foro en la \u201cNube\u201d\">Leer m\u00e1s<\/a><\/p>\n","protected":false},"author":2,"featured_media":0,"comment_status":"open","ping_status":"closed","template":"","meta":{"ngg_post_thumbnail":0,"_tribe_events_status":"","_tribe_events_status_reason":"","footnotes":""},"tags":[],"tribe_events_cat":[40],"_EventStartDate":"2021-04-02 15:14:10","_EventEndDate":"2021-04-02 15:14:10","_EventAllDay":"","metadatos":{"_EventOrigin":["events-calendar"],"_tribe_modified_fields":["a:19:{s:12:\"_EventOrigin\";i:1617383333;s:10:\"_edit_last\";i:1617383361;s:10:\"post_title\";i:1617383361;s:11:\"post_status\";i:1617383650;s:12:\"post_content\";i:1617383650;s:16:\"tribe_events_cat\";i:1617376450;s:17:\"_EventShowMapLink\";i:1617383650;s:13:\"_EventShowMap\";i:1617383650;s:15:\"_EventStartDate\";i:1617383650;s:13:\"_EventEndDate\";i:1617383650;s:18:\"_EventStartDateUTC\";i:1617383650;s:16:\"_EventEndDateUTC\";i:1617383650;s:14:\"_EventDuration\";i:1617383650;s:20:\"_EventCurrencySymbol\";i:1617383650;s:22:\"_EventCurrencyPosition\";i:1617383650;s:10:\"_EventCost\";i:1617383650;s:9:\"_EventURL\";i:1617383650;s:14:\"_EventTimezone\";i:1617383650;s:18:\"_EventTimezoneAbbr\";i:1617383650;}"],"_edit_lock":["1617376573:2"],"_edit_last":["2"],"_EventShowMapLink":[""],"_EventShowMap":[""],"_EventStartDate":["2021-04-02 15:14:10"],"_EventEndDate":["2021-04-02 15:14:10"],"_EventStartDateUTC":["2021-04-02 13:14:10"],"_EventEndDateUTC":["2021-04-02 13:14:10"],"_EventDuration":["0"],"_EventCurrencySymbol":[""],"_EventCurrencyPosition":["prefix"],"_EventCost":[""],"_EventURL":[""],"_EventTimezone":["Europe\/Madrid"],"_EventTimezoneAbbr":["CEST"]},"_links":{"self":[{"href":"https:\/\/www.comunicacionyescuela.es\/2021\/wp-json\/wp\/v2\/tribe_events\/443"}],"collection":[{"href":"https:\/\/www.comunicacionyescuela.es\/2021\/wp-json\/wp\/v2\/tribe_events"}],"about":[{"href":"https:\/\/www.comunicacionyescuela.es\/2021\/wp-json\/wp\/v2\/types\/tribe_events"}],"author":[{"embeddable":true,"href":"https:\/\/www.comunicacionyescuela.es\/2021\/wp-json\/wp\/v2\/users\/2"}],"replies":[{"embeddable":true,"href":"https:\/\/www.comunicacionyescuela.es\/2021\/wp-json\/wp\/v2\/comments?post=443"}],"version-history":[{"count":1,"href":"https:\/\/www.comunicacionyescuela.es\/2021\/wp-json\/wp\/v2\/tribe_events\/443\/revisions"}],"predecessor-version":[{"id":444,"href":"https:\/\/www.comunicacionyescuela.es\/2021\/wp-json\/wp\/v2\/tribe_events\/443\/revisions\/444"}],"wp:attachment":[{"href":"https:\/\/www.comunicacionyescuela.es\/2021\/wp-json\/wp\/v2\/media?parent=443"}],"wp:term":[{"taxonomy":"post_tag","embeddable":true,"href":"https:\/\/www.comunicacionyescuela.es\/2021\/wp-json\/wp\/v2\/tags?post=443"},{"taxonomy":"tribe_events_cat","embeddable":true,"href":"https:\/\/www.comunicacionyescuela.es\/2021\/wp-json\/wp\/v2\/tribe_events_cat?post=443"}],"curies":[{"name":"wp","href":"https:\/\/api.w.org\/{rel}","templated":true}]}}