{"id":25,"date":"2020-02-26T12:32:20","date_gmt":"2020-02-26T11:32:20","guid":{"rendered":"https:\/\/comunicacionyescuela.es\/2020\/?page_id=25"},"modified":"2024-04-05T12:05:27","modified_gmt":"2024-04-05T10:05:27","slug":"portada","status":"publish","type":"page","link":"https:\/\/www.comunicacionyescuela.es\/2021\/","title":{"rendered":"Portada"},"content":{"rendered":"<div class='pt-cv-wrapper'> <div class=\"pt-cv-view pt-cv-blockgrid iscvblock iscvreal grid1 layout2\" id=\"pt-cv-view-0qe0y4lk\"><div data-id=\"pt-cv-page-1\" class=\"pt-cv-page\" data-cvc=\"3\"><div class=\" pt-cv-content-item pt-cv-1-col\" ><div class=\"pt-cv-thumb-wrapper  \"><a href=\"https:\/\/www.comunicacionyescuela.es\/2021\/actualidad-del-foro\/exito-del-acto-institucional-de-clausura-del-xiii-foro-comunicacion-y-escuela\/\" class=\"_self pt-cv-href-thumbnail pt-cv-thumb-default\" target=\"_self\" ><img loading=\"lazy\" decoding=\"async\" width=\"768\" height=\"512\" src=\"https:\/\/www.comunicacionyescuela.es\/2021\/wp-content\/uploads\/2021\/11\/Foro-exito-clausura-768x512.jpg\" class=\"pt-cv-thumbnail\" alt=\"\" \/><\/a><\/div>\n<div class=\"pt-cv-remain-wrapper\"><div class=\"pt-cv-taxoterm above_title\"><a href='https:\/\/www.comunicacionyescuela.es\/2021\/category\/actualidad-del-foro\/' title='Actualidad del Foro' class='pt-cv-tax-actualidad-del-foro'>Actualidad del Foro<\/a><\/div><h4 class=\"pt-cv-title\"><a href=\"https:\/\/www.comunicacionyescuela.es\/2021\/actualidad-del-foro\/exito-del-acto-institucional-de-clausura-del-xiii-foro-comunicacion-y-escuela\/\" class=\"_self\" target=\"_self\" >\u00c9xito del acto institucional de clausura del XIII Foro Comunicaci\u00f3n y Escuela<\/a><\/h4><div class=\"pt-cv-content\">Con gran \u00e9xito y con la asistencia de cerca de 200 personas que abarrotaban el Polideportivo Municipal de Vegadeo, adaptado &#8230;<\/div><div class=\"pt-cv-rmwrap\"><a href=\"https:\/\/www.comunicacionyescuela.es\/2021\/actualidad-del-foro\/exito-del-acto-institucional-de-clausura-del-xiii-foro-comunicacion-y-escuela\/\" class=\"_self pt-cv-readmore btn btn-success\" target=\"_self\" >Leer M\u00e1s<\/a><\/div><\/div><\/div>\n<div class=\" pt-cv-content-item pt-cv-1-col\" ><div class=\"pt-cv-thumb-wrapper  \"><a href=\"https:\/\/www.comunicacionyescuela.es\/2021\/actualidad-del-foro\/primera-firma-en-el-libro-de-honor-del-foro-comunicacion-y-escuela\/\" class=\"_self pt-cv-href-thumbnail pt-cv-thumb-default\" target=\"_self\" ><img loading=\"lazy\" decoding=\"async\" width=\"768\" height=\"512\" src=\"https:\/\/www.comunicacionyescuela.es\/2021\/wp-content\/uploads\/2021\/11\/Foto-libro-de-honor-768x512.jpg\" class=\"pt-cv-thumbnail\" alt=\"\" \/><\/a><\/div>\n<div class=\"pt-cv-remain-wrapper\"><div class=\"pt-cv-taxoterm above_title\"><a href='https:\/\/www.comunicacionyescuela.es\/2021\/category\/actualidad-del-foro\/' title='Actualidad del Foro' class='pt-cv-tax-actualidad-del-foro'>Actualidad del Foro<\/a><\/div><h4 class=\"pt-cv-title\"><a href=\"https:\/\/www.comunicacionyescuela.es\/2021\/actualidad-del-foro\/primera-firma-en-el-libro-de-honor-del-foro-comunicacion-y-escuela\/\" class=\"_self\" target=\"_self\" >Primera firma en el Libro de Honor del Foro Comunicaci\u00f3n y Escuela<\/a><\/h4><div class=\"pt-cv-content\">En el acto de clausura se puso la primera firma en el Libro de Honor del Foro Comunicaci\u00f3n y Escuela &#8230;<\/div><div class=\"pt-cv-rmwrap\"><a href=\"https:\/\/www.comunicacionyescuela.es\/2021\/actualidad-del-foro\/primera-firma-en-el-libro-de-honor-del-foro-comunicacion-y-escuela\/\" class=\"_self pt-cv-readmore btn btn-success\" target=\"_self\" >Leer M\u00e1s<\/a><\/div><\/div><\/div>\n<div class=\" pt-cv-content-item pt-cv-1-col\" ><div class=\"pt-cv-thumb-wrapper  \"><a href=\"https:\/\/www.comunicacionyescuela.es\/2021\/actualidad-del-foro\/el-empresario-francisco-rodriguez-recibe-la-primera-insignia-de-oro-del-foro-comunicacion-y-escuela\/\" class=\"_self pt-cv-href-thumbnail pt-cv-thumb-default\" target=\"_self\" ><img loading=\"lazy\" decoding=\"async\" width=\"768\" height=\"512\" src=\"https:\/\/www.comunicacionyescuela.es\/2021\/wp-content\/uploads\/2021\/11\/Foto-insignia-768x512.jpg\" class=\"pt-cv-thumbnail\" alt=\"\" \/><\/a><\/div>\n<div class=\"pt-cv-remain-wrapper\"><div class=\"pt-cv-taxoterm above_title\"><a href='https:\/\/www.comunicacionyescuela.es\/2021\/category\/actualidad-del-foro\/' title='Actualidad del Foro' class='pt-cv-tax-actualidad-del-foro'>Actualidad del Foro<\/a><\/div><h4 class=\"pt-cv-title\"><a href=\"https:\/\/www.comunicacionyescuela.es\/2021\/actualidad-del-foro\/el-empresario-francisco-rodriguez-recibe-la-primera-insignia-de-oro-del-foro-comunicacion-y-escuela\/\" class=\"_self\" target=\"_self\" >El empresario Francisco Rodr\u00edguez recibe la primera insignia de oro del Foro Comunicaci\u00f3n y Escuela<\/a><\/h4><div class=\"pt-cv-content\">El empresario fundador de Industrias L\u00e1cteas Asturianas-Reny Picot, Francisco Rodr\u00edguez, recibi\u00f3 un caluroso homenaje en el acto de clausura de &#8230;<\/div><div class=\"pt-cv-rmwrap\"><a href=\"https:\/\/www.comunicacionyescuela.es\/2021\/actualidad-del-foro\/el-empresario-francisco-rodriguez-recibe-la-primera-insignia-de-oro-del-foro-comunicacion-y-escuela\/\" class=\"_self pt-cv-readmore btn btn-success\" target=\"_self\" >Leer M\u00e1s<\/a><\/div><\/div><\/div>\n<div class=\" pt-cv-content-item pt-cv-1-col\" ><div class=\"pt-cv-thumb-wrapper  \"><a href=\"https:\/\/www.comunicacionyescuela.es\/2021\/actualidad-del-foro\/premios-el-foro-en-la-nube\/\" class=\"_self pt-cv-href-thumbnail pt-cv-thumb-default\" target=\"_self\" ><img loading=\"lazy\" decoding=\"async\" width=\"768\" height=\"512\" src=\"https:\/\/www.comunicacionyescuela.es\/2021\/wp-content\/uploads\/2021\/11\/Foto-Foro-Nube-768x512.jpg\" class=\"pt-cv-thumbnail\" alt=\"\" \/><\/a><\/div>\n<div class=\"pt-cv-remain-wrapper\"><div class=\"pt-cv-taxoterm above_title\"><a href='https:\/\/www.comunicacionyescuela.es\/2021\/category\/actualidad-del-foro\/' title='Actualidad del Foro' class='pt-cv-tax-actualidad-del-foro'>Actualidad del Foro<\/a><\/div><h4 class=\"pt-cv-title\"><a href=\"https:\/\/www.comunicacionyescuela.es\/2021\/actualidad-del-foro\/premios-el-foro-en-la-nube\/\" class=\"_self\" target=\"_self\" >Premios el Foro en la Nube<\/a><\/h4><div class=\"pt-cv-content\">Se entregaron como viene siendo habitual en el acto de clausura de cada edici\u00f3n del Foro los premios el Foro &#8230;<\/div><div class=\"pt-cv-rmwrap\"><a href=\"https:\/\/www.comunicacionyescuela.es\/2021\/actualidad-del-foro\/premios-el-foro-en-la-nube\/\" class=\"_self pt-cv-readmore btn btn-success\" target=\"_self\" >Leer M\u00e1s<\/a><\/div><\/div><\/div>\n<div class=\" pt-cv-content-item pt-cv-1-col\" ><div class=\"pt-cv-thumb-wrapper  \"><a href=\"https:\/\/www.comunicacionyescuela.es\/2021\/actualidad-del-foro\/homenaje-a-los-alumnos-participantes-en-el-foro\/\" class=\"_self pt-cv-href-thumbnail pt-cv-thumb-default\" target=\"_self\" ><img loading=\"lazy\" decoding=\"async\" width=\"768\" height=\"512\" src=\"https:\/\/www.comunicacionyescuela.es\/2021\/wp-content\/uploads\/2021\/11\/Foto-alumnos-768x512.jpg\" class=\"pt-cv-thumbnail\" alt=\"\" \/><\/a><\/div>\n<div class=\"pt-cv-remain-wrapper\"><div class=\"pt-cv-taxoterm above_title\"><a href='https:\/\/www.comunicacionyescuela.es\/2021\/category\/actualidad-del-foro\/' title='Actualidad del Foro' class='pt-cv-tax-actualidad-del-foro'>Actualidad del Foro<\/a><\/div><h4 class=\"pt-cv-title\"><a href=\"https:\/\/www.comunicacionyescuela.es\/2021\/actualidad-del-foro\/homenaje-a-los-alumnos-participantes-en-el-foro\/\" class=\"_self\" target=\"_self\" >Homenaje a los alumnos participantes en el Foro<\/a><\/h4><div class=\"pt-cv-content\">El acto de clausura de esta XIII edici\u00f3n tambi\u00e9n sirvi\u00f3 para homenajear a los miles de estudiantes que han participado &#8230;<\/div><div class=\"pt-cv-rmwrap\"><a href=\"https:\/\/www.comunicacionyescuela.es\/2021\/actualidad-del-foro\/homenaje-a-los-alumnos-participantes-en-el-foro\/\" class=\"_self pt-cv-readmore btn btn-success\" target=\"_self\" >Leer M\u00e1s<\/a><\/div><\/div><\/div>\n<div class=\" pt-cv-content-item pt-cv-1-col\" ><div class=\"pt-cv-thumb-wrapper  \"><a href=\"https:\/\/www.comunicacionyescuela.es\/2021\/actualidad-del-foro\/entrega-de-los-pupitres-de-honor-del-foro-comunicacion-y-escuela\/\" class=\"_self pt-cv-href-thumbnail pt-cv-thumb-default\" target=\"_self\" ><img loading=\"lazy\" decoding=\"async\" width=\"768\" height=\"1153\" src=\"https:\/\/www.comunicacionyescuela.es\/2021\/wp-content\/uploads\/2021\/11\/Foto-pupitre-de-honor-768x1153.jpg\" class=\"pt-cv-thumbnail\" alt=\"\" \/><\/a><\/div>\n<div class=\"pt-cv-remain-wrapper\"><div class=\"pt-cv-taxoterm above_title\"><a href='https:\/\/www.comunicacionyescuela.es\/2021\/category\/actualidad-del-foro\/' title='Actualidad del Foro' class='pt-cv-tax-actualidad-del-foro'>Actualidad del Foro<\/a><\/div><h4 class=\"pt-cv-title\"><a href=\"https:\/\/www.comunicacionyescuela.es\/2021\/actualidad-del-foro\/entrega-de-los-pupitres-de-honor-del-foro-comunicacion-y-escuela\/\" class=\"_self\" target=\"_self\" >Entrega de los Pupitres de Honor del Foro Comunicaci\u00f3n y Escuela<\/a><\/h4><div class=\"pt-cv-content\">En esta edici\u00f3n fueron distinguidos con el Pupitre de Honor el presidente de la Junta General del Principado, Marcelino Marcos &#8230;<\/div><div class=\"pt-cv-rmwrap\"><a href=\"https:\/\/www.comunicacionyescuela.es\/2021\/actualidad-del-foro\/entrega-de-los-pupitres-de-honor-del-foro-comunicacion-y-escuela\/\" class=\"_self pt-cv-readmore btn btn-success\" target=\"_self\" >Leer M\u00e1s<\/a><\/div><\/div><\/div>\n<div class=\" pt-cv-content-item pt-cv-1-col\" ><div class=\"pt-cv-thumb-wrapper  \"><a href=\"https:\/\/www.comunicacionyescuela.es\/2021\/actualidad-del-foro\/entrega-de-las-placas-de-honor-del-foro-comunicacion-y-escuela\/\" class=\"_self pt-cv-href-thumbnail pt-cv-thumb-default\" target=\"_self\" ><img loading=\"lazy\" decoding=\"async\" width=\"768\" height=\"512\" src=\"https:\/\/www.comunicacionyescuela.es\/2021\/wp-content\/uploads\/2021\/11\/Foto-placas-de-honor-768x512.jpg\" class=\"pt-cv-thumbnail\" alt=\"\" \/><\/a><\/div>\n<div class=\"pt-cv-remain-wrapper\"><div class=\"pt-cv-taxoterm above_title\"><a href='https:\/\/www.comunicacionyescuela.es\/2021\/category\/actualidad-del-foro\/' title='Actualidad del Foro' class='pt-cv-tax-actualidad-del-foro'>Actualidad del Foro<\/a><\/div><h4 class=\"pt-cv-title\"><a href=\"https:\/\/www.comunicacionyescuela.es\/2021\/actualidad-del-foro\/entrega-de-las-placas-de-honor-del-foro-comunicacion-y-escuela\/\" class=\"_self\" target=\"_self\" >Entrega de las Placas de Honor del Foro Comunicaci\u00f3n y Escuela<\/a><\/h4><div class=\"pt-cv-content\">En esta edici\u00f3n se entregaron Placas de Honor del Foro Comunicaci\u00f3n y Escuela a diversas personas que han destacado por &#8230;<\/div><div class=\"pt-cv-rmwrap\"><a href=\"https:\/\/www.comunicacionyescuela.es\/2021\/actualidad-del-foro\/entrega-de-las-placas-de-honor-del-foro-comunicacion-y-escuela\/\" class=\"_self pt-cv-readmore btn btn-success\" target=\"_self\" >Leer M\u00e1s<\/a><\/div><\/div><\/div>\n<div class=\" pt-cv-content-item pt-cv-1-col\" ><div class=\"pt-cv-thumb-wrapper  \"><a href=\"https:\/\/www.comunicacionyescuela.es\/2021\/actualidad-del-foro\/calido-homenaje-a-los-patrocinadores-que-se-mantienen-en-el-foro-desde-su-inicio-en-2009\/\" class=\"_self pt-cv-href-thumbnail pt-cv-thumb-default\" target=\"_self\" ><img loading=\"lazy\" decoding=\"async\" width=\"768\" height=\"1153\" src=\"https:\/\/www.comunicacionyescuela.es\/2021\/wp-content\/uploads\/2021\/11\/Foto-empresas-768x1153.jpg\" class=\"pt-cv-thumbnail\" alt=\"\" \/><\/a><\/div>\n<div class=\"pt-cv-remain-wrapper\"><div class=\"pt-cv-taxoterm above_title\"><a href='https:\/\/www.comunicacionyescuela.es\/2021\/category\/actualidad-del-foro\/' title='Actualidad del Foro' class='pt-cv-tax-actualidad-del-foro'>Actualidad del Foro<\/a><\/div><h4 class=\"pt-cv-title\"><a href=\"https:\/\/www.comunicacionyescuela.es\/2021\/actualidad-del-foro\/calido-homenaje-a-los-patrocinadores-que-se-mantienen-en-el-foro-desde-su-inicio-en-2009\/\" class=\"_self\" target=\"_self\" >C\u00e1lido homenaje a los patrocinadores que se mantienen en el Foro desde su inicio en 2009<\/a><\/h4><div class=\"pt-cv-content\">Las empresas ALSA, ILAS-Reny Picot, Fundaci\u00f3n Caja Rural, Fundaci\u00f3n EDP, ASAC Comunicaciones y los Ayuntamientos de Castropol y Vegadeo recibieron &#8230;<\/div><div class=\"pt-cv-rmwrap\"><a href=\"https:\/\/www.comunicacionyescuela.es\/2021\/actualidad-del-foro\/calido-homenaje-a-los-patrocinadores-que-se-mantienen-en-el-foro-desde-su-inicio-en-2009\/\" class=\"_self pt-cv-readmore btn btn-success\" target=\"_self\" >Leer M\u00e1s<\/a><\/div><\/div><\/div>\n<div class=\" pt-cv-content-item pt-cv-1-col\" ><div class=\"pt-cv-thumb-wrapper  \"><a href=\"https:\/\/www.comunicacionyescuela.es\/2021\/actualidad-del-foro\/presentado-el-libro-las-aventuras-de-nube\/\" class=\"_self pt-cv-href-thumbnail pt-cv-thumb-default\" target=\"_self\" ><img loading=\"lazy\" decoding=\"async\" width=\"700\" height=\"525\" src=\"https:\/\/www.comunicacionyescuela.es\/2021\/wp-content\/uploads\/2021\/11\/Foto-presentacion2.jpg\" class=\"pt-cv-thumbnail\" alt=\"\" \/><\/a><\/div>\n<div class=\"pt-cv-remain-wrapper\"><div class=\"pt-cv-taxoterm above_title\"><a href='https:\/\/www.comunicacionyescuela.es\/2021\/category\/actualidad-del-foro\/' title='Actualidad del Foro' class='pt-cv-tax-actualidad-del-foro'>Actualidad del Foro<\/a><\/div><h4 class=\"pt-cv-title\"><a href=\"https:\/\/www.comunicacionyescuela.es\/2021\/actualidad-del-foro\/presentado-el-libro-las-aventuras-de-nube\/\" class=\"_self\" target=\"_self\" >Presentado el libro Las aventuras de Nube<\/a><\/h4><div class=\"pt-cv-content\">La presentaci\u00f3n del libro de relatos Las aventuras de Nube se convirti\u00f3 en uno de los momentos m\u00e1s emocionantes del &#8230;<\/div><div class=\"pt-cv-rmwrap\"><a href=\"https:\/\/www.comunicacionyescuela.es\/2021\/actualidad-del-foro\/presentado-el-libro-las-aventuras-de-nube\/\" class=\"_self pt-cv-readmore btn btn-success\" target=\"_self\" >Leer M\u00e1s<\/a><\/div><\/div><\/div>\n<div class=\" pt-cv-content-item pt-cv-1-col\" ><div class=\"pt-cv-thumb-wrapper  \"><a href=\"https:\/\/www.comunicacionyescuela.es\/2021\/actualidad-del-foro\/onda-cero-emitio-en-directo-su-programacion-comarcal-desde-la-biblioteca-del-instituto-elisa-y-luis-villamil\/\" class=\"_self pt-cv-href-thumbnail pt-cv-thumb-default\" target=\"_self\" ><img loading=\"lazy\" decoding=\"async\" width=\"700\" height=\"525\" src=\"https:\/\/www.comunicacionyescuela.es\/2021\/wp-content\/uploads\/2021\/11\/Foto-onda-cero2.jpg\" class=\"pt-cv-thumbnail\" alt=\"\" \/><\/a><\/div>\n<div class=\"pt-cv-remain-wrapper\"><div class=\"pt-cv-taxoterm above_title\"><a href='https:\/\/www.comunicacionyescuela.es\/2021\/category\/actualidad-del-foro\/' title='Actualidad del Foro' class='pt-cv-tax-actualidad-del-foro'>Actualidad del Foro<\/a><\/div><h4 class=\"pt-cv-title\"><a href=\"https:\/\/www.comunicacionyescuela.es\/2021\/actualidad-del-foro\/onda-cero-emitio-en-directo-su-programacion-comarcal-desde-la-biblioteca-del-instituto-elisa-y-luis-villamil\/\" class=\"_self\" target=\"_self\" >Onda Cero emiti\u00f3 en directo su programaci\u00f3n comarcal desde la Biblioteca del Instituto Elisa y Luis Villamil<\/a><\/h4><div class=\"pt-cv-content\">Como ya viene siendo tradicional coincidiendo con la clausura del Foro Comunicaci\u00f3n y Escuela, Onda Cero emiti\u00f3 en directo su &#8230;<\/div><div class=\"pt-cv-rmwrap\"><a href=\"https:\/\/www.comunicacionyescuela.es\/2021\/actualidad-del-foro\/onda-cero-emitio-en-directo-su-programacion-comarcal-desde-la-biblioteca-del-instituto-elisa-y-luis-villamil\/\" class=\"_self pt-cv-readmore btn btn-success\" target=\"_self\" >Leer M\u00e1s<\/a><\/div><\/div><\/div>\n<div class=\" pt-cv-content-item pt-cv-1-col\" ><div class=\"pt-cv-thumb-wrapper  \"><a href=\"https:\/\/www.comunicacionyescuela.es\/2021\/actualidad-del-foro\/ana-santos-la-biblioteca-nacional-atesora-mas-de-trescientos-anos-de-historia\/\" class=\"_self pt-cv-href-thumbnail pt-cv-thumb-default\" target=\"_self\" ><img loading=\"lazy\" decoding=\"async\" width=\"768\" height=\"512\" src=\"https:\/\/www.comunicacionyescuela.es\/2021\/wp-content\/uploads\/2021\/11\/Foto-Ana-Santos-768x512.jpg\" class=\"pt-cv-thumbnail\" alt=\"\" \/><\/a><\/div>\n<div class=\"pt-cv-remain-wrapper\"><div class=\"pt-cv-taxoterm above_title\"><a href='https:\/\/www.comunicacionyescuela.es\/2021\/category\/actualidad-del-foro\/' title='Actualidad del Foro' class='pt-cv-tax-actualidad-del-foro'>Actualidad del Foro<\/a><\/div><h4 class=\"pt-cv-title\"><a href=\"https:\/\/www.comunicacionyescuela.es\/2021\/actualidad-del-foro\/ana-santos-la-biblioteca-nacional-atesora-mas-de-trescientos-anos-de-historia\/\" class=\"_self\" target=\"_self\" >Ana Santos: \u201cLa Biblioteca Nacional atesora m\u00e1s de trescientos a\u00f1os de historia\u201d<\/a><\/h4><div class=\"pt-cv-content\">La directora de la Biblioteca Nacional de Espa\u00f1a, Ana Santos, fue la encargada de pronunciar la \u00faltima conferencia de este &#8230;<\/div><div class=\"pt-cv-rmwrap\"><a href=\"https:\/\/www.comunicacionyescuela.es\/2021\/actualidad-del-foro\/ana-santos-la-biblioteca-nacional-atesora-mas-de-trescientos-anos-de-historia\/\" class=\"_self pt-cv-readmore btn btn-success\" target=\"_self\" >Leer M\u00e1s<\/a><\/div><\/div><\/div>\n<div class=\" pt-cv-content-item pt-cv-1-col\" ><div class=\"pt-cv-thumb-wrapper  \"><a href=\"https:\/\/www.comunicacionyescuela.es\/2021\/actualidad-del-foro\/acto-institucional-de-clausura-y-presentacion-del-libro-de-relatos-las-aventuras-de-nube\/\" class=\"_self pt-cv-href-thumbnail pt-cv-thumb-default\" target=\"_self\" ><img loading=\"lazy\" decoding=\"async\" width=\"768\" height=\"970\" src=\"https:\/\/www.comunicacionyescuela.es\/2021\/wp-content\/uploads\/2021\/11\/IMG-20211117-WA0049-768x970.jpg\" class=\"pt-cv-thumbnail\" alt=\"\" \/><\/a><\/div>\n<div class=\"pt-cv-remain-wrapper\"><div class=\"pt-cv-taxoterm above_title\"><a href='https:\/\/www.comunicacionyescuela.es\/2021\/category\/actualidad-del-foro\/' title='Actualidad del Foro' class='pt-cv-tax-actualidad-del-foro'>Actualidad del Foro<\/a><\/div><h4 class=\"pt-cv-title\"><a href=\"https:\/\/www.comunicacionyescuela.es\/2021\/actualidad-del-foro\/acto-institucional-de-clausura-y-presentacion-del-libro-de-relatos-las-aventuras-de-nube\/\" class=\"_self\" target=\"_self\" >Acto institucional de clausura y presentaci\u00f3n del libro de relatos Las aventuras de Nube<\/a><\/h4><div class=\"pt-cv-content\">El acto institucional de clausura de este XIII Foro Comunicaci\u00f3n y Escuela tendr\u00e1 lugar el pr\u00f3ximo d\u00eda 19 de noviembre &#8230;<\/div><div class=\"pt-cv-rmwrap\"><a href=\"https:\/\/www.comunicacionyescuela.es\/2021\/actualidad-del-foro\/acto-institucional-de-clausura-y-presentacion-del-libro-de-relatos-las-aventuras-de-nube\/\" class=\"_self pt-cv-readmore btn btn-success\" target=\"_self\" >Leer M\u00e1s<\/a><\/div><\/div><\/div>\n<div class=\" pt-cv-content-item pt-cv-1-col\" ><div class=\"pt-cv-thumb-wrapper  \"><a href=\"https:\/\/www.comunicacionyescuela.es\/2021\/actualidad-del-foro\/onda-cero-emitira-en-directo-desde-la-biblioteca-del-ies-de-vegadeo\/\" class=\"_self pt-cv-href-thumbnail pt-cv-thumb-default\" target=\"_self\" ><img loading=\"lazy\" decoding=\"async\" width=\"768\" height=\"1037\" src=\"https:\/\/www.comunicacionyescuela.es\/2021\/wp-content\/uploads\/2021\/11\/Cartel-Onda-cero-17-11-768x1037.jpg\" class=\"pt-cv-thumbnail\" alt=\"\" \/><\/a><\/div>\n<div class=\"pt-cv-remain-wrapper\"><div class=\"pt-cv-taxoterm above_title\"><a href='https:\/\/www.comunicacionyescuela.es\/2021\/category\/actualidad-del-foro\/' title='Actualidad del Foro' class='pt-cv-tax-actualidad-del-foro'>Actualidad del Foro<\/a><\/div><h4 class=\"pt-cv-title\"><a href=\"https:\/\/www.comunicacionyescuela.es\/2021\/actualidad-del-foro\/onda-cero-emitira-en-directo-desde-la-biblioteca-del-ies-de-vegadeo\/\" class=\"_self\" target=\"_self\" >Onda cero emitir\u00e1 en directo desde la Biblioteca del IES de Vegadeo<\/a><\/h4><div class=\"pt-cv-content\">Onda Cero Radio emitir\u00e1 en directo desde la Biblioteca del IES Elisa y Luis Villamil de Vegadeo su programaci\u00f3n comarcar &#8230;<\/div><div class=\"pt-cv-rmwrap\"><a href=\"https:\/\/www.comunicacionyescuela.es\/2021\/actualidad-del-foro\/onda-cero-emitira-en-directo-desde-la-biblioteca-del-ies-de-vegadeo\/\" class=\"_self pt-cv-readmore btn btn-success\" target=\"_self\" >Leer M\u00e1s<\/a><\/div><\/div><\/div>\n<div class=\" pt-cv-content-item pt-cv-1-col\" ><div class=\"pt-cv-thumb-wrapper  \"><a href=\"https:\/\/www.comunicacionyescuela.es\/2021\/actualidad-del-foro\/conferencia-de-clausura-a-cargo-de-la-directora-de-la-biblioteca-nacional-de-espana\/\" class=\"_self pt-cv-href-thumbnail pt-cv-thumb-default\" target=\"_self\" ><img loading=\"lazy\" decoding=\"async\" width=\"768\" height=\"970\" src=\"https:\/\/www.comunicacionyescuela.es\/2021\/wp-content\/uploads\/2021\/11\/Foto-Ana-Santos-17-11-768x970.jpg\" class=\"pt-cv-thumbnail\" alt=\"\" \/><\/a><\/div>\n<div class=\"pt-cv-remain-wrapper\"><div class=\"pt-cv-taxoterm above_title\"><a href='https:\/\/www.comunicacionyescuela.es\/2021\/category\/actualidad-del-foro\/' title='Actualidad del Foro' class='pt-cv-tax-actualidad-del-foro'>Actualidad del Foro<\/a><\/div><h4 class=\"pt-cv-title\"><a href=\"https:\/\/www.comunicacionyescuela.es\/2021\/actualidad-del-foro\/conferencia-de-clausura-a-cargo-de-la-directora-de-la-biblioteca-nacional-de-espana\/\" class=\"_self\" target=\"_self\" >Conferencia de clausura a cargo de la directora de la Biblioteca Nacional de Espa\u00f1a<\/a><\/h4><div class=\"pt-cv-content\">La directora de la Biblioteca Nacional de Espa\u00f1a, Ana Santos Aramburo, impartir\u00e1 la \u00faltima conferencia de este XIII Foro Comunicaci\u00f3n &#8230;<\/div><div class=\"pt-cv-rmwrap\"><a href=\"https:\/\/www.comunicacionyescuela.es\/2021\/actualidad-del-foro\/conferencia-de-clausura-a-cargo-de-la-directora-de-la-biblioteca-nacional-de-espana\/\" class=\"_self pt-cv-readmore btn btn-success\" target=\"_self\" >Leer M\u00e1s<\/a><\/div><\/div><\/div>\n<div class=\" pt-cv-content-item pt-cv-1-col\" ><div class=\"pt-cv-thumb-wrapper  \"><a href=\"https:\/\/www.comunicacionyescuela.es\/2021\/actualidad-del-foro\/daniel-lopez-acuna-las-pandemias-estan-relacionadas-con-la-forma-de-vida-y-la-organizacion-social\/\" class=\"_self pt-cv-href-thumbnail pt-cv-thumb-default\" target=\"_self\" ><img loading=\"lazy\" decoding=\"async\" width=\"768\" height=\"576\" src=\"https:\/\/www.comunicacionyescuela.es\/2021\/wp-content\/uploads\/2021\/11\/Foto-lopezs-acuna-17-11-768x576.jpg\" class=\"pt-cv-thumbnail\" alt=\"\" \/><\/a><\/div>\n<div class=\"pt-cv-remain-wrapper\"><div class=\"pt-cv-taxoterm above_title\"><a href='https:\/\/www.comunicacionyescuela.es\/2021\/category\/actualidad-del-foro\/' title='Actualidad del Foro' class='pt-cv-tax-actualidad-del-foro'>Actualidad del Foro<\/a><\/div><h4 class=\"pt-cv-title\"><a href=\"https:\/\/www.comunicacionyescuela.es\/2021\/actualidad-del-foro\/daniel-lopez-acuna-las-pandemias-estan-relacionadas-con-la-forma-de-vida-y-la-organizacion-social\/\" class=\"_self\" target=\"_self\" >Daniel L\u00f3pez Acu\u00f1a: \u201cLas pandemias est\u00e1n relacionadas con la forma de vida y la organizaci\u00f3n social\u201d<\/a><\/h4><div class=\"pt-cv-content\">En la conferencia celebrada en el marco de este XIII Foro Comunicaci\u00f3n y Escuela, el epidemi\u00f3logo Daniel L\u00f3pez \u2013 Acu\u00f1a &#8230;<\/div><div class=\"pt-cv-rmwrap\"><a href=\"https:\/\/www.comunicacionyescuela.es\/2021\/actualidad-del-foro\/daniel-lopez-acuna-las-pandemias-estan-relacionadas-con-la-forma-de-vida-y-la-organizacion-social\/\" class=\"_self pt-cv-readmore btn btn-success\" target=\"_self\" >Leer M\u00e1s<\/a><\/div><\/div><\/div>\n<div class=\" pt-cv-content-item pt-cv-1-col\" ><div class=\"pt-cv-thumb-wrapper  \"><a href=\"https:\/\/www.comunicacionyescuela.es\/2021\/actualidad-del-foro\/conferencia-de-daniel-lopez-acuna\/\" class=\"_self pt-cv-href-thumbnail pt-cv-thumb-default\" target=\"_self\" ><img loading=\"lazy\" decoding=\"async\" width=\"768\" height=\"970\" src=\"https:\/\/www.comunicacionyescuela.es\/2021\/wp-content\/uploads\/2021\/11\/Cartel-Lopez-Acuna-768x970.jpg\" class=\"pt-cv-thumbnail\" alt=\"\" \/><\/a><\/div>\n<div class=\"pt-cv-remain-wrapper\"><div class=\"pt-cv-taxoterm above_title\"><a href='https:\/\/www.comunicacionyescuela.es\/2021\/category\/actualidad-del-foro\/' title='Actualidad del Foro' class='pt-cv-tax-actualidad-del-foro'>Actualidad del Foro<\/a><\/div><h4 class=\"pt-cv-title\"><a href=\"https:\/\/www.comunicacionyescuela.es\/2021\/actualidad-del-foro\/conferencia-de-daniel-lopez-acuna\/\" class=\"_self\" target=\"_self\" >Conferencia de Daniel L\u00f3pez Acu\u00f1a<\/a><\/h4><div class=\"pt-cv-content\">El prestigioso m\u00e9dico Daniel L\u00f3pez Acu\u00f1a, que ha sido el ex director de Acci\u00f3n Sanitaria en Situaciones de Crisis de &#8230;<\/div><div class=\"pt-cv-rmwrap\"><a href=\"https:\/\/www.comunicacionyescuela.es\/2021\/actualidad-del-foro\/conferencia-de-daniel-lopez-acuna\/\" class=\"_self pt-cv-readmore btn btn-success\" target=\"_self\" >Leer M\u00e1s<\/a><\/div><\/div><\/div>\n<div class=\" pt-cv-content-item pt-cv-1-col\" ><div class=\"pt-cv-thumb-wrapper  \"><a href=\"https:\/\/www.comunicacionyescuela.es\/2021\/actualidad-del-foro\/german-delibes-mi-padre-llego-a-decir-que-le-hubiera-gustado-pasar-la-vida-entera-al-aire-libre\/\" class=\"_self pt-cv-href-thumbnail pt-cv-thumb-default\" target=\"_self\" ><img loading=\"lazy\" decoding=\"async\" width=\"700\" height=\"525\" src=\"https:\/\/www.comunicacionyescuela.es\/2021\/wp-content\/uploads\/2021\/11\/German-Elisa-y-Fernando.jpg\" class=\"pt-cv-thumbnail\" alt=\"\" \/><\/a><\/div>\n<div class=\"pt-cv-remain-wrapper\"><div class=\"pt-cv-taxoterm above_title\"><a href='https:\/\/www.comunicacionyescuela.es\/2021\/category\/actualidad-del-foro\/' title='Actualidad del Foro' class='pt-cv-tax-actualidad-del-foro'>Actualidad del Foro<\/a><\/div><h4 class=\"pt-cv-title\"><a href=\"https:\/\/www.comunicacionyescuela.es\/2021\/actualidad-del-foro\/german-delibes-mi-padre-llego-a-decir-que-le-hubiera-gustado-pasar-la-vida-entera-al-aire-libre\/\" class=\"_self\" target=\"_self\" >Germ\u00e1n Delibes: \u201cMi padre lleg\u00f3 a decir que le hubiera gustado pasar la vida entera al aire libre\u201d<\/a><\/h4><div class=\"pt-cv-content\">Tanto Elisa Delibes, como Germ\u00e1n Delibes y Fernando Zam\u00e1cola coincidieron en recordar, en el coloquio incluido en este XIII Foro &#8230;<\/div><div class=\"pt-cv-rmwrap\"><a href=\"https:\/\/www.comunicacionyescuela.es\/2021\/actualidad-del-foro\/german-delibes-mi-padre-llego-a-decir-que-le-hubiera-gustado-pasar-la-vida-entera-al-aire-libre\/\" class=\"_self pt-cv-readmore btn btn-success\" target=\"_self\" >Leer M\u00e1s<\/a><\/div><\/div><\/div>\n<div class=\" pt-cv-content-item pt-cv-1-col\" ><div class=\"pt-cv-thumb-wrapper  \"><a href=\"https:\/\/www.comunicacionyescuela.es\/2021\/actualidad-del-foro\/amparo-medina-bocos-para-delibes-una-novela-se-definia-como-un-hombre-un-paisaje-y-una-pasion\/\" class=\"_self pt-cv-href-thumbnail pt-cv-thumb-default\" target=\"_self\" ><img loading=\"lazy\" decoding=\"async\" width=\"700\" height=\"525\" src=\"https:\/\/www.comunicacionyescuela.es\/2021\/wp-content\/uploads\/2021\/11\/Amparo.jpg\" class=\"pt-cv-thumbnail\" alt=\"\" \/><\/a><\/div>\n<div class=\"pt-cv-remain-wrapper\"><div class=\"pt-cv-taxoterm above_title\"><a href='https:\/\/www.comunicacionyescuela.es\/2021\/category\/actualidad-del-foro\/' title='Actualidad del Foro' class='pt-cv-tax-actualidad-del-foro'>Actualidad del Foro<\/a><\/div><h4 class=\"pt-cv-title\"><a href=\"https:\/\/www.comunicacionyescuela.es\/2021\/actualidad-del-foro\/amparo-medina-bocos-para-delibes-una-novela-se-definia-como-un-hombre-un-paisaje-y-una-pasion\/\" class=\"_self\" target=\"_self\" >Amparo Medina-Bocos: \u201cPara Delibes una novela se defin\u00eda como un hombre, un paisaje y una pasi\u00f3n\u201d<\/a><\/h4><div class=\"pt-cv-content\">Abriendo nuestra Jornada Homenaje a Delibes, esta ma\u00f1ana, la doctora en Filolog\u00eda Hisp\u00e1nica y catedr\u00e1tica de Lengua y Literatura nos &#8230;<\/div><div class=\"pt-cv-rmwrap\"><a href=\"https:\/\/www.comunicacionyescuela.es\/2021\/actualidad-del-foro\/amparo-medina-bocos-para-delibes-una-novela-se-definia-como-un-hombre-un-paisaje-y-una-pasion\/\" class=\"_self pt-cv-readmore btn btn-success\" target=\"_self\" >Leer M\u00e1s<\/a><\/div><\/div><\/div>\n<div class=\" pt-cv-content-item pt-cv-1-col\" ><div class=\"pt-cv-thumb-wrapper  \"><a href=\"https:\/\/www.comunicacionyescuela.es\/2021\/actualidad-del-foro\/jornada-del-centenario-del-nacimiento-de-miguel-delibes\/\" class=\"_self pt-cv-href-thumbnail pt-cv-thumb-default\" target=\"_self\" ><img loading=\"lazy\" decoding=\"async\" width=\"768\" height=\"970\" src=\"https:\/\/www.comunicacionyescuela.es\/2021\/wp-content\/uploads\/2021\/11\/Miguel-Delibes-768x970.jpg\" class=\"pt-cv-thumbnail\" alt=\"\" \/><\/a><\/div>\n<div class=\"pt-cv-remain-wrapper\"><div class=\"pt-cv-taxoterm above_title\"><a href='https:\/\/www.comunicacionyescuela.es\/2021\/category\/actualidad-del-foro\/' title='Actualidad del Foro' class='pt-cv-tax-actualidad-del-foro'>Actualidad del Foro<\/a><\/div><h4 class=\"pt-cv-title\"><a href=\"https:\/\/www.comunicacionyescuela.es\/2021\/actualidad-del-foro\/jornada-del-centenario-del-nacimiento-de-miguel-delibes\/\" class=\"_self\" target=\"_self\" >Jornada del centenario del nacimiento de Miguel Delibes<\/a><\/h4><div class=\"pt-cv-content\">M\u00e1s de mil escolares del occidente de Asturias leen a Miguel Delibes en el marco de las actividades del Foro &#8230;<\/div><div class=\"pt-cv-rmwrap\"><a href=\"https:\/\/www.comunicacionyescuela.es\/2021\/actualidad-del-foro\/jornada-del-centenario-del-nacimiento-de-miguel-delibes\/\" class=\"_self pt-cv-readmore btn btn-success\" target=\"_self\" >Leer M\u00e1s<\/a><\/div><\/div><\/div>\n<div class=\" pt-cv-content-item pt-cv-1-col\" ><div class=\"pt-cv-thumb-wrapper  \"><a href=\"https:\/\/www.comunicacionyescuela.es\/2021\/actualidad-del-foro\/jose-antonio-gonzalo-los-ninos-tambien-pueden-salvar-vidas\/\" class=\"_self pt-cv-href-thumbnail pt-cv-thumb-default\" target=\"_self\" ><img loading=\"lazy\" decoding=\"async\" width=\"768\" height=\"576\" src=\"https:\/\/www.comunicacionyescuela.es\/2021\/wp-content\/uploads\/2021\/10\/Foto-RCP-768x576.jpg\" class=\"pt-cv-thumbnail\" alt=\"\" \/><\/a><\/div>\n<div class=\"pt-cv-remain-wrapper\"><div class=\"pt-cv-taxoterm above_title\"><a href='https:\/\/www.comunicacionyescuela.es\/2021\/category\/actualidad-del-foro\/' title='Actualidad del Foro' class='pt-cv-tax-actualidad-del-foro'>Actualidad del Foro<\/a><\/div><h4 class=\"pt-cv-title\"><a href=\"https:\/\/www.comunicacionyescuela.es\/2021\/actualidad-del-foro\/jose-antonio-gonzalo-los-ninos-tambien-pueden-salvar-vidas\/\" class=\"_self\" target=\"_self\" >Jos\u00e9 Antonio Gonzalo: \u201cLos ni\u00f1os tambi\u00e9n pueden salvar vidas\u201d<\/a><\/h4><div class=\"pt-cv-content\">El m\u00e9dico Jos\u00e9 Antonio Gonzalo Guerra, presidente de la Comisi\u00f3n de RCP del \u00c1rea Sanitaria IV y del Servicio de &#8230;<\/div><div class=\"pt-cv-rmwrap\"><a href=\"https:\/\/www.comunicacionyescuela.es\/2021\/actualidad-del-foro\/jose-antonio-gonzalo-los-ninos-tambien-pueden-salvar-vidas\/\" class=\"_self pt-cv-readmore btn btn-success\" target=\"_self\" >Leer M\u00e1s<\/a><\/div><\/div><\/div>\n<div class=\" pt-cv-content-item pt-cv-1-col\" ><div class=\"pt-cv-thumb-wrapper  \"><a href=\"https:\/\/www.comunicacionyescuela.es\/2021\/actualidad-del-foro\/conferencia-sobre-la-reanimacion-cardiopulmonar\/\" class=\"_self pt-cv-href-thumbnail pt-cv-thumb-default\" target=\"_self\" ><img loading=\"lazy\" decoding=\"async\" width=\"768\" height=\"969\" src=\"https:\/\/www.comunicacionyescuela.es\/2021\/wp-content\/uploads\/2021\/10\/Cartel-RCP-768x969.jpg\" class=\"pt-cv-thumbnail\" alt=\"\" \/><\/a><\/div>\n<div class=\"pt-cv-remain-wrapper\"><div class=\"pt-cv-taxoterm above_title\"><a href='https:\/\/www.comunicacionyescuela.es\/2021\/category\/actualidad-del-foro\/' title='Actualidad del Foro' class='pt-cv-tax-actualidad-del-foro'>Actualidad del Foro<\/a><\/div><h4 class=\"pt-cv-title\"><a href=\"https:\/\/www.comunicacionyescuela.es\/2021\/actualidad-del-foro\/conferencia-sobre-la-reanimacion-cardiopulmonar\/\" class=\"_self\" target=\"_self\" >Conferencia sobre la reanimaci\u00f3n cardiopulmonar<\/a><\/h4><div class=\"pt-cv-content\">El m\u00e9dico Jos\u00e9 Antonio Gonzalo Guerra, presidente de la Comisi\u00f3n de RCP del \u00c1rea Sanitaria IV y del Servicio de &#8230;<\/div><div class=\"pt-cv-rmwrap\"><a href=\"https:\/\/www.comunicacionyescuela.es\/2021\/actualidad-del-foro\/conferencia-sobre-la-reanimacion-cardiopulmonar\/\" class=\"_self pt-cv-readmore btn btn-success\" target=\"_self\" >Leer M\u00e1s<\/a><\/div><\/div><\/div>\n<div class=\" pt-cv-content-item pt-cv-1-col\" ><div class=\"pt-cv-thumb-wrapper  \"><a href=\"https:\/\/www.comunicacionyescuela.es\/2021\/actualidad-del-foro\/beatriz-diaz-molina-llevar-una-vida-sana-es-clave-para-cuidar-nuestro-corazon\/\" class=\"_self pt-cv-href-thumbnail pt-cv-thumb-default\" target=\"_self\" ><img loading=\"lazy\" decoding=\"async\" width=\"700\" height=\"525\" src=\"https:\/\/www.comunicacionyescuela.es\/2021\/wp-content\/uploads\/2021\/10\/Beatriz.jpg\" class=\"pt-cv-thumbnail\" alt=\"\" \/><\/a><\/div>\n<div class=\"pt-cv-remain-wrapper\"><div class=\"pt-cv-taxoterm above_title\"><a href='https:\/\/www.comunicacionyescuela.es\/2021\/category\/actualidad-del-foro\/' title='Actualidad del Foro' class='pt-cv-tax-actualidad-del-foro'>Actualidad del Foro<\/a><\/div><h4 class=\"pt-cv-title\"><a href=\"https:\/\/www.comunicacionyescuela.es\/2021\/actualidad-del-foro\/beatriz-diaz-molina-llevar-una-vida-sana-es-clave-para-cuidar-nuestro-corazon\/\" class=\"_self\" target=\"_self\" >Beatriz D\u00edaz Molina: \u201cLlevar una vida sana es clave para cuidar nuestro coraz\u00f3n\u201d<\/a><\/h4><div class=\"pt-cv-content\">Beatriz D\u00edaz Molina, cardi\u00f3loga del Hospital Universitario Central de Asturias y secretaria general de la Sociedad Espa\u00f1ola de Cardiolog\u00eda, imparti\u00f3 &#8230;<\/div><div class=\"pt-cv-rmwrap\"><a href=\"https:\/\/www.comunicacionyescuela.es\/2021\/actualidad-del-foro\/beatriz-diaz-molina-llevar-una-vida-sana-es-clave-para-cuidar-nuestro-corazon\/\" class=\"_self pt-cv-readmore btn btn-success\" target=\"_self\" >Leer M\u00e1s<\/a><\/div><\/div><\/div>\n<div class=\" pt-cv-content-item pt-cv-1-col\" ><div class=\"pt-cv-thumb-wrapper  \"><a href=\"https:\/\/www.comunicacionyescuela.es\/2021\/actualidad-del-foro\/conferencia-de-la-cardiologa-beatriz-diaz\/\" class=\"_self pt-cv-href-thumbnail pt-cv-thumb-default\" target=\"_self\" ><img loading=\"lazy\" decoding=\"async\" width=\"768\" height=\"969\" src=\"https:\/\/www.comunicacionyescuela.es\/2021\/wp-content\/uploads\/2021\/10\/Cartel-Beatriz-Diaz-768x969.jpg\" class=\"pt-cv-thumbnail\" alt=\"\" \/><\/a><\/div>\n<div class=\"pt-cv-remain-wrapper\"><div class=\"pt-cv-taxoterm above_title\"><a href='https:\/\/www.comunicacionyescuela.es\/2021\/category\/actualidad-del-foro\/' title='Actualidad del Foro' class='pt-cv-tax-actualidad-del-foro'>Actualidad del Foro<\/a><\/div><h4 class=\"pt-cv-title\"><a href=\"https:\/\/www.comunicacionyescuela.es\/2021\/actualidad-del-foro\/conferencia-de-la-cardiologa-beatriz-diaz\/\" class=\"_self\" target=\"_self\" >Conferencia de la cardi\u00f3loga Beatriz D\u00edaz<\/a><\/h4><div class=\"pt-cv-content\">La m\u00e9dico cardi\u00f3loga del Hospital Central de Asturias, Beatriz Molina D\u00edaz, que es adem\u00e1s la secretaria de la Fundaci\u00f3n Espa\u00f1ola &#8230;<\/div><div class=\"pt-cv-rmwrap\"><a href=\"https:\/\/www.comunicacionyescuela.es\/2021\/actualidad-del-foro\/conferencia-de-la-cardiologa-beatriz-diaz\/\" class=\"_self pt-cv-readmore btn btn-success\" target=\"_self\" >Leer M\u00e1s<\/a><\/div><\/div><\/div>\n<div class=\" pt-cv-content-item pt-cv-1-col\" ><div class=\"pt-cv-thumb-wrapper  \"><a href=\"https:\/\/www.comunicacionyescuela.es\/2021\/actualidad-del-foro\/rocio-escondrillas-el-esfuerzo-la-mejora-continua-y-generar-valor-para-el-negocio-desde-el-cliente-es-fundamental-para-triunfar\/\" class=\"_self pt-cv-href-thumbnail pt-cv-thumb-default\" target=\"_self\" ><img loading=\"lazy\" decoding=\"async\" width=\"600\" height=\"800\" src=\"https:\/\/www.comunicacionyescuela.es\/2021\/wp-content\/uploads\/2021\/10\/Rocio-Escondrillas2-e1634547517943.jpg\" class=\"pt-cv-thumbnail\" alt=\"\" \/><\/a><\/div>\n<div class=\"pt-cv-remain-wrapper\"><div class=\"pt-cv-taxoterm above_title\"><a href='https:\/\/www.comunicacionyescuela.es\/2021\/category\/actualidad-del-foro\/' title='Actualidad del Foro' class='pt-cv-tax-actualidad-del-foro'>Actualidad del Foro<\/a><\/div><h4 class=\"pt-cv-title\"><a href=\"https:\/\/www.comunicacionyescuela.es\/2021\/actualidad-del-foro\/rocio-escondrillas-el-esfuerzo-la-mejora-continua-y-generar-valor-para-el-negocio-desde-el-cliente-es-fundamental-para-triunfar\/\" class=\"_self\" target=\"_self\" >Roc\u00edo Escondrillas: \u201cEl esfuerzo, la mejora continua y generar valor para el negocio desde el cliente es fundamental para triunfar\u201d<\/a><\/h4><div class=\"pt-cv-content\">Roc\u00edo Escondrillas directora Comercial y de Marketing de la empresa ALSA, particip\u00f3 en este XIII Foro de Comunicaci\u00f3n y Escuela &#8230;<\/div><div class=\"pt-cv-rmwrap\"><a href=\"https:\/\/www.comunicacionyescuela.es\/2021\/actualidad-del-foro\/rocio-escondrillas-el-esfuerzo-la-mejora-continua-y-generar-valor-para-el-negocio-desde-el-cliente-es-fundamental-para-triunfar\/\" class=\"_self pt-cv-readmore btn btn-success\" target=\"_self\" >Leer M\u00e1s<\/a><\/div><\/div><\/div>\n<div class=\" pt-cv-content-item pt-cv-1-col\" ><div class=\"pt-cv-thumb-wrapper  \"><a href=\"https:\/\/www.comunicacionyescuela.es\/2021\/actualidad-del-foro\/rocio-escondrillas-participa-en-las-jornadas-mujer-empresa-y-liderazgo\/\" class=\"_self pt-cv-href-thumbnail pt-cv-thumb-default\" target=\"_self\" ><img loading=\"lazy\" decoding=\"async\" width=\"768\" height=\"969\" src=\"https:\/\/www.comunicacionyescuela.es\/2021\/wp-content\/uploads\/2021\/10\/IMG-20211013-WA0000-768x969.jpg\" class=\"pt-cv-thumbnail\" alt=\"\" \/><\/a><\/div>\n<div class=\"pt-cv-remain-wrapper\"><div class=\"pt-cv-taxoterm above_title\"><a href='https:\/\/www.comunicacionyescuela.es\/2021\/category\/actualidad-del-foro\/' title='Actualidad del Foro' class='pt-cv-tax-actualidad-del-foro'>Actualidad del Foro<\/a><\/div><h4 class=\"pt-cv-title\"><a href=\"https:\/\/www.comunicacionyescuela.es\/2021\/actualidad-del-foro\/rocio-escondrillas-participa-en-las-jornadas-mujer-empresa-y-liderazgo\/\" class=\"_self\" target=\"_self\" >Roc\u00edo Escondrillas participa en las jornadas \u201cMujer, empresa y liderazgo\u201d<\/a><\/h4><div class=\"pt-cv-content\">La directora Comercial y de Marketing de la empresa ALSA, Roc\u00edo Escondrillas, participar\u00e1 el pr\u00f3ximo jueves, 14 de octubre, en &#8230;<\/div><div class=\"pt-cv-rmwrap\"><a href=\"https:\/\/www.comunicacionyescuela.es\/2021\/actualidad-del-foro\/rocio-escondrillas-participa-en-las-jornadas-mujer-empresa-y-liderazgo\/\" class=\"_self pt-cv-readmore btn btn-success\" target=\"_self\" >Leer M\u00e1s<\/a><\/div><\/div><\/div>\n<div class=\" pt-cv-content-item pt-cv-1-col\" ><div class=\"pt-cv-thumb-wrapper  \"><a href=\"https:\/\/www.comunicacionyescuela.es\/2021\/actualidad-del-foro\/laura-gallego-y-maria-yenes-ejemplo-de-deportistas\/\" class=\"_self pt-cv-href-thumbnail pt-cv-thumb-default\" target=\"_self\" ><img loading=\"lazy\" decoding=\"async\" width=\"700\" height=\"467\" src=\"https:\/\/www.comunicacionyescuela.es\/2021\/wp-content\/uploads\/2021\/10\/Mujer-y-deporte2.png\" class=\"pt-cv-thumbnail\" alt=\"\" \/><\/a><\/div>\n<div class=\"pt-cv-remain-wrapper\"><div class=\"pt-cv-taxoterm above_title\"><a href='https:\/\/www.comunicacionyescuela.es\/2021\/category\/actualidad-del-foro\/' title='Actualidad del Foro' class='pt-cv-tax-actualidad-del-foro'>Actualidad del Foro<\/a><\/div><h4 class=\"pt-cv-title\"><a href=\"https:\/\/www.comunicacionyescuela.es\/2021\/actualidad-del-foro\/laura-gallego-y-maria-yenes-ejemplo-de-deportistas\/\" class=\"_self\" target=\"_self\" >Laura Gallego y Mar\u00eda Yenes: ejemplo de deportistas<\/a><\/h4><div class=\"pt-cv-content\">Las jugadoras Laura Gallego y Mar\u00eda Yenes participaron en el coloquio \u201cMujer y deporte\u201d con los alumnos de 3\u00ba y &#8230;<\/div><div class=\"pt-cv-rmwrap\"><a href=\"https:\/\/www.comunicacionyescuela.es\/2021\/actualidad-del-foro\/laura-gallego-y-maria-yenes-ejemplo-de-deportistas\/\" class=\"_self pt-cv-readmore btn btn-success\" target=\"_self\" >Leer M\u00e1s<\/a><\/div><\/div><\/div>\n<div class=\" pt-cv-content-item pt-cv-1-col\" ><div class=\"pt-cv-thumb-wrapper  \"><a href=\"https:\/\/www.comunicacionyescuela.es\/2021\/actualidad-del-foro\/adrian-barbon-nuestro-medio-rural-tiene-que-ser-un-lugar-para-vivir-y-trabajar-y-no-un-parque-tematico-para-los-que-viven-en-las-ciudades\/\" class=\"_self pt-cv-href-thumbnail pt-cv-thumb-default\" target=\"_self\" ><img loading=\"lazy\" decoding=\"async\" width=\"768\" height=\"513\" src=\"https:\/\/www.comunicacionyescuela.es\/2021\/wp-content\/uploads\/2021\/10\/Foto-Barbon-768x513.jpg\" class=\"pt-cv-thumbnail\" alt=\"\" \/><\/a><\/div>\n<div class=\"pt-cv-remain-wrapper\"><div class=\"pt-cv-taxoterm above_title\"><a href='https:\/\/www.comunicacionyescuela.es\/2021\/category\/actualidad-del-foro\/' title='Actualidad del Foro' class='pt-cv-tax-actualidad-del-foro'>Actualidad del Foro<\/a><\/div><h4 class=\"pt-cv-title\"><a href=\"https:\/\/www.comunicacionyescuela.es\/2021\/actualidad-del-foro\/adrian-barbon-nuestro-medio-rural-tiene-que-ser-un-lugar-para-vivir-y-trabajar-y-no-un-parque-tematico-para-los-que-viven-en-las-ciudades\/\" class=\"_self\" target=\"_self\" >Adri\u00e1n Barb\u00f3n: \u201cNuestro medio rural tiene que ser un lugar para vivir y trabajar, y no un parque tem\u00e1tico para los que viven en las ciudades\u201d<\/a><\/h4><div class=\"pt-cv-content\">El presidente del Principado de Asturias, Adri\u00e1n Barb\u00f3n, hizo una encendida defensa del medio rural asturiano en su participaci\u00f3n en &#8230;<\/div><div class=\"pt-cv-rmwrap\"><a href=\"https:\/\/www.comunicacionyescuela.es\/2021\/actualidad-del-foro\/adrian-barbon-nuestro-medio-rural-tiene-que-ser-un-lugar-para-vivir-y-trabajar-y-no-un-parque-tematico-para-los-que-viven-en-las-ciudades\/\" class=\"_self pt-cv-readmore btn btn-success\" target=\"_self\" >Leer M\u00e1s<\/a><\/div><\/div><\/div>\n<div class=\" pt-cv-content-item pt-cv-1-col\" ><div class=\"pt-cv-thumb-wrapper  \"><a href=\"https:\/\/www.comunicacionyescuela.es\/2021\/actualidad-del-foro\/charla-coloquio-sobre-mujer-y-deporte\/\" class=\"_self pt-cv-href-thumbnail pt-cv-thumb-default\" target=\"_self\" ><img loading=\"lazy\" decoding=\"async\" width=\"405\" height=\"511\" src=\"https:\/\/www.comunicacionyescuela.es\/2021\/wp-content\/uploads\/2021\/10\/imagen2.jpg\" class=\"pt-cv-thumbnail\" alt=\"\" \/><\/a><\/div>\n<div class=\"pt-cv-remain-wrapper\"><div class=\"pt-cv-taxoterm above_title\"><a href='https:\/\/www.comunicacionyescuela.es\/2021\/category\/actualidad-del-foro\/' title='Actualidad del Foro' class='pt-cv-tax-actualidad-del-foro'>Actualidad del Foro<\/a><\/div><h4 class=\"pt-cv-title\"><a href=\"https:\/\/www.comunicacionyescuela.es\/2021\/actualidad-del-foro\/charla-coloquio-sobre-mujer-y-deporte\/\" class=\"_self\" target=\"_self\" >Charla coloquio sobre mujer y deporte<\/a><\/h4><div class=\"pt-cv-content\">Andrea Moir\u00f3n, capitana de la selecci\u00f3n espa\u00f1ola de f\u00fatbol playa femenino y campeona del mundo; Laura Gallego, jugadora de la &#8230;<\/div><div class=\"pt-cv-rmwrap\"><a href=\"https:\/\/www.comunicacionyescuela.es\/2021\/actualidad-del-foro\/charla-coloquio-sobre-mujer-y-deporte\/\" class=\"_self pt-cv-readmore btn btn-success\" target=\"_self\" >Leer M\u00e1s<\/a><\/div><\/div><\/div>\n<div class=\" pt-cv-content-item pt-cv-1-col\" ><div class=\"pt-cv-thumb-wrapper  \"><a href=\"https:\/\/www.comunicacionyescuela.es\/2021\/actualidad-del-foro\/irene-cano-las-redes-sociales-son-relevantes-en-la-sociedad-de-hoy\/\" class=\"_self pt-cv-href-thumbnail pt-cv-thumb-default\" target=\"_self\" ><img loading=\"lazy\" decoding=\"async\" width=\"768\" height=\"576\" src=\"https:\/\/www.comunicacionyescuela.es\/2021\/wp-content\/uploads\/2021\/10\/Irene-1-768x576.jpg\" class=\"pt-cv-thumbnail\" alt=\"\" \/><\/a><\/div>\n<div class=\"pt-cv-remain-wrapper\"><div class=\"pt-cv-taxoterm above_title\"><a href='https:\/\/www.comunicacionyescuela.es\/2021\/category\/actualidad-del-foro\/' title='Actualidad del Foro' class='pt-cv-tax-actualidad-del-foro'>Actualidad del Foro<\/a><\/div><h4 class=\"pt-cv-title\"><a href=\"https:\/\/www.comunicacionyescuela.es\/2021\/actualidad-del-foro\/irene-cano-las-redes-sociales-son-relevantes-en-la-sociedad-de-hoy\/\" class=\"_self\" target=\"_self\" >Irene Cano: \u201cLas redes sociales son relevantes en la sociedad de hoy\u201d<\/a><\/h4><div class=\"pt-cv-content\">Interesante encuentro el celebrado por la directora general de Facebook Iberia, Irene Cano, con los alumnos de 2\u00ba de Bachillerato &#8230;<\/div><div class=\"pt-cv-rmwrap\"><a href=\"https:\/\/www.comunicacionyescuela.es\/2021\/actualidad-del-foro\/irene-cano-las-redes-sociales-son-relevantes-en-la-sociedad-de-hoy\/\" class=\"_self pt-cv-readmore btn btn-success\" target=\"_self\" >Leer M\u00e1s<\/a><\/div><\/div><\/div>\n<div class=\" pt-cv-content-item pt-cv-1-col\" ><div class=\"pt-cv-thumb-wrapper  \"><a href=\"https:\/\/www.comunicacionyescuela.es\/2021\/actualidad-del-foro\/irene-cano-participa-en-las-jornadas-mujer-empresa-y-liderazgo\/\" class=\"_self pt-cv-href-thumbnail pt-cv-thumb-default\" target=\"_self\" ><img loading=\"lazy\" decoding=\"async\" width=\"768\" height=\"970\" src=\"https:\/\/www.comunicacionyescuela.es\/2021\/wp-content\/uploads\/2021\/10\/Irene-Cano-768x970.jpg\" class=\"pt-cv-thumbnail\" alt=\"\" \/><\/a><\/div>\n<div class=\"pt-cv-remain-wrapper\"><div class=\"pt-cv-taxoterm above_title\"><a href='https:\/\/www.comunicacionyescuela.es\/2021\/category\/actualidad-del-foro\/' title='Actualidad del Foro' class='pt-cv-tax-actualidad-del-foro'>Actualidad del Foro<\/a><\/div><h4 class=\"pt-cv-title\"><a href=\"https:\/\/www.comunicacionyescuela.es\/2021\/actualidad-del-foro\/irene-cano-participa-en-las-jornadas-mujer-empresa-y-liderazgo\/\" class=\"_self\" target=\"_self\" >Irene Cano, participa en las Jornadas \u201cMujer, empresa y liderazgo\u201d<\/a><\/h4><div class=\"pt-cv-content\">La directora general de Facebook Iberia, Irene Cano Piquero, participar\u00e1 en este XIII Foro Comunicaci\u00f3n y Escuela dentro de las &#8230;<\/div><div class=\"pt-cv-rmwrap\"><a href=\"https:\/\/www.comunicacionyescuela.es\/2021\/actualidad-del-foro\/irene-cano-participa-en-las-jornadas-mujer-empresa-y-liderazgo\/\" class=\"_self pt-cv-readmore btn btn-success\" target=\"_self\" >Leer M\u00e1s<\/a><\/div><\/div><\/div>\n<div class=\" pt-cv-content-item pt-cv-1-col\" ><div class=\"pt-cv-thumb-wrapper  \"><a href=\"https:\/\/www.comunicacionyescuela.es\/2021\/actualidad-del-foro\/lucia-vinuela-salas-vamos-a-poner-en-marcha-la-fundacion-margarita-salas\/\" class=\"_self pt-cv-href-thumbnail pt-cv-thumb-default\" target=\"_self\" ><img loading=\"lazy\" decoding=\"async\" width=\"700\" height=\"525\" src=\"https:\/\/www.comunicacionyescuela.es\/2021\/wp-content\/uploads\/2021\/10\/Lucia-Vinuela3.jpg\" class=\"pt-cv-thumbnail\" alt=\"\" \/><\/a><\/div>\n<div class=\"pt-cv-remain-wrapper\"><div class=\"pt-cv-taxoterm above_title\"><a href='https:\/\/www.comunicacionyescuela.es\/2021\/category\/actualidad-del-foro\/' title='Actualidad del Foro' class='pt-cv-tax-actualidad-del-foro'>Actualidad del Foro<\/a><\/div><h4 class=\"pt-cv-title\"><a href=\"https:\/\/www.comunicacionyescuela.es\/2021\/actualidad-del-foro\/lucia-vinuela-salas-vamos-a-poner-en-marcha-la-fundacion-margarita-salas\/\" class=\"_self\" target=\"_self\" >Luc\u00eda Vi\u00f1uela Salas: \u201cVamos a poner en marcha la Fundaci\u00f3n Margarita Salas\u201d<\/a><\/h4><div class=\"pt-cv-content\">Luc\u00eda Vi\u00f1uela Salas, hija de la cient\u00edfica e investigadora Margarita Salas, particip\u00f3 en este XIII Foro Comunicaci\u00f3n y Escuela con &#8230;<\/div><div class=\"pt-cv-rmwrap\"><a href=\"https:\/\/www.comunicacionyescuela.es\/2021\/actualidad-del-foro\/lucia-vinuela-salas-vamos-a-poner-en-marcha-la-fundacion-margarita-salas\/\" class=\"_self pt-cv-readmore btn btn-success\" target=\"_self\" >Leer M\u00e1s<\/a><\/div><\/div><\/div>\n<div class=\" pt-cv-content-item pt-cv-1-col\" ><div class=\"pt-cv-thumb-wrapper  \"><a href=\"https:\/\/www.comunicacionyescuela.es\/2021\/actualidad-del-foro\/conferencia-presencial-del-presidente-de-asturias-abierta-a-toda-la-comunidad\/\" class=\"_self pt-cv-href-thumbnail pt-cv-thumb-default\" target=\"_self\" ><img loading=\"lazy\" decoding=\"async\" width=\"768\" height=\"970\" src=\"https:\/\/www.comunicacionyescuela.es\/2021\/wp-content\/uploads\/2021\/09\/IMG-20210927-WA00071-768x970.jpg\" class=\"pt-cv-thumbnail\" alt=\"\" \/><\/a><\/div>\n<div class=\"pt-cv-remain-wrapper\"><div class=\"pt-cv-taxoterm above_title\"><a href='https:\/\/www.comunicacionyescuela.es\/2021\/category\/actualidad-del-foro\/' title='Actualidad del Foro' class='pt-cv-tax-actualidad-del-foro'>Actualidad del Foro<\/a><\/div><h4 class=\"pt-cv-title\"><a href=\"https:\/\/www.comunicacionyescuela.es\/2021\/actualidad-del-foro\/conferencia-presencial-del-presidente-de-asturias-abierta-a-toda-la-comunidad\/\" class=\"_self\" target=\"_self\" >Conferencia presencial del Presidente de Asturias abierta a toda la comunidad<\/a><\/h4><div class=\"pt-cv-content\">El presidente del Principado de Asturias, Adri\u00e1n Barb\u00f3n, impartir\u00e1 lo que ser\u00e1 la primera conferencia presencial de este XIII Foro &#8230;<\/div><div class=\"pt-cv-rmwrap\"><a href=\"https:\/\/www.comunicacionyescuela.es\/2021\/actualidad-del-foro\/conferencia-presencial-del-presidente-de-asturias-abierta-a-toda-la-comunidad\/\" class=\"_self pt-cv-readmore btn btn-success\" target=\"_self\" >Leer M\u00e1s<\/a><\/div><\/div><\/div>\n<div class=\" pt-cv-content-item pt-cv-1-col\" ><div class=\"pt-cv-thumb-wrapper  \"><a href=\"https:\/\/www.comunicacionyescuela.es\/2021\/actualidad-del-foro\/conferencia-sobre-margarita-salas\/\" class=\"_self pt-cv-href-thumbnail pt-cv-thumb-default\" target=\"_self\" ><img loading=\"lazy\" decoding=\"async\" width=\"768\" height=\"970\" src=\"https:\/\/www.comunicacionyescuela.es\/2021\/wp-content\/uploads\/2021\/09\/IMG-20210927-WA00081-768x970.jpg\" class=\"pt-cv-thumbnail\" alt=\"\" \/><\/a><\/div>\n<div class=\"pt-cv-remain-wrapper\"><div class=\"pt-cv-taxoterm above_title\"><a href='https:\/\/www.comunicacionyescuela.es\/2021\/category\/actualidad-del-foro\/' title='Actualidad del Foro' class='pt-cv-tax-actualidad-del-foro'>Actualidad del Foro<\/a><\/div><h4 class=\"pt-cv-title\"><a href=\"https:\/\/www.comunicacionyescuela.es\/2021\/actualidad-del-foro\/conferencia-sobre-margarita-salas\/\" class=\"_self\" target=\"_self\" >Conferencia sobre Margarita Salas<\/a><\/h4><div class=\"pt-cv-content\">Luc\u00eda Vi\u00f1uela Salas, hija de la insigne investigadora y cient\u00edfica, Margarita Salas, participar\u00e1 en este XIII Foro Comunicaci\u00f3n y Escuela &#8230;<\/div><div class=\"pt-cv-rmwrap\"><a href=\"https:\/\/www.comunicacionyescuela.es\/2021\/actualidad-del-foro\/conferencia-sobre-margarita-salas\/\" class=\"_self pt-cv-readmore btn btn-success\" target=\"_self\" >Leer M\u00e1s<\/a><\/div><\/div><\/div>\n<div class=\" pt-cv-content-item pt-cv-1-col\" ><div class=\"pt-cv-thumb-wrapper  \"><a href=\"https:\/\/www.comunicacionyescuela.es\/2021\/actualidad-del-foro\/borja-sanchez-el-foro-comunicacion-y-escuela-es-un-escaparate-fenomenal-para-la-divulgacion-de-avances-cientifico-tecnologicos\/\" class=\"_self pt-cv-href-thumbnail pt-cv-thumb-default\" target=\"_self\" ><img loading=\"lazy\" decoding=\"async\" width=\"416\" height=\"531\" src=\"https:\/\/www.comunicacionyescuela.es\/2021\/wp-content\/uploads\/2021\/06\/not-3.jpg\" class=\"pt-cv-thumbnail\" alt=\"\" \/><\/a><\/div>\n<div class=\"pt-cv-remain-wrapper\"><div class=\"pt-cv-taxoterm above_title\"><a href='https:\/\/www.comunicacionyescuela.es\/2021\/category\/actualidad-del-foro\/' title='Actualidad del Foro' class='pt-cv-tax-actualidad-del-foro'>Actualidad del Foro<\/a><\/div><h4 class=\"pt-cv-title\"><a href=\"https:\/\/www.comunicacionyescuela.es\/2021\/actualidad-del-foro\/borja-sanchez-el-foro-comunicacion-y-escuela-es-un-escaparate-fenomenal-para-la-divulgacion-de-avances-cientifico-tecnologicos\/\" class=\"_self\" target=\"_self\" >Borja S\u00e1nchez: \u201cEl Foro Comunicaci\u00f3n y Escuela es un escaparate fenomenal para la divulgaci\u00f3n de avances cient\u00edfico-tecnol\u00f3gicos\u201d<\/a><\/h4><div class=\"pt-cv-content\">El consejero de Ciencia, Innovaci\u00f3n y Universidad del Gobierno de Asturias, Borja S\u00e1nchez Garc\u00eda, realiz\u00f3 una visita institucional al IES &#8230;<\/div><div class=\"pt-cv-rmwrap\"><a href=\"https:\/\/www.comunicacionyescuela.es\/2021\/actualidad-del-foro\/borja-sanchez-el-foro-comunicacion-y-escuela-es-un-escaparate-fenomenal-para-la-divulgacion-de-avances-cientifico-tecnologicos\/\" class=\"_self pt-cv-readmore btn btn-success\" target=\"_self\" >Leer M\u00e1s<\/a><\/div><\/div><\/div>\n<div class=\" pt-cv-content-item pt-cv-1-col\" ><div class=\"pt-cv-thumb-wrapper  \"><a href=\"https:\/\/www.comunicacionyescuela.es\/2021\/actualidad-del-foro\/carmen-molejon-juntos-somos-mas-poderosos\/\" class=\"_self pt-cv-href-thumbnail pt-cv-thumb-default\" target=\"_self\" ><img loading=\"lazy\" decoding=\"async\" width=\"699\" height=\"474\" src=\"https:\/\/www.comunicacionyescuela.es\/2021\/wp-content\/uploads\/2021\/06\/not-2.jpg\" class=\"pt-cv-thumbnail\" alt=\"\" \/><\/a><\/div>\n<div class=\"pt-cv-remain-wrapper\"><div class=\"pt-cv-taxoterm above_title\"><a href='https:\/\/www.comunicacionyescuela.es\/2021\/category\/actualidad-del-foro\/' title='Actualidad del Foro' class='pt-cv-tax-actualidad-del-foro'>Actualidad del Foro<\/a><\/div><h4 class=\"pt-cv-title\"><a href=\"https:\/\/www.comunicacionyescuela.es\/2021\/actualidad-del-foro\/carmen-molejon-juntos-somos-mas-poderosos\/\" class=\"_self\" target=\"_self\" >Carmen Molej\u00f3n: \u201cJuntos somos m\u00e1s poderosos\u201d<\/a><\/h4><div class=\"pt-cv-content\">\u201cJuntos somos m\u00e1s poderosos, iremos m\u00e1s lentos, pero llegaremos m\u00e1s lejos\u201d es uno de los mensajes que Carmen Molej\u00f3n Quintana &#8230;<\/div><div class=\"pt-cv-rmwrap\"><a href=\"https:\/\/www.comunicacionyescuela.es\/2021\/actualidad-del-foro\/carmen-molejon-juntos-somos-mas-poderosos\/\" class=\"_self pt-cv-readmore btn btn-success\" target=\"_self\" >Leer M\u00e1s<\/a><\/div><\/div><\/div>\n<div class=\" pt-cv-content-item pt-cv-1-col\" ><div class=\"pt-cv-thumb-wrapper  \"><a href=\"https:\/\/www.comunicacionyescuela.es\/2021\/actualidad-del-foro\/maria-casares-la-sostenibilidad-debe-garantizar-el-equilibrio-entre-el-crecimiento-economico-el-cuidado-del-medio-ambiente-y-el-bienestar-social\/\" class=\"_self pt-cv-href-thumbnail pt-cv-thumb-default\" target=\"_self\" ><img loading=\"lazy\" decoding=\"async\" width=\"689\" height=\"512\" src=\"https:\/\/www.comunicacionyescuela.es\/2021\/wp-content\/uploads\/2021\/06\/not-1.jpg\" class=\"pt-cv-thumbnail\" alt=\"\" \/><\/a><\/div>\n<div class=\"pt-cv-remain-wrapper\"><div class=\"pt-cv-taxoterm above_title\"><a href='https:\/\/www.comunicacionyescuela.es\/2021\/category\/actualidad-del-foro\/' title='Actualidad del Foro' class='pt-cv-tax-actualidad-del-foro'>Actualidad del Foro<\/a><\/div><h4 class=\"pt-cv-title\"><a href=\"https:\/\/www.comunicacionyescuela.es\/2021\/actualidad-del-foro\/maria-casares-la-sostenibilidad-debe-garantizar-el-equilibrio-entre-el-crecimiento-economico-el-cuidado-del-medio-ambiente-y-el-bienestar-social\/\" class=\"_self\" target=\"_self\" >Mar\u00eda Casares: \u201cLa sostenibilidad debe garantizar el equilibrio entre el crecimiento econ\u00f3mico, el cuidado del medio ambiente y el bienestar social\u201d<\/a><\/h4><div class=\"pt-cv-content\">La directora de Sostenibilidad del Grupo EDP, Mar\u00eda Casares Candebat, particip\u00f3 en un encuentro online desde Oviedo (sede de EDP &#8230;<\/div><div class=\"pt-cv-rmwrap\"><a href=\"https:\/\/www.comunicacionyescuela.es\/2021\/actualidad-del-foro\/maria-casares-la-sostenibilidad-debe-garantizar-el-equilibrio-entre-el-crecimiento-economico-el-cuidado-del-medio-ambiente-y-el-bienestar-social\/\" class=\"_self pt-cv-readmore btn btn-success\" target=\"_self\" >Leer M\u00e1s<\/a><\/div><\/div><\/div>\n<div class=\" pt-cv-content-item pt-cv-1-col\" ><div class=\"pt-cv-thumb-wrapper  \"><a href=\"https:\/\/www.comunicacionyescuela.es\/2021\/actualidad-del-foro\/seleccionados-los-relatos-del-libro-las-aventuras-de-nube\/\" class=\"_self pt-cv-href-thumbnail pt-cv-thumb-default\" target=\"_self\" ><img loading=\"lazy\" decoding=\"async\" width=\"601\" height=\"426\" src=\"https:\/\/www.comunicacionyescuela.es\/2021\/wp-content\/uploads\/2021\/06\/Captura-2.png\" class=\"pt-cv-thumbnail\" alt=\"\" \/><\/a><\/div>\n<div class=\"pt-cv-remain-wrapper\"><div class=\"pt-cv-taxoterm above_title\"><a href='https:\/\/www.comunicacionyescuela.es\/2021\/category\/actualidad-del-foro\/' title='Actualidad del Foro' class='pt-cv-tax-actualidad-del-foro'>Actualidad del Foro<\/a><\/div><h4 class=\"pt-cv-title\"><a href=\"https:\/\/www.comunicacionyescuela.es\/2021\/actualidad-del-foro\/seleccionados-los-relatos-del-libro-las-aventuras-de-nube\/\" class=\"_self\" target=\"_self\" >Seleccionados los relatos del libro Las aventuras de Nube<\/a><\/h4><div class=\"pt-cv-content\">Han sido seleccionados los veinte relatos pertenecientes a los alumnos de 2\u00ba de Educaci\u00f3n Secundaria del IES Elisa y Luis &#8230;<\/div><div class=\"pt-cv-rmwrap\"><a href=\"https:\/\/www.comunicacionyescuela.es\/2021\/actualidad-del-foro\/seleccionados-los-relatos-del-libro-las-aventuras-de-nube\/\" class=\"_self pt-cv-readmore btn btn-success\" target=\"_self\" >Leer M\u00e1s<\/a><\/div><\/div><\/div>\n<div class=\" pt-cv-content-item pt-cv-1-col\" ><div class=\"pt-cv-thumb-wrapper  \"><a href=\"https:\/\/www.comunicacionyescuela.es\/2021\/actualidad-del-foro\/conferencia-de-la-ingeniera-carmen-molejon\/\" class=\"_self pt-cv-href-thumbnail pt-cv-thumb-default\" target=\"_self\" ><img loading=\"lazy\" decoding=\"async\" width=\"404\" height=\"505\" src=\"https:\/\/www.comunicacionyescuela.es\/2021\/wp-content\/uploads\/2021\/06\/Captura-1.png\" class=\"pt-cv-thumbnail\" alt=\"\" \/><\/a><\/div>\n<div class=\"pt-cv-remain-wrapper\"><div class=\"pt-cv-taxoterm above_title\"><a href='https:\/\/www.comunicacionyescuela.es\/2021\/category\/actualidad-del-foro\/' title='Actualidad del Foro' class='pt-cv-tax-actualidad-del-foro'>Actualidad del Foro<\/a><\/div><h4 class=\"pt-cv-title\"><a href=\"https:\/\/www.comunicacionyescuela.es\/2021\/actualidad-del-foro\/conferencia-de-la-ingeniera-carmen-molejon\/\" class=\"_self\" target=\"_self\" >Conferencia de la ingeniera Carmen Molej\u00f3n<\/a><\/h4><div class=\"pt-cv-content\">La ingeniera de Caminos, Canales y Puertos y ex alumna del IES Elisa y Luis Villamil, Carmen Molej\u00f3n Quintana, impartir\u00e1 &#8230;<\/div><div class=\"pt-cv-rmwrap\"><a href=\"https:\/\/www.comunicacionyescuela.es\/2021\/actualidad-del-foro\/conferencia-de-la-ingeniera-carmen-molejon\/\" class=\"_self pt-cv-readmore btn btn-success\" target=\"_self\" >Leer M\u00e1s<\/a><\/div><\/div><\/div>\n<div class=\" pt-cv-content-item pt-cv-1-col\" ><div class=\"pt-cv-thumb-wrapper  \"><a href=\"https:\/\/www.comunicacionyescuela.es\/2021\/actualidad-del-foro\/conferencia-sobre-sostenibilidad-y-medioambiente\/\" class=\"_self pt-cv-href-thumbnail pt-cv-thumb-default\" target=\"_self\" ><img loading=\"lazy\" decoding=\"async\" width=\"601\" height=\"682\" src=\"https:\/\/www.comunicacionyescuela.es\/2021\/wp-content\/uploads\/2021\/06\/casares.jpg\" class=\"pt-cv-thumbnail\" alt=\"\" \/><\/a><\/div>\n<div class=\"pt-cv-remain-wrapper\"><div class=\"pt-cv-taxoterm above_title\"><a href='https:\/\/www.comunicacionyescuela.es\/2021\/category\/actualidad-del-foro\/' title='Actualidad del Foro' class='pt-cv-tax-actualidad-del-foro'>Actualidad del Foro<\/a><\/div><h4 class=\"pt-cv-title\"><a href=\"https:\/\/www.comunicacionyescuela.es\/2021\/actualidad-del-foro\/conferencia-sobre-sostenibilidad-y-medioambiente\/\" class=\"_self\" target=\"_self\" >Conferencia sobre sostenibilidad y medioambiente<\/a><\/h4><div class=\"pt-cv-content\">La directora de Sostenibilidad de EDP. Mar\u00eda Casares Candebat, impartir\u00e1 una conferencia en este XIII Foro Comunicaci\u00f3n y Escuela, Edici\u00f3n &#8230;<\/div><div class=\"pt-cv-rmwrap\"><a href=\"https:\/\/www.comunicacionyescuela.es\/2021\/actualidad-del-foro\/conferencia-sobre-sostenibilidad-y-medioambiente\/\" class=\"_self pt-cv-readmore btn btn-success\" target=\"_self\" >Leer M\u00e1s<\/a><\/div><\/div><\/div>\n<div class=\" pt-cv-content-item pt-cv-1-col\" ><div class=\"pt-cv-thumb-wrapper  \"><a href=\"https:\/\/www.comunicacionyescuela.es\/2021\/actualidad-del-foro\/juan-mata-es-importante-que-os-formeis-en-la-vida-y-prepararse-para-el-futuro\/\" class=\"_self pt-cv-href-thumbnail pt-cv-thumb-default\" target=\"_self\" ><img loading=\"lazy\" decoding=\"async\" width=\"506\" height=\"282\" src=\"https:\/\/www.comunicacionyescuela.es\/2021\/wp-content\/uploads\/2021\/06\/Captura.jpg\" class=\"pt-cv-thumbnail\" alt=\"\" \/><\/a><\/div>\n<div class=\"pt-cv-remain-wrapper\"><div class=\"pt-cv-taxoterm above_title\"><a href='https:\/\/www.comunicacionyescuela.es\/2021\/category\/actualidad-del-foro\/' title='Actualidad del Foro' class='pt-cv-tax-actualidad-del-foro'>Actualidad del Foro<\/a><\/div><h4 class=\"pt-cv-title\"><a href=\"https:\/\/www.comunicacionyescuela.es\/2021\/actualidad-del-foro\/juan-mata-es-importante-que-os-formeis-en-la-vida-y-prepararse-para-el-futuro\/\" class=\"_self\" target=\"_self\" >Juan Mata: \u201cEs importante que os form\u00e9is en la vida y prepararse para el futuro\u201d<\/a><\/h4><div class=\"pt-cv-content\">El jugador del Manchester United, Juan Mata, particip\u00f3 en un encuentro online con los alumnos de 1\u00ba y 2\u00ba de &#8230;<\/div><div class=\"pt-cv-rmwrap\"><a href=\"https:\/\/www.comunicacionyescuela.es\/2021\/actualidad-del-foro\/juan-mata-es-importante-que-os-formeis-en-la-vida-y-prepararse-para-el-futuro\/\" class=\"_self pt-cv-readmore btn btn-success\" target=\"_self\" >Leer M\u00e1s<\/a><\/div><\/div><\/div>\n<div class=\" pt-cv-content-item pt-cv-1-col\" ><div class=\"pt-cv-thumb-wrapper  \"><a href=\"https:\/\/www.comunicacionyescuela.es\/2021\/actualidad-del-foro\/el-jugador-del-manchester-united-juan-mata-participa-en-el-foro\/\" class=\"_self pt-cv-href-thumbnail pt-cv-thumb-default\" target=\"_self\" ><img loading=\"lazy\" decoding=\"async\" width=\"383\" height=\"516\" src=\"https:\/\/www.comunicacionyescuela.es\/2021\/wp-content\/uploads\/2021\/05\/Captura-3.png\" class=\"pt-cv-thumbnail\" alt=\"\" \/><\/a><\/div>\n<div class=\"pt-cv-remain-wrapper\"><div class=\"pt-cv-taxoterm above_title\"><a href='https:\/\/www.comunicacionyescuela.es\/2021\/category\/actualidad-del-foro\/' title='Actualidad del Foro' class='pt-cv-tax-actualidad-del-foro'>Actualidad del Foro<\/a><\/div><h4 class=\"pt-cv-title\"><a href=\"https:\/\/www.comunicacionyescuela.es\/2021\/actualidad-del-foro\/el-jugador-del-manchester-united-juan-mata-participa-en-el-foro\/\" class=\"_self\" target=\"_self\" >El jugador del Manchester United, Juan Mata, participa en el Foro<\/a><\/h4><div class=\"pt-cv-content\">El jugador Juan Mata que juega en las filas del equipo ingl\u00e9s del Manchester United participar\u00e1 en una charla coloquio &#8230;<\/div><div class=\"pt-cv-rmwrap\"><a href=\"https:\/\/www.comunicacionyescuela.es\/2021\/actualidad-del-foro\/el-jugador-del-manchester-united-juan-mata-participa-en-el-foro\/\" class=\"_self pt-cv-readmore btn btn-success\" target=\"_self\" >Leer M\u00e1s<\/a><\/div><\/div><\/div>\n<div class=\" pt-cv-content-item pt-cv-1-col\" ><div class=\"pt-cv-thumb-wrapper  \"><a href=\"https:\/\/www.comunicacionyescuela.es\/2021\/actualidad-del-foro\/los-estudiantes-de-3o-de-secundaria-se-acercan-al-parlamento-de-asturias\/\" class=\"_self pt-cv-href-thumbnail pt-cv-thumb-default\" target=\"_self\" ><img loading=\"lazy\" decoding=\"async\" width=\"729\" height=\"496\" src=\"https:\/\/www.comunicacionyescuela.es\/2021\/wp-content\/uploads\/2021\/05\/Captura-2.png\" class=\"pt-cv-thumbnail\" alt=\"\" \/><\/a><\/div>\n<div class=\"pt-cv-remain-wrapper\"><div class=\"pt-cv-taxoterm above_title\"><a href='https:\/\/www.comunicacionyescuela.es\/2021\/category\/actualidad-del-foro\/' title='Actualidad del Foro' class='pt-cv-tax-actualidad-del-foro'>Actualidad del Foro<\/a><\/div><h4 class=\"pt-cv-title\"><a href=\"https:\/\/www.comunicacionyescuela.es\/2021\/actualidad-del-foro\/los-estudiantes-de-3o-de-secundaria-se-acercan-al-parlamento-de-asturias\/\" class=\"_self\" target=\"_self\" >Los estudiantes de 3\u00ba de Secundaria se acercan al Parlamento de Asturias<\/a><\/h4><div class=\"pt-cv-content\">Los alumnos de 3\u00ba de Educaci\u00f3n Secundaria del IES Elisa y Luis Villamil participaron en un intenso coloquio con el &#8230;<\/div><div class=\"pt-cv-rmwrap\"><a href=\"https:\/\/www.comunicacionyescuela.es\/2021\/actualidad-del-foro\/los-estudiantes-de-3o-de-secundaria-se-acercan-al-parlamento-de-asturias\/\" class=\"_self pt-cv-readmore btn btn-success\" target=\"_self\" >Leer M\u00e1s<\/a><\/div><\/div><\/div>\n<div class=\" pt-cv-content-item pt-cv-1-col\" ><div class=\"pt-cv-thumb-wrapper  \"><a href=\"https:\/\/www.comunicacionyescuela.es\/2021\/actualidad-del-foro\/diego-arboleda\/\" class=\"_self pt-cv-href-thumbnail pt-cv-thumb-default\" target=\"_self\" ><img loading=\"lazy\" decoding=\"async\" width=\"661\" height=\"436\" src=\"https:\/\/www.comunicacionyescuela.es\/2021\/wp-content\/uploads\/2021\/05\/Captura-1.png\" class=\"pt-cv-thumbnail\" alt=\"\" \/><\/a><\/div>\n<div class=\"pt-cv-remain-wrapper\"><div class=\"pt-cv-taxoterm above_title\"><a href='https:\/\/www.comunicacionyescuela.es\/2021\/category\/actualidad-del-foro\/' title='Actualidad del Foro' class='pt-cv-tax-actualidad-del-foro'>Actualidad del Foro<\/a><\/div><h4 class=\"pt-cv-title\"><a href=\"https:\/\/www.comunicacionyescuela.es\/2021\/actualidad-del-foro\/diego-arboleda\/\" class=\"_self\" target=\"_self\" >Diego Arboleda<\/a><\/h4><div class=\"pt-cv-content\">El escritor Diego Arboleda, autor del libro Una historia animatogr\u00e1fica (Ed. Anaya, 2017), particip\u00f3 en un encuentro literario con los &#8230;<\/div><div class=\"pt-cv-rmwrap\"><a href=\"https:\/\/www.comunicacionyescuela.es\/2021\/actualidad-del-foro\/diego-arboleda\/\" class=\"_self pt-cv-readmore btn btn-success\" target=\"_self\" >Leer M\u00e1s<\/a><\/div><\/div><\/div>\n<div class=\" pt-cv-content-item pt-cv-1-col\" ><div class=\"pt-cv-thumb-wrapper  \"><a href=\"https:\/\/www.comunicacionyescuela.es\/2021\/actualidad-del-foro\/conferencia-del-presidente-y-miembros-de-la-mesa-del-parlamento-de-asturias\/\" class=\"_self pt-cv-href-thumbnail pt-cv-thumb-default\" target=\"_self\" ><img loading=\"lazy\" decoding=\"async\" width=\"286\" height=\"434\" src=\"https:\/\/www.comunicacionyescuela.es\/2021\/wp-content\/uploads\/2021\/05\/Captura-8.jpg\" class=\"pt-cv-thumbnail\" alt=\"\" \/><\/a><\/div>\n<div class=\"pt-cv-remain-wrapper\"><div class=\"pt-cv-taxoterm above_title\"><a href='https:\/\/www.comunicacionyescuela.es\/2021\/category\/actualidad-del-foro\/' title='Actualidad del Foro' class='pt-cv-tax-actualidad-del-foro'>Actualidad del Foro<\/a><\/div><h4 class=\"pt-cv-title\"><a href=\"https:\/\/www.comunicacionyescuela.es\/2021\/actualidad-del-foro\/conferencia-del-presidente-y-miembros-de-la-mesa-del-parlamento-de-asturias\/\" class=\"_self\" target=\"_self\" >Conferencia del Presidente y Miembros de la Mesa del Parlamento de Asturias<\/a><\/h4><div class=\"pt-cv-content\">El presidente de la Junta General del Principado de Asturias, Marcelino Marcos; la vicepresidenta 1\u00aa, Celia Fern\u00e1ndez; el vicepresidente 2\u00ba, &#8230;<\/div><div class=\"pt-cv-rmwrap\"><a href=\"https:\/\/www.comunicacionyescuela.es\/2021\/actualidad-del-foro\/conferencia-del-presidente-y-miembros-de-la-mesa-del-parlamento-de-asturias\/\" class=\"_self pt-cv-readmore btn btn-success\" target=\"_self\" >Leer M\u00e1s<\/a><\/div><\/div><\/div>\n<div class=\" pt-cv-content-item pt-cv-1-col\" ><div class=\"pt-cv-thumb-wrapper  \"><a href=\"https:\/\/www.comunicacionyescuela.es\/2021\/actualidad-del-foro\/jonas-fernandez-e-isabel-benjumea-apuestan-por-una-union-europea-en-paz-llena-de-oportunidades-y-solidaria\/\" class=\"_self pt-cv-href-thumbnail pt-cv-thumb-default\" target=\"_self\" ><img loading=\"lazy\" decoding=\"async\" width=\"768\" height=\"548\" src=\"https:\/\/www.comunicacionyescuela.es\/2021\/wp-content\/uploads\/2021\/05\/Captur1-768x548.jpg\" class=\"pt-cv-thumbnail\" alt=\"\" \/><\/a><\/div>\n<div class=\"pt-cv-remain-wrapper\"><div class=\"pt-cv-taxoterm above_title\"><a href='https:\/\/www.comunicacionyescuela.es\/2021\/category\/actualidad-del-foro\/' title='Actualidad del Foro' class='pt-cv-tax-actualidad-del-foro'>Actualidad del Foro<\/a><\/div><h4 class=\"pt-cv-title\"><a href=\"https:\/\/www.comunicacionyescuela.es\/2021\/actualidad-del-foro\/jonas-fernandez-e-isabel-benjumea-apuestan-por-una-union-europea-en-paz-llena-de-oportunidades-y-solidaria\/\" class=\"_self\" target=\"_self\" >Jon\u00e1s Fern\u00e1ndez e Isabel Benjumea apuestan por una Uni\u00f3n Europea en paz, llena de oportunidades y solidaria<\/a><\/h4><div class=\"pt-cv-content\">Los eurodiputados Jon\u00e1s Fern\u00e1ndez e Isabel Benjumea, \u00e9sta \u00faltima vicepresidenta de la Comisi\u00f3n de Desarrollo Regional del Parlamento Europeo, apostaron &#8230;<\/div><div class=\"pt-cv-rmwrap\"><a href=\"https:\/\/www.comunicacionyescuela.es\/2021\/actualidad-del-foro\/jonas-fernandez-e-isabel-benjumea-apuestan-por-una-union-europea-en-paz-llena-de-oportunidades-y-solidaria\/\" class=\"_self pt-cv-readmore btn btn-success\" target=\"_self\" >Leer M\u00e1s<\/a><\/div><\/div><\/div>\n<div class=\" pt-cv-content-item pt-cv-1-col\" ><div class=\"pt-cv-thumb-wrapper  \"><a href=\"https:\/\/www.comunicacionyescuela.es\/2021\/actualidad-del-foro\/violeta-monreal-he-tenido-la-oportunidad-de-escribir-e-ilustrar-mas-de-cien-libros\/\" class=\"_self pt-cv-href-thumbnail pt-cv-thumb-default\" target=\"_self\" ><img loading=\"lazy\" decoding=\"async\" width=\"768\" height=\"356\" src=\"https:\/\/www.comunicacionyescuela.es\/2021\/wp-content\/uploads\/2021\/05\/Captura-6-768x356.jpg\" class=\"pt-cv-thumbnail\" alt=\"\" \/><\/a><\/div>\n<div class=\"pt-cv-remain-wrapper\"><div class=\"pt-cv-taxoterm above_title\"><a href='https:\/\/www.comunicacionyescuela.es\/2021\/category\/actualidad-del-foro\/' title='Actualidad del Foro' class='pt-cv-tax-actualidad-del-foro'>Actualidad del Foro<\/a><\/div><h4 class=\"pt-cv-title\"><a href=\"https:\/\/www.comunicacionyescuela.es\/2021\/actualidad-del-foro\/violeta-monreal-he-tenido-la-oportunidad-de-escribir-e-ilustrar-mas-de-cien-libros\/\" class=\"_self\" target=\"_self\" >Violeta Monreal: \u201cHe tenido la oportunidad de escribir e ilustrar m\u00e1s de cien libros\u201d<\/a><\/h4><div class=\"pt-cv-content\">Los alumnos del Colegio Jovellanos de Vegadeo y los alumnos del CRA R\u00eda del Eo de Piant\u00f3n (Vegadeo) tuvieron la &#8230;<\/div><div class=\"pt-cv-rmwrap\"><a href=\"https:\/\/www.comunicacionyescuela.es\/2021\/actualidad-del-foro\/violeta-monreal-he-tenido-la-oportunidad-de-escribir-e-ilustrar-mas-de-cien-libros\/\" class=\"_self pt-cv-readmore btn btn-success\" target=\"_self\" >Leer M\u00e1s<\/a><\/div><\/div><\/div>\n<div class=\" pt-cv-content-item pt-cv-1-col\" ><div class=\"pt-cv-thumb-wrapper  \"><a href=\"https:\/\/www.comunicacionyescuela.es\/2021\/actualidad-del-foro\/de-nuevo-el-parlamento-europeo-protagonista-en-este-xiii-foro\/\" class=\"_self pt-cv-href-thumbnail pt-cv-thumb-default\" target=\"_self\" ><img loading=\"lazy\" decoding=\"async\" width=\"399\" height=\"470\" src=\"https:\/\/www.comunicacionyescuela.es\/2021\/wp-content\/uploads\/2021\/05\/n2.png\" class=\"pt-cv-thumbnail\" alt=\"\" \/><\/a><\/div>\n<div class=\"pt-cv-remain-wrapper\"><div class=\"pt-cv-taxoterm above_title\"><a href='https:\/\/www.comunicacionyescuela.es\/2021\/category\/actualidad-del-foro\/' title='Actualidad del Foro' class='pt-cv-tax-actualidad-del-foro'>Actualidad del Foro<\/a><\/div><h4 class=\"pt-cv-title\"><a href=\"https:\/\/www.comunicacionyescuela.es\/2021\/actualidad-del-foro\/de-nuevo-el-parlamento-europeo-protagonista-en-este-xiii-foro\/\" class=\"_self\" target=\"_self\" >De nuevo el Parlamento Europeo protagonista en este XIII Foro<\/a><\/h4><div class=\"pt-cv-content\">La eurodiputada Isabel Benjumea, vicepresidenta de la Comisi\u00f3n de Desarrollo Regional del Parlamento Europeo, y Jon\u00e1s Fern\u00e1ndez, diputado en el &#8230;<\/div><div class=\"pt-cv-rmwrap\"><a href=\"https:\/\/www.comunicacionyescuela.es\/2021\/actualidad-del-foro\/de-nuevo-el-parlamento-europeo-protagonista-en-este-xiii-foro\/\" class=\"_self pt-cv-readmore btn btn-success\" target=\"_self\" >Leer M\u00e1s<\/a><\/div><\/div><\/div>\n<div class=\" pt-cv-content-item pt-cv-1-col\" ><div class=\"pt-cv-thumb-wrapper  \"><a href=\"https:\/\/www.comunicacionyescuela.es\/2021\/actualidad-del-foro\/jornada-literaria-con-violeta-monreal\/\" class=\"_self pt-cv-href-thumbnail pt-cv-thumb-default\" target=\"_self\" ><img loading=\"lazy\" decoding=\"async\" width=\"384\" height=\"479\" src=\"https:\/\/www.comunicacionyescuela.es\/2021\/wp-content\/uploads\/2021\/05\/n1.png\" class=\"pt-cv-thumbnail\" alt=\"\" \/><\/a><\/div>\n<div class=\"pt-cv-remain-wrapper\"><div class=\"pt-cv-taxoterm above_title\"><a href='https:\/\/www.comunicacionyescuela.es\/2021\/category\/actualidad-del-foro\/' title='Actualidad del Foro' class='pt-cv-tax-actualidad-del-foro'>Actualidad del Foro<\/a><\/div><h4 class=\"pt-cv-title\"><a href=\"https:\/\/www.comunicacionyescuela.es\/2021\/actualidad-del-foro\/jornada-literaria-con-violeta-monreal\/\" class=\"_self\" target=\"_self\" >Jornada literaria con Violeta Monreal<\/a><\/h4><div class=\"pt-cv-content\">La escritora Violeta Monreal participar\u00e1 en una jornada literaria en este XIII Foro Comunicaci\u00f3n y Escuela, Edici\u00f3n Online, con alumnos &#8230;<\/div><div class=\"pt-cv-rmwrap\"><a href=\"https:\/\/www.comunicacionyescuela.es\/2021\/actualidad-del-foro\/jornada-literaria-con-violeta-monreal\/\" class=\"_self pt-cv-readmore btn btn-success\" target=\"_self\" >Leer M\u00e1s<\/a><\/div><\/div><\/div>\n<div class=\" pt-cv-content-item pt-cv-1-col\" ><div class=\"pt-cv-thumb-wrapper  \"><a href=\"https:\/\/www.comunicacionyescuela.es\/2021\/actualidad-del-foro\/rodil-lombardia-la-lectura-es-fuente-de-conocimiento-y-nos-hace-mas-libres\/\" class=\"_self pt-cv-href-thumbnail pt-cv-thumb-default\" target=\"_self\" ><img loading=\"lazy\" decoding=\"async\" width=\"768\" height=\"443\" src=\"https:\/\/www.comunicacionyescuela.es\/2021\/wp-content\/uploads\/2021\/05\/Captura-5-768x443.jpg\" class=\"pt-cv-thumbnail\" alt=\"\" \/><\/a><\/div>\n<div class=\"pt-cv-remain-wrapper\"><div class=\"pt-cv-taxoterm above_title\"><a href='https:\/\/www.comunicacionyescuela.es\/2021\/category\/actualidad-del-foro\/' title='Actualidad del Foro' class='pt-cv-tax-actualidad-del-foro'>Actualidad del Foro<\/a><\/div><h4 class=\"pt-cv-title\"><a href=\"https:\/\/www.comunicacionyescuela.es\/2021\/actualidad-del-foro\/rodil-lombardia-la-lectura-es-fuente-de-conocimiento-y-nos-hace-mas-libres\/\" class=\"_self\" target=\"_self\" >Rodil Lombard\u00eda: \u201cLa lectura es fuente de conocimiento y nos hace m\u00e1s libres\u201d<\/a><\/h4><div class=\"pt-cv-content\">El periodista y escritor, Jos\u00e9 Francisco Rodil Lombard\u00eda, particip\u00f3 en un encuentro con autor con los alumnos de 1\u00ba de &#8230;<\/div><div class=\"pt-cv-rmwrap\"><a href=\"https:\/\/www.comunicacionyescuela.es\/2021\/actualidad-del-foro\/rodil-lombardia-la-lectura-es-fuente-de-conocimiento-y-nos-hace-mas-libres\/\" class=\"_self pt-cv-readmore btn btn-success\" target=\"_self\" >Leer M\u00e1s<\/a><\/div><\/div><\/div>\n<div class=\" pt-cv-content-item pt-cv-1-col\" ><div class=\"pt-cv-thumb-wrapper  \"><a href=\"https:\/\/www.comunicacionyescuela.es\/2021\/actualidad-del-foro\/maria-luisa-muga-el-parlamento-europeo-tiene-abundantes-propuestas-para-acercarse-a-los-jovenes\/\" class=\"_self pt-cv-href-thumbnail pt-cv-thumb-default\" target=\"_self\" ><img loading=\"lazy\" decoding=\"async\" width=\"659\" height=\"452\" src=\"https:\/\/www.comunicacionyescuela.es\/2021\/wp-content\/uploads\/2021\/05\/Captura-4.jpg\" class=\"pt-cv-thumbnail\" alt=\"\" \/><\/a><\/div>\n<div class=\"pt-cv-remain-wrapper\"><div class=\"pt-cv-taxoterm above_title\"><a href='https:\/\/www.comunicacionyescuela.es\/2021\/category\/actualidad-del-foro\/' title='Actualidad del Foro' class='pt-cv-tax-actualidad-del-foro'>Actualidad del Foro<\/a><\/div><h4 class=\"pt-cv-title\"><a href=\"https:\/\/www.comunicacionyescuela.es\/2021\/actualidad-del-foro\/maria-luisa-muga-el-parlamento-europeo-tiene-abundantes-propuestas-para-acercarse-a-los-jovenes\/\" class=\"_self\" target=\"_self\" >Mar\u00eda Luisa Muga: \u201cEl Parlamento Europeo tiene abundantes propuestas para acercarse a los j\u00f3venes\u201d<\/a><\/h4><div class=\"pt-cv-content\">La funcionaria del Parlamento Europeo, Mar\u00eda Luisa Muga, manifest\u00f3 durante su intervenci\u00f3n en este XIII Foro Comunicaci\u00f3n y Escuela, Edici\u00f3n &#8230;<\/div><div class=\"pt-cv-rmwrap\"><a href=\"https:\/\/www.comunicacionyescuela.es\/2021\/actualidad-del-foro\/maria-luisa-muga-el-parlamento-europeo-tiene-abundantes-propuestas-para-acercarse-a-los-jovenes\/\" class=\"_self pt-cv-readmore btn btn-success\" target=\"_self\" >Leer M\u00e1s<\/a><\/div><\/div><\/div>\n<div class=\" pt-cv-content-item pt-cv-1-col\" ><div class=\"pt-cv-thumb-wrapper  \"><a href=\"https:\/\/www.comunicacionyescuela.es\/2021\/actualidad-del-foro\/encuentro-literario-con-rodil-lombardia\/\" class=\"_self pt-cv-href-thumbnail pt-cv-thumb-default\" target=\"_self\" ><img loading=\"lazy\" decoding=\"async\" width=\"383\" height=\"506\" src=\"https:\/\/www.comunicacionyescuela.es\/2021\/wp-content\/uploads\/2021\/05\/Captura-3.jpg\" class=\"pt-cv-thumbnail\" alt=\"\" \/><\/a><\/div>\n<div class=\"pt-cv-remain-wrapper\"><div class=\"pt-cv-taxoterm above_title\"><a href='https:\/\/www.comunicacionyescuela.es\/2021\/category\/actualidad-del-foro\/' title='Actualidad del Foro' class='pt-cv-tax-actualidad-del-foro'>Actualidad del Foro<\/a><\/div><h4 class=\"pt-cv-title\"><a href=\"https:\/\/www.comunicacionyescuela.es\/2021\/actualidad-del-foro\/encuentro-literario-con-rodil-lombardia\/\" class=\"_self\" target=\"_self\" >Encuentro literario con Rodil Lombard\u00eda<\/a><\/h4><div class=\"pt-cv-content\">El periodista y escritor natural de Santa Eulalia de Oscos y afincado en Santiago de Compostela, Jos\u00e9 Francisco Rodil Lombard\u00eda &#8230;<\/div><div class=\"pt-cv-rmwrap\"><a href=\"https:\/\/www.comunicacionyescuela.es\/2021\/actualidad-del-foro\/encuentro-literario-con-rodil-lombardia\/\" class=\"_self pt-cv-readmore btn btn-success\" target=\"_self\" >Leer M\u00e1s<\/a><\/div><\/div><\/div>\n<div class=\" pt-cv-content-item pt-cv-1-col\" ><div class=\"pt-cv-thumb-wrapper  \"><a href=\"https:\/\/www.comunicacionyescuela.es\/2021\/actualidad-del-foro\/conferencia-sobre-el-parlamento-europeo\/\" class=\"_self pt-cv-href-thumbnail pt-cv-thumb-default\" target=\"_self\" ><img loading=\"lazy\" decoding=\"async\" width=\"385\" height=\"508\" src=\"https:\/\/www.comunicacionyescuela.es\/2021\/wp-content\/uploads\/2021\/05\/Captura-2.jpg\" class=\"pt-cv-thumbnail\" alt=\"\" \/><\/a><\/div>\n<div class=\"pt-cv-remain-wrapper\"><div class=\"pt-cv-taxoterm above_title\"><a href='https:\/\/www.comunicacionyescuela.es\/2021\/category\/actualidad-del-foro\/' title='Actualidad del Foro' class='pt-cv-tax-actualidad-del-foro'>Actualidad del Foro<\/a><\/div><h4 class=\"pt-cv-title\"><a href=\"https:\/\/www.comunicacionyescuela.es\/2021\/actualidad-del-foro\/conferencia-sobre-el-parlamento-europeo\/\" class=\"_self\" target=\"_self\" >Conferencia sobre el Parlamento Europeo<\/a><\/h4><div class=\"pt-cv-content\">La administradora y conferenciante del Servicio de Visitas y Seminarios del Parlamento Europeo, Mar\u00eda Luisa Muga, impartir\u00e1 la conferencia \u201cLos &#8230;<\/div><div class=\"pt-cv-rmwrap\"><a href=\"https:\/\/www.comunicacionyescuela.es\/2021\/actualidad-del-foro\/conferencia-sobre-el-parlamento-europeo\/\" class=\"_self pt-cv-readmore btn btn-success\" target=\"_self\" >Leer M\u00e1s<\/a><\/div><\/div><\/div>\n<div class=\" pt-cv-content-item pt-cv-1-col\" ><div class=\"pt-cv-thumb-wrapper  \"><a href=\"https:\/\/www.comunicacionyescuela.es\/2021\/actualidad-del-foro\/capitan-diana-anton-mi-trabajo-en-la-armada-me-ha-permitido-estar-presente-en-casi-todos-los-continentes-del-mundo\/\" class=\"_self pt-cv-href-thumbnail pt-cv-thumb-default\" target=\"_self\" ><img loading=\"lazy\" decoding=\"async\" width=\"667\" height=\"449\" src=\"https:\/\/www.comunicacionyescuela.es\/2021\/wp-content\/uploads\/2021\/05\/Captura.png\" class=\"pt-cv-thumbnail\" alt=\"\" \/><\/a><\/div>\n<div class=\"pt-cv-remain-wrapper\"><div class=\"pt-cv-taxoterm above_title\"><a href='https:\/\/www.comunicacionyescuela.es\/2021\/category\/actualidad-del-foro\/' title='Actualidad del Foro' class='pt-cv-tax-actualidad-del-foro'>Actualidad del Foro<\/a><\/div><h4 class=\"pt-cv-title\"><a href=\"https:\/\/www.comunicacionyescuela.es\/2021\/actualidad-del-foro\/capitan-diana-anton-mi-trabajo-en-la-armada-me-ha-permitido-estar-presente-en-casi-todos-los-continentes-del-mundo\/\" class=\"_self\" target=\"_self\" >Capit\u00e1n Diana Ant\u00f3n: \u201cMi trabajo en la Armada me ha permitido estar presente en casi todos los continentes del mundo\u201d<\/a><\/h4><div class=\"pt-cv-content\">La oficiales de la Armada Espa\u00f1ola: Natalia Ib\u00e1\u00f1ez, Clara Jim\u00e9nez y Diana Ant\u00f3n hicieron una exhaustiva exposici\u00f3n de los motivos &#8230;<\/div><div class=\"pt-cv-rmwrap\"><a href=\"https:\/\/www.comunicacionyescuela.es\/2021\/actualidad-del-foro\/capitan-diana-anton-mi-trabajo-en-la-armada-me-ha-permitido-estar-presente-en-casi-todos-los-continentes-del-mundo\/\" class=\"_self pt-cv-readmore btn btn-success\" target=\"_self\" >Leer M\u00e1s<\/a><\/div><\/div><\/div>\n<div class=\" pt-cv-content-item pt-cv-1-col\" ><div class=\"pt-cv-thumb-wrapper  \"><a href=\"https:\/\/www.comunicacionyescuela.es\/2021\/actualidad-del-foro\/conferencia-desde-la-escuela-naval-militar-de-marin\/\" class=\"_self pt-cv-href-thumbnail pt-cv-thumb-default\" target=\"_self\" ><img loading=\"lazy\" decoding=\"async\" width=\"388\" height=\"503\" src=\"https:\/\/www.comunicacionyescuela.es\/2021\/wp-content\/uploads\/2021\/05\/Captura-1.jpg\" class=\"pt-cv-thumbnail\" alt=\"\" \/><\/a><\/div>\n<div class=\"pt-cv-remain-wrapper\"><div class=\"pt-cv-taxoterm above_title\"><a href='https:\/\/www.comunicacionyescuela.es\/2021\/category\/actualidad-del-foro\/' title='Actualidad del Foro' class='pt-cv-tax-actualidad-del-foro'>Actualidad del Foro<\/a><\/div><h4 class=\"pt-cv-title\"><a href=\"https:\/\/www.comunicacionyescuela.es\/2021\/actualidad-del-foro\/conferencia-desde-la-escuela-naval-militar-de-marin\/\" class=\"_self\" target=\"_self\" >Conferencia desde la Escuela Naval Militar de Mar\u00edn<\/a><\/h4><div class=\"pt-cv-content\">El pr\u00f3ximo d\u00eda 4 de mayo a las 12 horas tendr\u00e1 lugar, dentro del proyecto \u201cMujer y sociedad en el &#8230;<\/div><div class=\"pt-cv-rmwrap\"><a href=\"https:\/\/www.comunicacionyescuela.es\/2021\/actualidad-del-foro\/conferencia-desde-la-escuela-naval-militar-de-marin\/\" class=\"_self pt-cv-readmore btn btn-success\" target=\"_self\" >Leer M\u00e1s<\/a><\/div><\/div><\/div>\n<div class=\" pt-cv-content-item pt-cv-1-col\" ><div class=\"pt-cv-thumb-wrapper  \"><a href=\"https:\/\/www.comunicacionyescuela.es\/2021\/actualidad-del-foro\/proxima-participacion-del-parlamento-de-asturias-en-el-xiii-foro\/\" class=\"_self pt-cv-href-thumbnail pt-cv-thumb-default\" target=\"_self\" ><img loading=\"lazy\" decoding=\"async\" width=\"656\" height=\"423\" src=\"https:\/\/www.comunicacionyescuela.es\/2021\/wp-content\/uploads\/2021\/05\/Captura.jpg\" class=\"pt-cv-thumbnail\" alt=\"\" \/><\/a><\/div>\n<div class=\"pt-cv-remain-wrapper\"><div class=\"pt-cv-taxoterm above_title\"><a href='https:\/\/www.comunicacionyescuela.es\/2021\/category\/actualidad-del-foro\/' title='Actualidad del Foro' class='pt-cv-tax-actualidad-del-foro'>Actualidad del Foro<\/a><\/div><h4 class=\"pt-cv-title\"><a href=\"https:\/\/www.comunicacionyescuela.es\/2021\/actualidad-del-foro\/proxima-participacion-del-parlamento-de-asturias-en-el-xiii-foro\/\" class=\"_self\" target=\"_self\" >Pr\u00f3xima participaci\u00f3n del Parlamento de Asturias en el XIII Foro<\/a><\/h4><div class=\"pt-cv-content\">El coordinador del Foro Comunicaci\u00f3n y Escuela, Luis Felipe Fern\u00e1ndez, se reuni\u00f3 en Oviedo con el Presidente de la Junta &#8230;<\/div><div class=\"pt-cv-rmwrap\"><a href=\"https:\/\/www.comunicacionyescuela.es\/2021\/actualidad-del-foro\/proxima-participacion-del-parlamento-de-asturias-en-el-xiii-foro\/\" class=\"_self pt-cv-readmore btn btn-success\" target=\"_self\" >Leer M\u00e1s<\/a><\/div><\/div><\/div>\n<div class=\" pt-cv-content-item pt-cv-1-col\" ><div class=\"pt-cv-thumb-wrapper  \"><a href=\"https:\/\/www.comunicacionyescuela.es\/2021\/actualidad-del-foro\/maite-carranza-candida-nacio-en-el-92-cuando-ni-vuestros-padres-se-conocian\/\" class=\"_self pt-cv-href-thumbnail pt-cv-thumb-default\" target=\"_self\" ><img loading=\"lazy\" decoding=\"async\" width=\"691\" height=\"508\" src=\"https:\/\/www.comunicacionyescuela.es\/2021\/wp-content\/uploads\/2021\/04\/Captura.png\" class=\"pt-cv-thumbnail\" alt=\"\" \/><\/a><\/div>\n<div class=\"pt-cv-remain-wrapper\"><div class=\"pt-cv-taxoterm above_title\"><a href='https:\/\/www.comunicacionyescuela.es\/2021\/category\/actualidad-del-foro\/' title='Actualidad del Foro' class='pt-cv-tax-actualidad-del-foro'>Actualidad del Foro<\/a><\/div><h4 class=\"pt-cv-title\"><a href=\"https:\/\/www.comunicacionyescuela.es\/2021\/actualidad-del-foro\/maite-carranza-candida-nacio-en-el-92-cuando-ni-vuestros-padres-se-conocian\/\" class=\"_self\" target=\"_self\" >Maite Carranza: \u201cC\u00e1ndida naci\u00f3 en el 92, cuando ni vuestros padres se conoc\u00edan\u201d<\/a><\/h4><div class=\"pt-cv-content\">Hemos compartido, en el marco del XIII Foro Comunicaci\u00f3n y Escuela, una clase con la escritora y guionista Maite Carranza, &#8230;<\/div><div class=\"pt-cv-rmwrap\"><a href=\"https:\/\/www.comunicacionyescuela.es\/2021\/actualidad-del-foro\/maite-carranza-candida-nacio-en-el-92-cuando-ni-vuestros-padres-se-conocian\/\" class=\"_self pt-cv-readmore btn btn-success\" target=\"_self\" >Leer M\u00e1s<\/a><\/div><\/div><\/div>\n<div class=\" pt-cv-content-item pt-cv-1-col\" ><div class=\"pt-cv-thumb-wrapper  \"><a href=\"https:\/\/www.comunicacionyescuela.es\/2021\/actualidad-del-foro\/acto-literario-con-la-escritora-maite-carranza\/\" class=\"_self pt-cv-href-thumbnail pt-cv-thumb-default\" target=\"_self\" ><img loading=\"lazy\" decoding=\"async\" width=\"566\" height=\"729\" src=\"https:\/\/www.comunicacionyescuela.es\/2021\/wp-content\/uploads\/2021\/04\/Captura-1.jpg\" class=\"pt-cv-thumbnail\" alt=\"\" \/><\/a><\/div>\n<div class=\"pt-cv-remain-wrapper\"><div class=\"pt-cv-taxoterm above_title\"><a href='https:\/\/www.comunicacionyescuela.es\/2021\/category\/actualidad-del-foro\/' title='Actualidad del Foro' class='pt-cv-tax-actualidad-del-foro'>Actualidad del Foro<\/a><\/div><h4 class=\"pt-cv-title\"><a href=\"https:\/\/www.comunicacionyescuela.es\/2021\/actualidad-del-foro\/acto-literario-con-la-escritora-maite-carranza\/\" class=\"_self\" target=\"_self\" >Acto literario con la escritora Maite Carranza<\/a><\/h4><div class=\"pt-cv-content\">La escritora catalana, Maite Carranza, Premio Nacional de Literatura Infantil y Juvenil y Premio Cervantes Chico, participar\u00e1 por primera vez &#8230;<\/div><div class=\"pt-cv-rmwrap\"><a href=\"https:\/\/www.comunicacionyescuela.es\/2021\/actualidad-del-foro\/acto-literario-con-la-escritora-maite-carranza\/\" class=\"_self pt-cv-readmore btn btn-success\" target=\"_self\" >Leer M\u00e1s<\/a><\/div><\/div><\/div>\n<div class=\" pt-cv-content-item pt-cv-1-col\" ><div class=\"pt-cv-thumb-wrapper  \"><a href=\"https:\/\/www.comunicacionyescuela.es\/2021\/actualidad-del-foro\/ana-alcolea-cuando-leemos-estamos-alimentando-el-pensamiento\/\" class=\"_self pt-cv-href-thumbnail pt-cv-thumb-default\" target=\"_self\" ><img loading=\"lazy\" decoding=\"async\" width=\"677\" height=\"514\" src=\"https:\/\/www.comunicacionyescuela.es\/2021\/wp-content\/uploads\/2021\/04\/Captura.jpg\" class=\"pt-cv-thumbnail\" alt=\"\" \/><\/a><\/div>\n<div class=\"pt-cv-remain-wrapper\"><div class=\"pt-cv-taxoterm above_title\"><a href='https:\/\/www.comunicacionyescuela.es\/2021\/category\/actualidad-del-foro\/' title='Actualidad del Foro' class='pt-cv-tax-actualidad-del-foro'>Actualidad del Foro<\/a><\/div><h4 class=\"pt-cv-title\"><a href=\"https:\/\/www.comunicacionyescuela.es\/2021\/actualidad-del-foro\/ana-alcolea-cuando-leemos-estamos-alimentando-el-pensamiento\/\" class=\"_self\" target=\"_self\" >Ana Alcolea: \u201cCuando leemos estamos alimentando el pensamiento\u201d<\/a><\/h4><div class=\"pt-cv-content\">Esta ma\u00f1ana, en el marco del XIII Foro Comunicaci\u00f3n y Escuela, hemos compartido una clase con la reconocida autora Ana &#8230;<\/div><div class=\"pt-cv-rmwrap\"><a href=\"https:\/\/www.comunicacionyescuela.es\/2021\/actualidad-del-foro\/ana-alcolea-cuando-leemos-estamos-alimentando-el-pensamiento\/\" class=\"_self pt-cv-readmore btn btn-success\" target=\"_self\" >Leer M\u00e1s<\/a><\/div><\/div><\/div>\n<div class=\" pt-cv-content-item pt-cv-1-col\" ><div class=\"pt-cv-thumb-wrapper  \"><a href=\"https:\/\/www.comunicacionyescuela.es\/2021\/actualidad-del-foro\/jornada-literaria-con-la-escritora-ana-alcolea\/\" class=\"_self pt-cv-href-thumbnail pt-cv-thumb-default\" target=\"_self\" ><img loading=\"lazy\" decoding=\"async\" width=\"756\" height=\"955\" src=\"https:\/\/www.comunicacionyescuela.es\/2021\/wp-content\/uploads\/2021\/04\/Ana-Alcolea.jpg\" class=\"pt-cv-thumbnail\" alt=\"\" \/><\/a><\/div>\n<div class=\"pt-cv-remain-wrapper\"><div class=\"pt-cv-taxoterm above_title\"><a href='https:\/\/www.comunicacionyescuela.es\/2021\/category\/actualidad-del-foro\/' title='Actualidad del Foro' class='pt-cv-tax-actualidad-del-foro'>Actualidad del Foro<\/a><\/div><h4 class=\"pt-cv-title\"><a href=\"https:\/\/www.comunicacionyescuela.es\/2021\/actualidad-del-foro\/jornada-literaria-con-la-escritora-ana-alcolea\/\" class=\"_self\" target=\"_self\" >Jornada literaria con la escritora Ana Alcolea<\/a><\/h4><div class=\"pt-cv-content\">Ana Alcolea, Premio Anaya de Literatura Infantil y Juvenil y Premio Cervantes Chico, participar\u00e1 en un encuentro con autor en &#8230;<\/div><div class=\"pt-cv-rmwrap\"><a href=\"https:\/\/www.comunicacionyescuela.es\/2021\/actualidad-del-foro\/jornada-literaria-con-la-escritora-ana-alcolea\/\" class=\"_self pt-cv-readmore btn btn-success\" target=\"_self\" >Leer M\u00e1s<\/a><\/div><\/div><\/div>\n<div class=\" pt-cv-content-item pt-cv-1-col\" ><div class=\"pt-cv-thumb-wrapper  \"><a href=\"https:\/\/www.comunicacionyescuela.es\/2021\/actualidad-del-foro\/rosa-menendez-la-investigacion-y-la-ciencia-son-claves-en-el-avance-de-la-sociedad\/\" class=\"_self pt-cv-href-thumbnail pt-cv-thumb-default\" target=\"_self\" ><img loading=\"lazy\" decoding=\"async\" width=\"768\" height=\"575\" src=\"https:\/\/www.comunicacionyescuela.es\/2021\/wp-content\/uploads\/2021\/04\/Foto-Rosa-Menendez-768x575.jpg\" class=\"pt-cv-thumbnail\" alt=\"\" \/><\/a><\/div>\n<div class=\"pt-cv-remain-wrapper\"><div class=\"pt-cv-taxoterm above_title\"><a href='https:\/\/www.comunicacionyescuela.es\/2021\/category\/actualidad-del-foro\/' title='Actualidad del Foro' class='pt-cv-tax-actualidad-del-foro'>Actualidad del Foro<\/a><\/div><h4 class=\"pt-cv-title\"><a href=\"https:\/\/www.comunicacionyescuela.es\/2021\/actualidad-del-foro\/rosa-menendez-la-investigacion-y-la-ciencia-son-claves-en-el-avance-de-la-sociedad\/\" class=\"_self\" target=\"_self\" >Rosa Men\u00e9ndez: \u201cLa investigaci\u00f3n y la ciencia son claves en el avance de la sociedad\u201d<\/a><\/h4><div class=\"pt-cv-content\">La presidenta del Centro Superior de Investigaciones Cient\u00edficas, Rosa Men\u00e9ndez, realiz\u00f3 una encendida defensa de la investigaci\u00f3n y la ciencia &#8230;<\/div><div class=\"pt-cv-rmwrap\"><a href=\"https:\/\/www.comunicacionyescuela.es\/2021\/actualidad-del-foro\/rosa-menendez-la-investigacion-y-la-ciencia-son-claves-en-el-avance-de-la-sociedad\/\" class=\"_self pt-cv-readmore btn btn-success\" target=\"_self\" >Leer M\u00e1s<\/a><\/div><\/div><\/div>\n<div class=\" pt-cv-content-item pt-cv-1-col\" ><div class=\"pt-cv-thumb-wrapper  \"><a href=\"https:\/\/www.comunicacionyescuela.es\/2021\/actualidad-del-foro\/nando-lopez-mi-literatura-es-muy-incomoda-de-temas-duros-que-exigen-una-reflexion-en-la-sociedad\/\" class=\"_self pt-cv-href-thumbnail pt-cv-thumb-default\" target=\"_self\" ><img loading=\"lazy\" decoding=\"async\" width=\"768\" height=\"512\" src=\"https:\/\/www.comunicacionyescuela.es\/2021\/wp-content\/uploads\/2021\/04\/noti1-1-768x512.jpg\" class=\"pt-cv-thumbnail\" alt=\"\" \/><\/a><\/div>\n<div class=\"pt-cv-remain-wrapper\"><div class=\"pt-cv-taxoterm above_title\"><a href='https:\/\/www.comunicacionyescuela.es\/2021\/category\/actualidad-del-foro\/' title='Actualidad del Foro' class='pt-cv-tax-actualidad-del-foro'>Actualidad del Foro<\/a><\/div><h4 class=\"pt-cv-title\"><a href=\"https:\/\/www.comunicacionyescuela.es\/2021\/actualidad-del-foro\/nando-lopez-mi-literatura-es-muy-incomoda-de-temas-duros-que-exigen-una-reflexion-en-la-sociedad\/\" class=\"_self\" target=\"_self\" >Nando L\u00f3pez: \u201cMi literatura es muy inc\u00f3moda, de temas duros que exigen una reflexi\u00f3n en la sociedad<\/a><\/h4><div class=\"pt-cv-content\">El escritor Nando L\u00f3pez destac\u00f3 durante el encuentro literario celebrado en este XIII Foro Comunicaci\u00f3n y Escuela con los alumnos &#8230;<\/div><div class=\"pt-cv-rmwrap\"><a href=\"https:\/\/www.comunicacionyescuela.es\/2021\/actualidad-del-foro\/nando-lopez-mi-literatura-es-muy-incomoda-de-temas-duros-que-exigen-una-reflexion-en-la-sociedad\/\" class=\"_self pt-cv-readmore btn btn-success\" target=\"_self\" >Leer M\u00e1s<\/a><\/div><\/div><\/div>\n<div class=\" pt-cv-content-item pt-cv-1-col\" ><div class=\"pt-cv-thumb-wrapper  \"><a href=\"https:\/\/www.comunicacionyescuela.es\/2021\/actualidad-del-foro\/conferencia-de-la-presidenta-del-csic-rosa-menendez\/\" class=\"_self pt-cv-href-thumbnail pt-cv-thumb-default\" target=\"_self\" ><img loading=\"lazy\" decoding=\"async\" width=\"768\" height=\"969\" src=\"https:\/\/www.comunicacionyescuela.es\/2021\/wp-content\/uploads\/2021\/04\/noti2-768x969.jpg\" class=\"pt-cv-thumbnail\" alt=\"\" \/><\/a><\/div>\n<div class=\"pt-cv-remain-wrapper\"><div class=\"pt-cv-taxoterm above_title\"><a href='https:\/\/www.comunicacionyescuela.es\/2021\/category\/actualidad-del-foro\/' title='Actualidad del Foro' class='pt-cv-tax-actualidad-del-foro'>Actualidad del Foro<\/a><\/div><h4 class=\"pt-cv-title\"><a href=\"https:\/\/www.comunicacionyescuela.es\/2021\/actualidad-del-foro\/conferencia-de-la-presidenta-del-csic-rosa-menendez\/\" class=\"_self\" target=\"_self\" >Conferencia de la Presidenta del CSIC, Rosa Men\u00e9ndez<\/a><\/h4><div class=\"pt-cv-content\">La Presidenta del Centro Superior de Investigaciones Cient\u00edficas (CSIC), Rosa Men\u00e9ndez, impartir\u00e1 la primera conferencia de este XIII Foro Comunicaci\u00f3n &#8230;<\/div><div class=\"pt-cv-rmwrap\"><a href=\"https:\/\/www.comunicacionyescuela.es\/2021\/actualidad-del-foro\/conferencia-de-la-presidenta-del-csic-rosa-menendez\/\" class=\"_self pt-cv-readmore btn btn-success\" target=\"_self\" >Leer M\u00e1s<\/a><\/div><\/div><\/div>\n<div class=\" pt-cv-content-item pt-cv-1-col\" ><div class=\"pt-cv-thumb-wrapper  \"><a href=\"https:\/\/www.comunicacionyescuela.es\/2021\/actualidad-del-foro\/ana-alonso-este-libro-que-habeis-leido-demuestra-que-la-literatura-y-la-ciencia-se-complementan\/\" class=\"_self pt-cv-href-thumbnail pt-cv-thumb-default\" target=\"_self\" ><img loading=\"lazy\" decoding=\"async\" width=\"768\" height=\"512\" src=\"https:\/\/www.comunicacionyescuela.es\/2021\/wp-content\/uploads\/2021\/04\/noti1-768x512.jpg\" class=\"pt-cv-thumbnail\" alt=\"\" \/><\/a><\/div>\n<div class=\"pt-cv-remain-wrapper\"><div class=\"pt-cv-taxoterm above_title\"><a href='https:\/\/www.comunicacionyescuela.es\/2021\/category\/actualidad-del-foro\/' title='Actualidad del Foro' class='pt-cv-tax-actualidad-del-foro'>Actualidad del Foro<\/a><\/div><h4 class=\"pt-cv-title\"><a href=\"https:\/\/www.comunicacionyescuela.es\/2021\/actualidad-del-foro\/ana-alonso-este-libro-que-habeis-leido-demuestra-que-la-literatura-y-la-ciencia-se-complementan\/\" class=\"_self\" target=\"_self\" >Ana Alonso: \u201cEste libro que hab\u00e9is le\u00eddo demuestra que la literatura y la ciencia se complementan\u201d<\/a><\/h4><div class=\"pt-cv-content\">La escritora Ana Alonso y la cient\u00edfica Carmen Mart\u00ednez dejaron manifiestamente claro en la jornada literaria en la que participaron &#8230;<\/div><div class=\"pt-cv-rmwrap\"><a href=\"https:\/\/www.comunicacionyescuela.es\/2021\/actualidad-del-foro\/ana-alonso-este-libro-que-habeis-leido-demuestra-que-la-literatura-y-la-ciencia-se-complementan\/\" class=\"_self pt-cv-readmore btn btn-success\" target=\"_self\" >Leer M\u00e1s<\/a><\/div><\/div><\/div>\n<div class=\" pt-cv-content-item pt-cv-1-col\" ><div class=\"pt-cv-thumb-wrapper  \"><a href=\"https:\/\/www.comunicacionyescuela.es\/2021\/actualidad-del-foro\/el-escritor-nando-lopez-participa-de-nuevo-en-el-foro\/\" class=\"_self pt-cv-href-thumbnail pt-cv-thumb-default\" target=\"_self\" ><img loading=\"lazy\" decoding=\"async\" width=\"768\" height=\"1086\" src=\"https:\/\/www.comunicacionyescuela.es\/2021\/wp-content\/uploads\/2021\/04\/Cartel-Nando-Lopez-768x1086.jpg\" class=\"pt-cv-thumbnail\" alt=\"\" \/><\/a><\/div>\n<div class=\"pt-cv-remain-wrapper\"><div class=\"pt-cv-taxoterm above_title\"><a href='https:\/\/www.comunicacionyescuela.es\/2021\/category\/actualidad-del-foro\/' title='Actualidad del Foro' class='pt-cv-tax-actualidad-del-foro'>Actualidad del Foro<\/a><\/div><h4 class=\"pt-cv-title\"><a href=\"https:\/\/www.comunicacionyescuela.es\/2021\/actualidad-del-foro\/el-escritor-nando-lopez-participa-de-nuevo-en-el-foro\/\" class=\"_self\" target=\"_self\" >El escritor Nando L\u00f3pez participa de nuevo en el Foro<\/a><\/h4><div class=\"pt-cv-content\">El prestigioso escritor Nando L\u00f3pez mantendr\u00e1 un encuentro con autor a trav\u00e9s de v\u00eddeo conferencia con los alumnos de 4\u00ba &#8230;<\/div><div class=\"pt-cv-rmwrap\"><a href=\"https:\/\/www.comunicacionyescuela.es\/2021\/actualidad-del-foro\/el-escritor-nando-lopez-participa-de-nuevo-en-el-foro\/\" class=\"_self pt-cv-readmore btn btn-success\" target=\"_self\" >Leer M\u00e1s<\/a><\/div><\/div><\/div>\n<div class=\" pt-cv-content-item pt-cv-1-col\" ><div class=\"pt-cv-thumb-wrapper  \"><a href=\"https:\/\/www.comunicacionyescuela.es\/2021\/actualidad-del-foro\/jornada-literaria-con-la-escritora-ana-alonso-y-la-investigadora-carmen-martinez-rodriguez\/\" class=\"_self pt-cv-href-thumbnail pt-cv-thumb-default\" target=\"_self\" ><img loading=\"lazy\" decoding=\"async\" width=\"768\" height=\"1086\" src=\"https:\/\/www.comunicacionyescuela.es\/2021\/wp-content\/uploads\/2021\/04\/Cartel-Ana-Alonso-768x1086.jpg\" class=\"pt-cv-thumbnail\" alt=\"\" \/><\/a><\/div>\n<div class=\"pt-cv-remain-wrapper\"><div class=\"pt-cv-taxoterm above_title\"><a href='https:\/\/www.comunicacionyescuela.es\/2021\/category\/actualidad-del-foro\/' title='Actualidad del Foro' class='pt-cv-tax-actualidad-del-foro'>Actualidad del Foro<\/a><\/div><h4 class=\"pt-cv-title\"><a href=\"https:\/\/www.comunicacionyescuela.es\/2021\/actualidad-del-foro\/jornada-literaria-con-la-escritora-ana-alonso-y-la-investigadora-carmen-martinez-rodriguez\/\" class=\"_self\" target=\"_self\" >Jornada literaria con la escritora Ana Alonso y la investigadora Carmen Mart\u00ednez Rodr\u00edguez<\/a><\/h4><div class=\"pt-cv-content\">La escritora Ana Alonso y la investigadora Carmen Rodr\u00edguez participar\u00e1n en una doble jornada literaria con los alumnos del Colegio &#8230;<\/div><div class=\"pt-cv-rmwrap\"><a href=\"https:\/\/www.comunicacionyescuela.es\/2021\/actualidad-del-foro\/jornada-literaria-con-la-escritora-ana-alonso-y-la-investigadora-carmen-martinez-rodriguez\/\" class=\"_self pt-cv-readmore btn btn-success\" target=\"_self\" >Leer M\u00e1s<\/a><\/div><\/div><\/div>\n<div class=\" pt-cv-content-item pt-cv-1-col\" ><div class=\"pt-cv-thumb-wrapper  \"><a href=\"https:\/\/www.comunicacionyescuela.es\/2021\/actualidad-del-foro\/borja-sanchez-la-ciencia-contribuye-decididamente-la-mejora-de-las-condiciones-de-vida-de-los-seres-humanos\/\" class=\"_self pt-cv-href-thumbnail pt-cv-thumb-default\" target=\"_self\" ><img loading=\"lazy\" decoding=\"async\" width=\"768\" height=\"576\" src=\"https:\/\/www.comunicacionyescuela.es\/2021\/wp-content\/uploads\/2021\/04\/Foto-Consejero-768x576.jpg\" class=\"pt-cv-thumbnail\" alt=\"\" \/><\/a><\/div>\n<div class=\"pt-cv-remain-wrapper\"><div class=\"pt-cv-taxoterm above_title\"><a href='https:\/\/www.comunicacionyescuela.es\/2021\/category\/actualidad-del-foro\/' title='Actualidad del Foro' class='pt-cv-tax-actualidad-del-foro'>Actualidad del Foro<\/a><\/div><h4 class=\"pt-cv-title\"><a href=\"https:\/\/www.comunicacionyescuela.es\/2021\/actualidad-del-foro\/borja-sanchez-la-ciencia-contribuye-decididamente-la-mejora-de-las-condiciones-de-vida-de-los-seres-humanos\/\" class=\"_self\" target=\"_self\" >Borja S\u00e1nchez: \u201cLa ciencia contribuye decididamente la mejora de las condiciones de vida de los seres humanos\u201d<\/a><\/h4><div class=\"pt-cv-content\">El Consejero de Innovaci\u00f3n, Ciencia y Universidad del Gobierno de Asturias, Borja S\u00e1nchez ha inaugurado hoy el XIII Foro Comunicaci\u00f3n &#8230;<\/div><div class=\"pt-cv-rmwrap\"><a href=\"https:\/\/www.comunicacionyescuela.es\/2021\/actualidad-del-foro\/borja-sanchez-la-ciencia-contribuye-decididamente-la-mejora-de-las-condiciones-de-vida-de-los-seres-humanos\/\" class=\"_self pt-cv-readmore btn btn-success\" target=\"_self\" >Leer M\u00e1s<\/a><\/div><\/div><\/div>\n<div class=\" pt-cv-content-item pt-cv-1-col\" ><div class=\"pt-cv-thumb-wrapper  \"><a href=\"https:\/\/www.comunicacionyescuela.es\/2021\/actualidad-del-foro\/jornada-inaugural-del-foro\/\" class=\"_self pt-cv-href-thumbnail pt-cv-thumb-default\" target=\"_self\" ><img loading=\"lazy\" decoding=\"async\" width=\"366\" height=\"514\" src=\"https:\/\/www.comunicacionyescuela.es\/2021\/wp-content\/uploads\/2021\/04\/noti-2.jpg\" class=\"pt-cv-thumbnail\" alt=\"\" \/><\/a><\/div>\n<div class=\"pt-cv-remain-wrapper\"><div class=\"pt-cv-taxoterm above_title\"><a href='https:\/\/www.comunicacionyescuela.es\/2021\/category\/actualidad-del-foro\/' title='Actualidad del Foro' class='pt-cv-tax-actualidad-del-foro'>Actualidad del Foro<\/a><\/div><h4 class=\"pt-cv-title\"><a href=\"https:\/\/www.comunicacionyescuela.es\/2021\/actualidad-del-foro\/jornada-inaugural-del-foro\/\" class=\"_self\" target=\"_self\" >Jornada inaugural del Foro<\/a><\/h4><div class=\"pt-cv-content\">El consejero de Ciencia, Innovaci\u00f3n y Universidad del Gobierno de Asturias, Borja S\u00e1nchez Garc\u00eda, impartir\u00e1 la conferencia inaugural de este &#8230;<\/div><div class=\"pt-cv-rmwrap\"><a href=\"https:\/\/www.comunicacionyescuela.es\/2021\/actualidad-del-foro\/jornada-inaugural-del-foro\/\" class=\"_self pt-cv-readmore btn btn-success\" target=\"_self\" >Leer M\u00e1s<\/a><\/div><\/div><\/div>\n<div class=\" pt-cv-content-item pt-cv-1-col\" ><div class=\"pt-cv-thumb-wrapper  \"><a href=\"https:\/\/www.comunicacionyescuela.es\/2021\/actualidad-del-foro\/presentacion-xiii-foro-2\/\" class=\"_self pt-cv-href-thumbnail pt-cv-thumb-default\" target=\"_self\" ><img loading=\"lazy\" decoding=\"async\" width=\"389\" height=\"520\" src=\"https:\/\/www.comunicacionyescuela.es\/2021\/wp-content\/uploads\/2021\/04\/noti-1.jpg\" class=\"pt-cv-thumbnail\" alt=\"\" \/><\/a><\/div>\n<div class=\"pt-cv-remain-wrapper\"><div class=\"pt-cv-taxoterm above_title\"><a href='https:\/\/www.comunicacionyescuela.es\/2021\/category\/actualidad-del-foro\/' title='Actualidad del Foro' class='pt-cv-tax-actualidad-del-foro'>Actualidad del Foro<\/a><\/div><h4 class=\"pt-cv-title\"><a href=\"https:\/\/www.comunicacionyescuela.es\/2021\/actualidad-del-foro\/presentacion-xiii-foro-2\/\" class=\"_self\" target=\"_self\" >Presentaci\u00f3n XIII Foro<\/a><\/h4><div class=\"pt-cv-content\">Se ha presentado el XIII Foro Comunicaci\u00f3n y Escuela, edici\u00f3n online, en un acto retransmitido en directo por internet desde &#8230;<\/div><div class=\"pt-cv-rmwrap\"><a href=\"https:\/\/www.comunicacionyescuela.es\/2021\/actualidad-del-foro\/presentacion-xiii-foro-2\/\" class=\"_self pt-cv-readmore btn btn-success\" target=\"_self\" >Leer M\u00e1s<\/a><\/div><\/div><\/div><\/div><\/div> <\/div> <style>\n\n#pt-cv-view-0qe0y4lk .pt-cv-meta-fields {  }#pt-cv-view-0qe0y4lk .pt-cv-meta-fields * { font-size: 13px; }#pt-cv-view-0qe0y4lk .pt-cv-thumb-wrapper:not(.miniwrap) {  }#pt-cv-view-0qe0y4lk .pt-cv-thumbnail:not(.pt-cv-thumbnailsm) { height: 346%; }#pt-cv-view-0qe0y4lk .pt-cv-title a { display: block; }#pt-cv-view-0qe0y4lk .pt-cv-title:not(.pt-cv-titlesm) a { font-weight: 600;text-decoration: none;font-size: 20px; }#pt-cv-view-0qe0y4lk .pt-cv-titlesm a { font-weight: 600;font-size: 18px; }#pt-cv-view-0qe0y4lk .pt-cv-content { font-size: 15px; }#pt-cv-view-0qe0y4lk .pt-cv-rmwrap {  }#pt-cv-view-0qe0y4lk .pt-cv-readmore { color: #fff;background-color: #0075ff;font-size: 14px; }#pt-cv-view-0qe0y4lk .pt-cv-taxoterm {  }#pt-cv-view-0qe0y4lk .pt-cv-taxoterm * { color: #222;background-color: #fff6f6;font-size: 14px; }#pt-cv-view-0qe0y4lk + .pt-cv-pagination-wrapper {  }#pt-cv-view-0qe0y4lk + .pt-cv-pagination-wrapper a { font-size: 14px; }#pt-cv-view-0qe0y4lk > .pt-cv-page {grid-template-columns: repeat(3, 1fr);grid-gap: 20px;}\n@media all and (max-width: 1024px) { \n#pt-cv-view-0qe0y4lk > .pt-cv-page {}\n} \n@media all and (max-width: 767px) { \n#pt-cv-view-0qe0y4lk > .pt-cv-page {grid-template-columns: repeat(1, 1fr);}\n} <\/style>\n\n\n<p><\/p>\n","protected":false},"excerpt":{"rendered":"","protected":false},"author":1,"featured_media":0,"parent":0,"menu_order":0,"comment_status":"closed","ping_status":"closed","template":"","meta":{"ngg_post_thumbnail":0,"footnotes":""},"_links":{"self":[{"href":"https:\/\/www.comunicacionyescuela.es\/2021\/wp-json\/wp\/v2\/pages\/25"}],"collection":[{"href":"https:\/\/www.comunicacionyescuela.es\/2021\/wp-json\/wp\/v2\/pages"}],"about":[{"href":"https:\/\/www.comunicacionyescuela.es\/2021\/wp-json\/wp\/v2\/types\/page"}],"author":[{"embeddable":true,"href":"https:\/\/www.comunicacionyescuela.es\/2021\/wp-json\/wp\/v2\/users\/1"}],"replies":[{"embeddable":true,"href":"https:\/\/www.comunicacionyescuela.es\/2021\/wp-json\/wp\/v2\/comments?post=25"}],"version-history":[{"count":5,"href":"https:\/\/www.comunicacionyescuela.es\/2021\/wp-json\/wp\/v2\/pages\/25\/revisions"}],"predecessor-version":[{"id":3034,"href":"https:\/\/www.comunicacionyescuela.es\/2021\/wp-json\/wp\/v2\/pages\/25\/revisions\/3034"}],"wp:attachment":[{"href":"https:\/\/www.comunicacionyescuela.es\/2021\/wp-json\/wp\/v2\/media?parent=25"}],"curies":[{"name":"wp","href":"https:\/\/api.w.org\/{rel}","templated":true}]}}